{"id":282389,"date":"2024-07-31T09:01:40","date_gmt":"2024-07-31T07:01:40","guid":{"rendered":"https:\/\/dhcp205002.cbm.uam.es\/?page_id=282389"},"modified":"2026-02-19T09:50:45","modified_gmt":"2026-02-19T08:50:45","slug":"metabolism-and-b-cell-function","status":"publish","type":"page","link":"https:\/\/www.cbm.uam.es\/index.php\/programas-cientificos\/homeostasis-de-tejidos-y-organos\/arquitectura-celular-y-organogenesis\/metabolism-and-b-cell-function\/?lang=es","title":{"rendered":"Metabolismo y funci\u00f3n de las c\u00e9lulas B"},"content":{"rendered":"<p>[et_pb_section fb_built=&#8221;1&#8243; _builder_version=&#8221;4.27.5&#8243; _module_preset=&#8221;default&#8221; background_color=&#8221;#34609B&#8221; background_image=&#8221;https:\/\/www.cbm.uam.es\/wp-content\/uploads\/2024\/07\/iStock-1477214805small-scaled.jpg&#8221; background_position=&#8221;bottom_center&#8221; background_vertical_offset=&#8221;32%&#8221; min_height=&#8221;352px&#8221; height=&#8221;294px&#8221; hover_enabled=&#8221;0&#8243; da_disable_devices=&#8221;off|off|off&#8221; global_colors_info=&#8221;{}&#8221; sticky_enabled=&#8221;0&#8243; da_is_popup=&#8221;off&#8221; da_exit_intent=&#8221;off&#8221; da_has_close=&#8221;on&#8221; da_alt_close=&#8221;off&#8221; da_dark_close=&#8221;off&#8221; da_not_modal=&#8221;on&#8221; da_is_singular=&#8221;off&#8221; da_with_loader=&#8221;off&#8221; da_has_shadow=&#8221;on&#8221;][et_pb_row column_structure=&#8221;2_5,3_5&#8243; use_custom_gutter=&#8221;on&#8221; gutter_width=&#8221;4&#8243; _builder_version=&#8221;4.23.4&#8243; _module_preset=&#8221;default&#8221; background_color=&#8221;RGBA(255,255,255,0)&#8221; custom_margin=&#8221;61px||||false|false&#8221; custom_padding=&#8221;||0px|||&#8221; global_colors_info=&#8221;{}&#8221;][et_pb_column type=&#8221;2_5&#8243; _builder_version=&#8221;4.23.4&#8243; _module_preset=&#8221;default&#8221; background_color=&#8221;rgba(52,96,155,0.83)&#8221; custom_padding=&#8221;50px||50px|50px|false|false&#8221; border_radii=&#8221;on|15px|15px|15px|15px&#8221; global_colors_info=&#8221;{}&#8221;][et_pb_text _builder_version=&#8221;4.25.0&#8243; _module_preset=&#8221;default&#8221; text_text_color=&#8221;#FFFFFF&#8221; custom_margin=&#8221;0px||10px||false|false&#8221; custom_padding=&#8221;0px||0px||false|false&#8221; global_colors_info=&#8221;{}&#8221;]<\/p>\n<p>Programa Cient\u00edfico<\/p>\n<p>[\/et_pb_text][et_pb_heading title=&#8221;Homeostasis de tejidos y \u00f3rganos&#8221; _builder_version=&#8221;4.25.0&#8243; _module_preset=&#8221;default&#8221; title_font=&#8221;Montserrat||||||||&#8221; title_text_color=&#8221;#FFFFFF&#8221; title_font_size=&#8221;43px&#8221; global_colors_info=&#8221;{}&#8221;][\/et_pb_heading][\/et_pb_column][et_pb_column type=&#8221;3_5&#8243; _builder_version=&#8221;4.23.4&#8243; _module_preset=&#8221;default&#8221; custom_padding=&#8221;157px||||false|false&#8221; global_colors_info=&#8221;{}&#8221;][et_pb_text _builder_version=&#8221;4.25.0&#8243; _module_preset=&#8221;default&#8221; global_colors_info=&#8221;{}&#8221; theme_builder_area=&#8221;post_content&#8221;]<\/p>\n<h4 style=\"text-align: center;\"><span style=\"color: #13b5bd;\">UNIDADES EN ESTE PROGRAMA<br \/>\n<\/span><\/h4>\n<hr>\n<h6 style=\"text-align: center;\"><span style=\"color: #abb8c3;\"><br \/>\n <a href=\"\/index.php\/scientific-programs\/interactions-with-the-environment\/microbes-in-health-and-welfare\/\">Microorganismos en la salud y el bienestar<\/a><\/span> <span style=\"color: #13b5bd;\"><a href=\"\/index.php\/scientific-programs\/interactions-with-the-environment\/immune-system-development-and-function\/\">Desarrollo y funci\u00f3n del sistema inmunitario <\/a><\/span><\/h6>\n<p>[\/et_pb_text][\/et_pb_column][\/et_pb_row][\/et_pb_section][et_pb_section fb_built=&#8221;1&#8243; _builder_version=&#8221;4.23.4&#8243; _module_preset=&#8221;default&#8221; background_enable_image=&#8221;off&#8221; background_size=&#8221;custom&#8221; background_image_height=&#8221;84%&#8221; background_position=&#8221;bottom_right&#8221; custom_margin=&#8221;||0px||false|false&#8221; custom_padding=&#8221;||0px||false|false&#8221; da_disable_devices=&#8221;off|off|off&#8221; global_colors_info=&#8221;{}&#8221; da_is_popup=&#8221;off&#8221; da_exit_intent=&#8221;off&#8221; da_has_close=&#8221;on&#8221; da_alt_close=&#8221;off&#8221; da_dark_close=&#8221;off&#8221; da_not_modal=&#8221;on&#8221; da_is_singular=&#8221;off&#8221; da_with_loader=&#8221;off&#8221; da_has_shadow=&#8221;on&#8221;][et_pb_row _builder_version=&#8221;4.23.4&#8243; _module_preset=&#8221;default&#8221; custom_margin=&#8221;||0px||false|false&#8221; custom_padding=&#8221;||0px||false|false&#8221; global_colors_info=&#8221;{}&#8221;][et_pb_column type=&#8221;4_4&#8243; _builder_version=&#8221;4.23.4&#8243; _module_preset=&#8221;default&#8221; global_colors_info=&#8221;{}&#8221;][et_pb_heading title=&#8221;GRUPO DE INVESTIGACI\u00d3N&#8221; _builder_version=&#8221;4.25.0&#8243; _module_preset=&#8221;default&#8221; title_level=&#8221;h5&#8243; title_text_color=&#8221;#13B5BD&#8221; custom_margin=&#8221;50px||0px||false|false&#8221; global_colors_info=&#8221;{}&#8221;][\/et_pb_heading][et_pb_blurb title=&#8221;Metabolismo y funci\u00f3n de las c\u00e9lulas B&#8221; use_icon=&#8221;on&#8221; font_icon=&#8221;&#xe046;||divi||400&#8243; icon_color=&#8221;#13B5BD&#8221; icon_placement=&#8221;left&#8221; image_icon_width=&#8221;26px&#8221; content_max_width=&#8221;1100px&#8221; content_max_width_tablet=&#8221;1100px&#8221; content_max_width_last_edited=&#8221;off|desktop&#8221; _builder_version=&#8221;4.25.0&#8243; header_level=&#8221;h1&#8243; header_font=&#8221;Montserrat||||||||&#8221; header_text_color=&#8221;#000000&#8243; header_font_size=&#8221;29px&#8221; header_line_height=&#8221;1.4em&#8221; body_font=&#8221;||||||||&#8221; body_font_size=&#8221;15px&#8221; body_line_height=&#8221;1.8em&#8221; image_icon_custom_margin=&#8221;6px||||false|false&#8221; background_layout=&#8221;dark&#8221; custom_margin=&#8221;|||&#8221; custom_padding=&#8221;||14px||false|false&#8221; animation_style=&#8221;slide&#8221; animation_direction=&#8221;right&#8221; animation_intensity_slide=&#8221;10%&#8221; animation=&#8221;off&#8221; image_max_width=&#8221;64px&#8221; global_colors_info=&#8221;{}&#8221;][\/et_pb_blurb][\/et_pb_column][\/et_pb_row][\/et_pb_section][et_pb_section fb_built=&#8221;1&#8243; _builder_version=&#8221;4.23.4&#8243; _module_preset=&#8221;default&#8221; background_color=&#8221;rgba(175,218,249,0.18)&#8221; custom_padding=&#8221;0px||0px||false|false&#8221; da_disable_devices=&#8221;off|off|off&#8221; global_colors_info=&#8221;{}&#8221; da_is_popup=&#8221;off&#8221; da_exit_intent=&#8221;off&#8221; da_has_close=&#8221;on&#8221; da_alt_close=&#8221;off&#8221; da_dark_close=&#8221;off&#8221; da_not_modal=&#8221;on&#8221; da_is_singular=&#8221;off&#8221; da_with_loader=&#8221;off&#8221; da_has_shadow=&#8221;on&#8221;][et_pb_row column_structure=&#8221;1_4,3_4&#8243; _builder_version=&#8221;4.23.4&#8243; _module_preset=&#8221;default&#8221; global_colors_info=&#8221;{}&#8221;][et_pb_column type=&#8221;1_4&#8243; _builder_version=&#8221;4.23.4&#8243; _module_preset=&#8221;default&#8221; global_colors_info=&#8221;{}&#8221;][et_pb_image src=&#8221;\/imgs\/622.jpg&#8221; title_text=&#8221;logoRecurso 7&#8243; align=&#8221;right&#8221; module_class=&#8221;roundedImg&#8221; _builder_version=&#8221;4.27.0&#8243; _module_preset=&#8221;default&#8221; global_colors_info=&#8221;{}&#8221;][\/et_pb_image][\/et_pb_column][et_pb_column type=&#8221;3_4&#8243; _builder_version=&#8221;4.23.4&#8243; _module_preset=&#8221;default&#8221; global_colors_info=&#8221;{}&#8221;][et_pb_heading title=&#8221;Nuria Mart\u00ednez Mart\u00edn&#8221; _builder_version=&#8221;4.25.0&#8243; _module_preset=&#8221;default&#8221; title_level=&#8221;h3&#8243; title_text_align=&#8221;left&#8221; title_text_color=&#8221;#008C93&#8243; global_colors_info=&#8221;{}&#8221;][\/et_pb_heading][et_pb_text _builder_version=&#8221;4.25.0&#8243; _module_preset=&#8221;default&#8221; custom_margin=&#8221;-27px||||false|false&#8221; link_option_url_new_window=&#8221;on&#8221; global_colors_info=&#8221;{}&#8221;]<\/p>\n<p style=\"text-align: left;\"><a href=\"https:\/\/twitter.com\/nmartinezlab\" target=\"blank\" rel=\"noopener\"><img decoding=\"async\" src=\"\/wp-content\/uploads\/2024\/01\/ico_twitter.png\" width=\"24\" height=\"25\" style=\"margin-top: -2px; margin-left: -2px;\" alt=\"\" class=\"wp-image-277817 alignleft size-full\"><\/a><br \/>\n<a href=\"https:\/\/orcid.org\/0000-0003-2309-8920\" target=\"blank\" rel=\"noopener\">ORCID<\/a><\/p>\n<p>[\/et_pb_text][\/et_pb_column][\/et_pb_row][\/et_pb_section][et_pb_section fb_built=&#8221;1&#8243; _builder_version=&#8221;4.23.4&#8243; _module_preset=&#8221;default&#8221; background_color=&#8221;#13B5BD&#8221; custom_margin=&#8221;0px||0px||false|false&#8221; custom_padding=&#8221;0px||0px||false|false&#8221; da_disable_devices=&#8221;off|off|off&#8221; global_colors_info=&#8221;{}&#8221; da_is_popup=&#8221;off&#8221; da_exit_intent=&#8221;off&#8221; da_has_close=&#8221;on&#8221; da_alt_close=&#8221;off&#8221; da_dark_close=&#8221;off&#8221; da_not_modal=&#8221;on&#8221; da_is_singular=&#8221;off&#8221; da_with_loader=&#8221;off&#8221; da_has_shadow=&#8221;on&#8221;][et_pb_row column_structure=&#8221;1_3,1_3,1_3&#8243; _builder_version=&#8221;4.23.4&#8243; _module_preset=&#8221;default&#8221; global_colors_info=&#8221;{}&#8221;][et_pb_column type=&#8221;1_3&#8243; _builder_version=&#8221;4.23.4&#8243; _module_preset=&#8221;default&#8221; global_colors_info=&#8221;{}&#8221;][et_pb_button button_url=&#8221;#investiga&#8221; button_text=&#8221;Investigaci\u00f3n&#8221; button_alignment=&#8221;center&#8221; _builder_version=&#8221;4.25.0&#8243; _module_preset=&#8221;default&#8221; custom_button=&#8221;on&#8221; button_bg_color=&#8221;#34609B&#8221; animation_style=&#8221;zoom&#8221; global_colors_info=&#8221;{}&#8221;][\/et_pb_button][\/et_pb_column][et_pb_column type=&#8221;1_3&#8243; _builder_version=&#8221;4.23.4&#8243; _module_preset=&#8221;default&#8221; global_colors_info=&#8221;{}&#8221;][et_pb_button button_url=&#8221;#personal&#8221; button_text=&#8221;Miembros del grupo&#8221; button_alignment=&#8221;center&#8221; _builder_version=&#8221;4.25.0&#8243; _module_preset=&#8221;default&#8221; custom_button=&#8221;on&#8221; button_bg_color=&#8221;#34609B&#8221; custom_padding=&#8221;|44px||44px|false|true&#8221; animation_style=&#8221;zoom&#8221; global_colors_info=&#8221;{}&#8221;][\/et_pb_button][\/et_pb_column][et_pb_column type=&#8221;1_3&#8243; _builder_version=&#8221;4.23.4&#8243; _module_preset=&#8221;default&#8221; global_colors_info=&#8221;{}&#8221;][et_pb_button button_url=&#8221;&lt;!&#8211;&#091;CDATA&#091;#publica&#093;&#093;&#8211;&gt;&#8221; button_text=&#8221;Publicaciones&#8221; button_alignment=&#8221;center&#8221; _builder_version=&#8221;4.25.0&#8243; _module_preset=&#8221;default&#8221; custom_button=&#8221;on&#8221; button_bg_color=&#8221;#34609B&#8221; animation_style=&#8221;zoom&#8221; global_colors_info=&#8221;{}&#8221;][\/et_pb_button][\/et_pb_column][\/et_pb_row][\/et_pb_section][et_pb_section fb_built=&#8221;1&#8243; _builder_version=&#8221;4.23.4&#8243; _module_preset=&#8221;default&#8221; background_enable_image=&#8221;off&#8221; background_size=&#8221;custom&#8221; background_image_height=&#8221;84%&#8221; background_position=&#8221;bottom_right&#8221; custom_margin=&#8221;0px||0px||false|false&#8221; custom_padding=&#8221;0px||15px||false|false&#8221; da_disable_devices=&#8221;off|off|off&#8221; global_colors_info=&#8221;{}&#8221; da_is_popup=&#8221;off&#8221; da_exit_intent=&#8221;off&#8221; da_has_close=&#8221;on&#8221; da_alt_close=&#8221;off&#8221; da_dark_close=&#8221;off&#8221; da_not_modal=&#8221;on&#8221; da_is_singular=&#8221;off&#8221; da_with_loader=&#8221;off&#8221; da_has_shadow=&#8221;on&#8221;][et_pb_row column_structure=&#8221;1_2,1_2&#8243; use_custom_gutter=&#8221;on&#8221; gutter_width=&#8221;2&#8243; _builder_version=&#8221;4.23.4&#8243; _module_preset=&#8221;default&#8221; custom_margin=&#8221;20px||||false|false&#8221; custom_padding=&#8221;||||false|false&#8221; global_colors_info=&#8221;{}&#8221;][et_pb_column type=&#8221;1_2&#8243; _builder_version=&#8221;4.23.4&#8243; _module_preset=&#8221;default&#8221; global_colors_info=&#8221;{}&#8221;][et_pb_text admin_label=&#8221;resumen&#8221; module_id=&#8221;resumen&#8221; module_class=&#8221;resumen&#8221; _builder_version=&#8221;4.25.0&#8243; _module_preset=&#8221;default&#8221; text_font_size=&#8221;15px&#8221; text_line_height=&#8221;1.8em&#8221; background_color=&#8221;#f1f8fe&#8221; custom_padding=&#8221;20px|20px|20px|20px|true|false&#8221; border_width_top=&#8221;1px&#8221; border_color_top=&#8221;#008C93&#8243; border_width_bottom=&#8221;1px&#8221; border_color_bottom=&#8221;#008C93&#8243; global_colors_info=&#8221;{}&#8221;]<\/p>\n<p style=\"text-align: justify;\">Durante la respuesta inmune, los linfocitos B reconocen ant\u00edgenos y se activan, diferenci\u00e1ndose en c\u00e9lulas plasm\u00e1ticas y de memoria. Investigamos el papel del metabolismo de c\u00e9lulas B en este proceso y c\u00f3mo su desequilibrio se relaciona con un espectro de enfermedades inmunol\u00f3gicas. <\/p>\n<p>[\/et_pb_text][\/et_pb_column][et_pb_column type=&#8221;1_2&#8243; _builder_version=&#8221;4.23.4&#8243; _module_preset=&#8221;default&#8221; custom_padding=&#8221;||||false|false&#8221; global_colors_info=&#8221;{}&#8221;][et_pb_image src=&#8221;https:\/\/www.cbm.uam.es\/wp-content\/uploads\/2024\/06\/B_T-communication-Nuria-Martinez-Martin.png&#8221; title_text=&#8221; &#8221; _builder_version=&#8221;4.25.0&#8243; _module_preset=&#8221;default&#8221; animation_style=&#8221;zoom&#8221; global_colors_info=&#8221;{}&#8221;][\/et_pb_image][\/et_pb_column][\/et_pb_row][et_pb_row column_structure=&#8221;3_5,2_5&#8243; _builder_version=&#8221;4.23.4&#8243; _module_preset=&#8221;default&#8221; custom_margin=&#8221;||||false|false&#8221; custom_padding=&#8221;0px||||false|false&#8221; global_colors_info=&#8221;{}&#8221;][et_pb_column type=&#8221;3_5&#8243; _builder_version=&#8221;4.23.4&#8243; _module_preset=&#8221;default&#8221; global_colors_info=&#8221;{}&#8221;][et_pb_heading title=&#8221;Investigaci\u00f3n&#8221; module_id=&#8221;investiga&#8221; _builder_version=&#8221;4.25.0&#8243; _module_preset=&#8221;default&#8221; custom_margin=&#8221;0px|||0px|false|false&#8221; custom_padding=&#8221;3px|||8px|false|false&#8221; border_width_left=&#8221;6px&#8221; border_color_left=&#8221;#34609B&#8221; global_colors_info=&#8221;{}&#8221;][\/et_pb_heading][et_pb_text _builder_version=&#8221;4.25.0&#8243; _module_preset=&#8221;default&#8221; global_colors_info=&#8221;{}&#8221;]<\/p>\n<p style=\"text-align: justify;\">En nuestro organismo, una infecci\u00f3n desencadena una respuesta inmune controlada. Esta respuesta se basa en la activaci\u00f3n de diferentes c\u00e9lulas inmunes, entre ellas, los linfocitos B. La activaci\u00f3n de los linfocitos B es crucial, ya que da lugar a la aparici\u00f3n de c\u00e9lulas productoras de anticuerpos espec\u00edficos de alta afinidad (c\u00e9lulas plasm\u00e1ticas, PC) y c\u00e9lulas B de memoria (MBC). Las c\u00e9lulas B activadas proliferan masivamente durante la respuesta inmune, dando lugar a una estructura macrosc\u00f3pica en los fol\u00edculos de \u00f3rganos linfoides secundarios conocida como Centro Germinal (GC). En los GCS las c\u00e9lulas B interaccionan con diferentes c\u00e9lulas inmunes de una manera coordinada, lo que modula su diferenciaci\u00f3n hacia PC y MBC.   <\/p>\n<p>[\/et_pb_text][\/et_pb_column][et_pb_column type=&#8221;2_5&#8243; _builder_version=&#8221;4.23.4&#8243; _module_preset=&#8221;default&#8221; global_colors_info=&#8221;{}&#8221;][et_pb_image src=&#8221;https:\/\/www.cbm.uam.es\/wp-content\/uploads\/2024\/10\/2024-05-14-Grupo-Nuria-Martinez-07Sel-1000px.jpg&#8221; title_text=&#8221;2024-05-14 Grupo Nuria Mart\u00ednez 07Sel-1000px&#8221; _builder_version=&#8221;4.27.2&#8243; _module_preset=&#8221;default&#8221; custom_margin=&#8221;60px||||false|false&#8221; custom_padding=&#8221;|||27px||&#8221; animation_style=&#8221;zoom&#8221; border_width_all=&#8221;3px&#8221; border_color_all=&#8221;#13B5BD&#8221; box_shadow_style=&#8221;preset3&#8243; global_colors_info=&#8221;{}&#8221;][\/et_pb_image][\/et_pb_column][\/et_pb_row][et_pb_row _builder_version=&#8221;4.23.4&#8243; _module_preset=&#8221;default&#8221; custom_padding=&#8221;0px||||false|false&#8221; global_colors_info=&#8221;{}&#8221;][et_pb_column type=&#8221;4_4&#8243; _builder_version=&#8221;4.23.4&#8243; _module_preset=&#8221;default&#8221; global_colors_info=&#8221;{}&#8221;][et_pb_text _builder_version=&#8221;4.25.0&#8243; _module_preset=&#8221;default&#8221; global_colors_info=&#8221;{}&#8221;]<\/p>\n<p style=\"text-align: justify;\">En la \u00faltima d\u00e9cada, la atenci\u00f3n de los inmun\u00f3logos se ha centrado en descifrar los mecanismos moleculares que controlan la iniciaci\u00f3n del GC, con el objetivo de entender los diferentes pasos de la respuesta inmune y mejorar as\u00ed las estrategias de vacunaci\u00f3n. En este sentido, cada vez es m\u00e1s evidente que la iniciaci\u00f3n del GC conlleva cambios metab\u00f3licos en las c\u00e9lulas inmunes. Por lo tanto, la caracterizaci\u00f3n del perfil metab\u00f3lico de cada tipo celular y la comprensi\u00f3n de c\u00f3mo el metabolismo instruye la activaci\u00f3n, proliferaci\u00f3n y diferenciaci\u00f3n de las c\u00e9lulas B de manera intr\u00ednseca en el GC se ha convertido en un campo de estudio esencial. Sin embargo, el GC es una espada de doble filo: mientras problemas en la iniciaci\u00f3n del GC puede dar lugar a inmunodeficiencias, la sobre activaci\u00f3n del GC puede provocar linfomas o enfermedades autoinmunes. Por lo tanto, adem\u00e1s de la iniciaci\u00f3n del GC, los procesos que conducen a la desactivaci\u00f3n de la reacci\u00f3n de GC y la terminaci\u00f3n de la expansi\u00f3n celular tambi\u00e9n son de gran inter\u00e9s cient\u00edfico y cl\u00ednico. Sin embargo, los mecanismos para la terminaci\u00f3n del GC (GC shutdown) se han ignorado hasta ahora, consider\u00e1ndolos solo como un proceso pasivo.     <\/p>\n<p style=\"text-align: justify;\">Nuestro laboratorio ha generado resultados innovadores que muestran que el apagado del GC parece estar mediado por un cambio concreto del perfil metab\u00f3lico de las c\u00e9lulas B en el GC. Adem\u00e1s, nuestros datos sugieren que la actividad metab\u00f3lica de los linfocitos B no solo afecta a las c\u00e9lulas B en s\u00ed mismas, sino que instruye al perfil metab\u00f3lico y diferenciaci\u00f3n de los linfocitos T vecinos. Nuestra hip\u00f3tesis es que la proliferaci\u00f3n masiva en el GC debe conducir a cambios en la disponibilidad de sustratos en el microambiente del GC. Estos cambios deben desencadenar una remodelaci\u00f3n metab\u00f3lica concreta en las c\u00e9lulas B, estableciendo lo que hemos denominado un &#8220;perfil metab\u00f3lico de apagado&#8221;. Este perfil metab\u00f3lico conducir\u00eda a la producci\u00f3n de mol\u00e9culas de se\u00f1alizaci\u00f3n concretas, que determinar\u00edan de forma intr\u00ednseca, la funci\u00f3n de las c\u00e9lulas B y enviar\u00edan se\u00f1ales a las c\u00e9lulas inmunes vecinas, modulando, en conjunto, el apagado del GC.    <\/p>\n<p style=\"text-align: justify;\">Actualmente tenemos como principal objetivo caracterizar cu\u00e1l es el \u00a8perfil metab\u00f3lico de apagado\u00a8, c\u00f3mo se desencadena e identificar las entidades moleculares que lo median. La informaci\u00f3n obtenida se utilizar\u00e1 para evaluar su potencial como diana terap\u00e9utica en linfomas de c\u00e9lulas B, leucemias, enfermedades autoinmunes y para mejorar, en el futuro, estrategias de vacunaci\u00f3n. <\/p>\n<p>[\/et_pb_text][\/et_pb_column][\/et_pb_row][\/et_pb_section][et_pb_section fb_built=&#8221;1&#8243; _builder_version=&#8221;4.23.4&#8243; _module_preset=&#8221;default&#8221; background_color=&#8221;rgba(0,0,0,0.04)&#8221; da_disable_devices=&#8221;off|off|off&#8221; global_colors_info=&#8221;{}&#8221; da_is_popup=&#8221;off&#8221; da_exit_intent=&#8221;off&#8221; da_has_close=&#8221;on&#8221; da_alt_close=&#8221;off&#8221; da_dark_close=&#8221;off&#8221; da_not_modal=&#8221;on&#8221; da_is_singular=&#8221;off&#8221; da_with_loader=&#8221;off&#8221; da_has_shadow=&#8221;on&#8221;][et_pb_row _builder_version=&#8221;4.23.4&#8243; _module_preset=&#8221;default&#8221; global_colors_info=&#8221;{}&#8221;][et_pb_column type=&#8221;4_4&#8243; _builder_version=&#8221;4.23.4&#8243; _module_preset=&#8221;default&#8221; global_colors_info=&#8221;{}&#8221;][et_pb_heading title=&#8221;Miembros del grupo&#8221; module_id=&#8221;personal&#8221; _builder_version=&#8221;4.25.0&#8243; _module_preset=&#8221;default&#8221; custom_margin=&#8221;0px|||0px|false|false&#8221; custom_padding=&#8221;3px|||8px|false|false&#8221; border_width_left=&#8221;6px&#8221; border_color_left=&#8221;#34609B&#8221; global_colors_info=&#8221;{}&#8221;][\/et_pb_heading][\/et_pb_column][\/et_pb_row][et_pb_row _builder_version=&#8221;4.25.0&#8243; _module_preset=&#8221;default&#8221; max_width=&#8221;2560px&#8221; global_colors_info=&#8221;{}&#8221;][et_pb_column type=&#8221;4_4&#8243; _builder_version=&#8221;4.25.0&#8243; _module_preset=&#8221;default&#8221; global_colors_info=&#8221;{}&#8221;][et_pb_code _builder_version=&#8221;4.25.2&#8243; _module_preset=&#8221;default&#8221; global_colors_info=&#8221;{}&#8221;][et_pb_row _builder_version=\"4.25.0\" _module_preset=\"default\" column_structure=\"1_4,1_4,1_4,1_4\" hover_enabled=\"0\" sticky_enabled=\"0\"][et_pb_column _builder_version=\"4.25.0\" _module_preset=\"default\" type=\"1_4\"][et_pb_blurb title=\"Nuria Mart\u00ednez Mart\u00edn\" image=\"\/imgs\/622.jpg\" _builder_version=\"4.25.0\" _module_preset=\"default\" header_text_align=\"center\" body_text_align=\"center\" global_colors_info=\"{}\" theme_builder_area=\"post_content\" module_class=\"roundedImg\"]<p>Lab.: 120 Ext.: 4517 <br \/>nmartinez(at)cbm.csic.es<\/p>[\/et_pb_blurb][\/et_pb_column][et_pb_column _builder_version=\"4.25.0\" _module_preset=\"default\" type=\"1_4\"][et_pb_blurb title=\"Elena Giulia Rodr\u00edguez Bovolenta\" image=\"\/imgs\/1611.jpg\" _builder_version=\"4.25.0\" _module_preset=\"default\" header_text_align=\"center\" body_text_align=\"center\" global_colors_info=\"{}\" theme_builder_area=\"post_content\" module_class=\"roundedImg\"]<p>Lab.: 120 Ext.: 4721<br \/>erbovolenta(at)cbm.csic.es<\/p>[\/et_pb_blurb][\/et_pb_column][et_pb_column _builder_version=\"4.25.0\" _module_preset=\"default\" type=\"1_4\"][et_pb_blurb title=\"Mar\u00eda Velasco de la Esperanza\" image=\"\/imgs\/5182.jpg\" _builder_version=\"4.25.0\" _module_preset=\"default\" header_text_align=\"center\" body_text_align=\"center\" global_colors_info=\"{}\" theme_builder_area=\"post_content\" module_class=\"roundedImg\"]<p>Lab.: 120 Ext.: 4721<br \/>mvelasco(at)cbm.csic.es<\/p>[\/et_pb_blurb][\/et_pb_column][et_pb_column _builder_version=\"4.25.0\" _module_preset=\"default\" type=\"1_4\"][et_pb_blurb title=\"Bel\u00e9n Seco Estrada\" image=\"\/imgs\/5240.jpg\" _builder_version=\"4.25.0\" _module_preset=\"default\" header_text_align=\"center\" body_text_align=\"center\" global_colors_info=\"{}\" theme_builder_area=\"post_content\" module_class=\"roundedImg\"]<p>Lab.: 120 Ext.: 4721<br \/>belen.seco(at)cbm.csic.es<\/p>[\/et_pb_blurb][\/et_pb_column][\/et_pb_row][et_pb_row _builder_version=\"4.25.0\" _module_preset=\"default\" column_structure=\"1_4,1_4,1_4,1_4\" hover_enabled=\"0\" sticky_enabled=\"0\"][et_pb_column _builder_version=\"4.25.0\" _module_preset=\"default\" type=\"1_4\"][et_pb_blurb title=\"Jonathan Ruiz Garc\u00eda\" image=\"\/imgs\/5350.jpg\" _builder_version=\"4.25.0\" _module_preset=\"default\" header_text_align=\"center\" body_text_align=\"center\" global_colors_info=\"{}\" theme_builder_area=\"post_content\" module_class=\"roundedImg\"]<p>Lab.: 120 Ext.: 4517<br \/>jruiz(at)cbm.csic.es<\/p>[\/et_pb_blurb][\/et_pb_column][et_pb_column _builder_version=\"4.25.0\" _module_preset=\"default\" type=\"1_4\"][et_pb_blurb title=\"Virgilia Oliv\u00e9 Rodr\u00edguez\" image=\"\/imgs\/5915.jpg\" _builder_version=\"4.25.0\" _module_preset=\"default\" header_text_align=\"center\" body_text_align=\"center\" global_colors_info=\"{}\" theme_builder_area=\"post_content\" module_class=\"roundedImg\"]<p>Lab.: 120 Ext.: 4517<br \/>volive(at)cbm.csic.es<\/p>[\/et_pb_blurb][\/et_pb_column][et_pb_column _builder_version=\"4.25.0\" _module_preset=\"default\" type=\"1_4\"][et_pb_blurb title=\"Ana Mar\u00eda Prieto Mu\u00f1oz\" image=\"\/imgs\/6017.jpg\" _builder_version=\"4.25.0\" _module_preset=\"default\" header_text_align=\"center\" body_text_align=\"center\" global_colors_info=\"{}\" theme_builder_area=\"post_content\" module_class=\"roundedImg\"]<p>Lab.: 120 Ext.: 4721<br \/>ana.prieto(at)cbm.csic.es<\/p>[\/et_pb_blurb][\/et_pb_column][et_pb_column _builder_version=\"4.25.0\" _module_preset=\"default\" type=\"1_4\"][et_pb_blurb title=\"Alex S\u00e1nchez Iglesias\" image=\"\/imgs\/6388.jpg\" _builder_version=\"4.25.0\" _module_preset=\"default\" header_text_align=\"center\" body_text_align=\"center\" global_colors_info=\"{}\" theme_builder_area=\"post_content\" module_class=\"roundedImg\"]<p>Lab.: 120 Ext.: 4517<br \/>alex.sanchez(at)cbm.csic.es<\/p>[\/et_pb_blurb][\/et_pb_column][\/et_pb_row][\/et_pb_code][\/et_pb_column][\/et_pb_row][\/et_pb_section][et_pb_section fb_built=&#8221;1&#8243; _builder_version=&#8221;4.23.4&#8243; _module_preset=&#8221;default&#8221; background_color=&#8221;RGBA(255,255,255,0)&#8221; da_disable_devices=&#8221;off|off|off&#8221; global_colors_info=&#8221;{}&#8221; da_is_popup=&#8221;off&#8221; da_exit_intent=&#8221;off&#8221; da_has_close=&#8221;on&#8221; da_alt_close=&#8221;off&#8221; da_dark_close=&#8221;off&#8221; da_not_modal=&#8221;on&#8221; da_is_singular=&#8221;off&#8221; da_with_loader=&#8221;off&#8221; da_has_shadow=&#8221;on&#8221;][et_pb_row _builder_version=&#8221;4.23.4&#8243; _module_preset=&#8221;default&#8221; global_colors_info=&#8221;{}&#8221;][et_pb_column type=&#8221;4_4&#8243; _builder_version=&#8221;4.23.4&#8243; _module_preset=&#8221;default&#8221; global_colors_info=&#8221;{}&#8221;][et_pb_heading title=&#8221;Publicaciones representativas&#8221; module_id=&#8221;personal&#8221; _builder_version=&#8221;4.25.0&#8243; _module_preset=&#8221;default&#8221; custom_margin=&#8221;0px|||0px|false|false&#8221; custom_padding=&#8221;3px|||8px|false|false&#8221; border_width_left=&#8221;6px&#8221; border_color_left=&#8221;#34609B&#8221; global_colors_info=&#8221;{}&#8221;][\/et_pb_heading][\/et_pb_column][\/et_pb_row][et_pb_row column_structure=&#8221;1_4,1_4,1_4,1_4&#8243; _builder_version=&#8221;4.23.4&#8243; _module_preset=&#8221;default&#8221; animation_style=&#8221;zoom&#8221; global_colors_info=&#8221;{}&#8221;][et_pb_column type=&#8221;1_4&#8243; _builder_version=&#8221;4.23.4&#8243; _module_preset=&#8221;default&#8221; global_colors_info=&#8221;{}&#8221;][et_pb_image src=&#8221;data:image\/svg+xml;base64,PHN2ZyB3aWR0aD0iMTA4MCIgaGVpZ2h0PSI1NDAiIHZpZXdCb3g9IjAgMCAxMDgwIDU0MCIgeG1sbnM9Imh0dHA6Ly93d3cudzMub3JnLzIwMDAvc3ZnIj4KICAgIDxnIGZpbGw9Im5vbmUiIGZpbGwtcnVsZT0iZXZlbm9kZCI+CiAgICAgICAgPHBhdGggZmlsbD0iI0VCRUJFQiIgZD0iTTAgMGgxMDgwdjU0MEgweiIvPgogICAgICAgIDxwYXRoIGQ9Ik00NDUuNjQ5IDU0MGgtOTguOTk1TDE0NC42NDkgMzM3Ljk5NSAwIDQ4Mi42NDR2LTk4Ljk5NWwxMTYuMzY1LTExNi4zNjVjMTUuNjItMTUuNjIgNDAuOTQ3LTE1LjYyIDU2LjU2OCAwTDQ0NS42NSA1NDB6IiBmaWxsLW9wYWNpdHk9Ii4xIiBmaWxsPSIjMDAwIiBmaWxsLXJ1bGU9Im5vbnplcm8iLz4KICAgICAgICA8Y2lyY2xlIGZpbGwtb3BhY2l0eT0iLjA1IiBmaWxsPSIjMDAwIiBjeD0iMzMxIiBjeT0iMTQ4IiByPSI3MCIvPgogICAgICAgIDxwYXRoIGQ9Ik0xMDgwIDM3OXYxMTMuMTM3TDcyOC4xNjIgMTQwLjMgMzI4LjQ2MiA1NDBIMjE1LjMyNEw2OTkuODc4IDU1LjQ0NmMxNS42Mi0xNS42MiA0MC45NDgtMTUuNjIgNTYuNTY4IDBMMTA4MCAzNzl6IiBmaWxsLW9wYWNpdHk9Ii4yIiBmaWxsPSIjMDAwIiBmaWxsLXJ1bGU9Im5vbnplcm8iLz4KICAgIDwvZz4KPC9zdmc+Cg==&#8221; title_text=&#8221;Captura de Pantalla 2024-05-28 a las 1.22.50&#8243; url_new_window=&#8221;on&#8221; _builder_version=&#8221;4.25.0&#8243; _module_preset=&#8221;default&#8221; global_colors_info=&#8221;{}&#8221;][\/et_pb_image][\/et_pb_column][et_pb_column type=&#8221;1_4&#8243; _builder_version=&#8221;4.25.0&#8243; _module_preset=&#8221;default&#8221; global_colors_info=&#8221;{}&#8221;][et_pb_text _builder_version=&#8221;4.25.0&#8243; _module_preset=&#8221;default&#8221; link_option_url=&#8221;https:\/\/www.ncbi.nlm.nih.gov\/pmc\/articles\/PMC6123646\/&#8221; link_option_url_new_window=&#8221;on&#8221; global_colors_info=&#8221;{}&#8221;]<\/p>\n<h3>Antigen phagocytosis by B cells is required for a potent humoral response<\/h3>\n<p>Ana Mart\u00ednez\u2010Ria\u00f1o et al.<\/p>\n<p>[\/et_pb_text][\/et_pb_column][et_pb_column type=&#8221;1_4&#8243; _builder_version=&#8221;4.23.4&#8243; _module_preset=&#8221;default&#8221; global_colors_info=&#8221;{}&#8221;][et_pb_image src=&#8221;https:\/\/www.cbm.uam.es\/wp-content\/uploads\/2024\/06\/IMAGEN-2-Nuria-Martinez-Martin.jpeg&#8221; title_text=&#8221; &#8221; url_new_window=&#8221;on&#8221; _builder_version=&#8221;4.25.0&#8243; _module_preset=&#8221;default&#8221; global_colors_info=&#8221;{}&#8221;][\/et_pb_image][\/et_pb_column][et_pb_column type=&#8221;1_4&#8243; _builder_version=&#8221;4.25.0&#8243; _module_preset=&#8221;default&#8221; global_colors_info=&#8221;{}&#8221;][et_pb_text _builder_version=&#8221;4.25.0&#8243; _module_preset=&#8221;default&#8221; link_option_url=&#8221;https:\/\/pubmed.ncbi.nlm.nih.gov\/29884460&#8243; link_option_url_new_window=&#8221;on&#8221; global_colors_info=&#8221;{}&#8221;]<\/p>\n<h3>Protein Kinase C-\u03b2 Dictates B Cell Fate by Regulating Mitochondrial Remodeling, Metabolic Reprogramming, and Heme Biosynthesis<\/h3>\n<p>Carlson Tsui et al.<\/p>\n<p>[\/et_pb_text][\/et_pb_column][\/et_pb_row][et_pb_row column_structure=&#8221;1_4,1_4,1_4,1_4&#8243; _builder_version=&#8221;4.23.4&#8243; _module_preset=&#8221;default&#8221; animation_style=&#8221;zoom&#8221; global_colors_info=&#8221;{}&#8221;][et_pb_column type=&#8221;1_4&#8243; _builder_version=&#8221;4.23.4&#8243; _module_preset=&#8221;default&#8221; global_colors_info=&#8221;{}&#8221;][et_pb_image src=&#8221;data:image\/svg+xml;base64,PHN2ZyB3aWR0aD0iMTA4MCIgaGVpZ2h0PSI1NDAiIHZpZXdCb3g9IjAgMCAxMDgwIDU0MCIgeG1sbnM9Imh0dHA6Ly93d3cudzMub3JnLzIwMDAvc3ZnIj4KICAgIDxnIGZpbGw9Im5vbmUiIGZpbGwtcnVsZT0iZXZlbm9kZCI+CiAgICAgICAgPHBhdGggZmlsbD0iI0VCRUJFQiIgZD0iTTAgMGgxMDgwdjU0MEgweiIvPgogICAgICAgIDxwYXRoIGQ9Ik00NDUuNjQ5IDU0MGgtOTguOTk1TDE0NC42NDkgMzM3Ljk5NSAwIDQ4Mi42NDR2LTk4Ljk5NWwxMTYuMzY1LTExNi4zNjVjMTUuNjItMTUuNjIgNDAuOTQ3LTE1LjYyIDU2LjU2OCAwTDQ0NS42NSA1NDB6IiBmaWxsLW9wYWNpdHk9Ii4xIiBmaWxsPSIjMDAwIiBmaWxsLXJ1bGU9Im5vbnplcm8iLz4KICAgICAgICA8Y2lyY2xlIGZpbGwtb3BhY2l0eT0iLjA1IiBmaWxsPSIjMDAwIiBjeD0iMzMxIiBjeT0iMTQ4IiByPSI3MCIvPgogICAgICAgIDxwYXRoIGQ9Ik0xMDgwIDM3OXYxMTMuMTM3TDcyOC4xNjIgMTQwLjMgMzI4LjQ2MiA1NDBIMjE1LjMyNEw2OTkuODc4IDU1LjQ0NmMxNS42Mi0xNS42MiA0MC45NDgtMTUuNjIgNTYuNTY4IDBMMTA4MCAzNzl6IiBmaWxsLW9wYWNpdHk9Ii4yIiBmaWxsPSIjMDAwIiBmaWxsLXJ1bGU9Im5vbnplcm8iLz4KICAgIDwvZz4KPC9zdmc+Cg==&#8221; url_new_window=&#8221;on&#8221; _builder_version=&#8221;4.25.0&#8243; _module_preset=&#8221;default&#8221; global_colors_info=&#8221;{}&#8221;][\/et_pb_image][\/et_pb_column][et_pb_column type=&#8221;1_4&#8243; _builder_version=&#8221;4.25.0&#8243; _module_preset=&#8221;default&#8221; global_colors_info=&#8221;{}&#8221;][et_pb_text _builder_version=&#8221;4.25.0&#8243; _module_preset=&#8221;default&#8221; link_option_url=&#8221;https:\/\/pubmed.ncbi.nlm.nih.gov\/29844052\/&#8221; link_option_url_new_window=&#8221;on&#8221; global_colors_info=&#8221;{}&#8221;]<\/p>\n<h3>R-Ras2 is required for germinal center formation to aid B cells during energetically demanding processes<\/h3>\n<p>Pilar Mendoza et al.<\/p>\n<p>[\/et_pb_text][\/et_pb_column][et_pb_column type=&#8221;1_4&#8243; _builder_version=&#8221;4.23.4&#8243; _module_preset=&#8221;default&#8221; global_colors_info=&#8221;{}&#8221;][et_pb_image src=&#8221;data:image\/svg+xml;base64,PHN2ZyB3aWR0aD0iMTA4MCIgaGVpZ2h0PSI1NDAiIHZpZXdCb3g9IjAgMCAxMDgwIDU0MCIgeG1sbnM9Imh0dHA6Ly93d3cudzMub3JnLzIwMDAvc3ZnIj4KICAgIDxnIGZpbGw9Im5vbmUiIGZpbGwtcnVsZT0iZXZlbm9kZCI+CiAgICAgICAgPHBhdGggZmlsbD0iI0VCRUJFQiIgZD0iTTAgMGgxMDgwdjU0MEgweiIvPgogICAgICAgIDxwYXRoIGQ9Ik00NDUuNjQ5IDU0MGgtOTguOTk1TDE0NC42NDkgMzM3Ljk5NSAwIDQ4Mi42NDR2LTk4Ljk5NWwxMTYuMzY1LTExNi4zNjVjMTUuNjItMTUuNjIgNDAuOTQ3LTE1LjYyIDU2LjU2OCAwTDQ0NS42NSA1NDB6IiBmaWxsLW9wYWNpdHk9Ii4xIiBmaWxsPSIjMDAwIiBmaWxsLXJ1bGU9Im5vbnplcm8iLz4KICAgICAgICA8Y2lyY2xlIGZpbGwtb3BhY2l0eT0iLjA1IiBmaWxsPSIjMDAwIiBjeD0iMzMxIiBjeT0iMTQ4IiByPSI3MCIvPgogICAgICAgIDxwYXRoIGQ9Ik0xMDgwIDM3OXYxMTMuMTM3TDcyOC4xNjIgMTQwLjMgMzI4LjQ2MiA1NDBIMjE1LjMyNEw2OTkuODc4IDU1LjQ0NmMxNS42Mi0xNS42MiA0MC45NDgtMTUuNjIgNTYuNTY4IDBMMTA4MCAzNzl6IiBmaWxsLW9wYWNpdHk9Ii4yIiBmaWxsPSIjMDAwIiBmaWxsLXJ1bGU9Im5vbnplcm8iLz4KICAgIDwvZz4KPC9zdmc+Cg==&#8221; url_new_window=&#8221;on&#8221; _builder_version=&#8221;4.25.0&#8243; _module_preset=&#8221;default&#8221; global_colors_info=&#8221;{}&#8221;][\/et_pb_image][\/et_pb_column][et_pb_column type=&#8221;1_4&#8243; _builder_version=&#8221;4.25.0&#8243; _module_preset=&#8221;default&#8221; global_colors_info=&#8221;{}&#8221;][et_pb_text _builder_version=&#8221;4.25.0&#8243; _module_preset=&#8221;default&#8221; link_option_url=&#8221;https:\/\/pubmed.ncbi.nlm.nih.gov\/28183981\/&#8221; link_option_url_new_window=&#8221;on&#8221; global_colors_info=&#8221;{}&#8221;]<\/p>\n<h3>A switch from canonical to noncanonical autophagy shapes B cell responses<\/h3>\n<p>Nuria Martinez-Martin et al.<\/p>\n<p>[\/et_pb_text][\/et_pb_column][\/et_pb_row][\/et_pb_section][et_pb_section fb_built=&#8221;1&#8243; _builder_version=&#8221;4.23.4&#8243; _module_preset=&#8221;default&#8221; background_color=&#8221;rgba(0,0,0,0.04)&#8221; da_disable_devices=&#8221;off|off|off&#8221; global_colors_info=&#8221;{}&#8221; da_is_popup=&#8221;off&#8221; da_exit_intent=&#8221;off&#8221; da_has_close=&#8221;on&#8221; da_alt_close=&#8221;off&#8221; da_dark_close=&#8221;off&#8221; da_not_modal=&#8221;on&#8221; da_is_singular=&#8221;off&#8221; da_with_loader=&#8221;off&#8221; da_has_shadow=&#8221;on&#8221;][et_pb_row _builder_version=&#8221;4.23.4&#8243; _module_preset=&#8221;default&#8221; global_colors_info=&#8221;{}&#8221;][et_pb_column type=&#8221;4_4&#8243; _builder_version=&#8221;4.23.4&#8243; _module_preset=&#8221;default&#8221; global_colors_info=&#8221;{}&#8221;][et_pb_heading title=&#8221;\u00daltimas publicaciones&#8221; module_id=&#8221;publica&#8221; _builder_version=&#8221;4.25.0&#8243; _module_preset=&#8221;default&#8221; custom_margin=&#8221;0px|||0px|false|false&#8221; custom_padding=&#8221;3px|||8px|false|false&#8221; border_width_left=&#8221;6px&#8221; border_color_left=&#8221;#34609B&#8221; global_colors_info=&#8221;{}&#8221;][\/et_pb_heading][\/et_pb_column][\/et_pb_row][et_pb_row _builder_version=&#8221;4.25.0&#8243; _module_preset=&#8221;default&#8221; global_colors_info=&#8221;{}&#8221;][et_pb_column type=&#8221;4_4&#8243; _builder_version=&#8221;4.25.0&#8243; _module_preset=&#8221;default&#8221; global_colors_info=&#8221;{}&#8221;][et_pb_code _builder_version=&#8221;4.25.2&#8243; _module_preset=&#8221;default&#8221; global_colors_info=&#8221;{}&#8221;]<\/p>\n<div data-type=\"items\" data-id=\"1\" data-query=\"e3NvbG9QdWJsaWNhY2lvbmVzQ3NpYzpmYWxzZSx0aXBvbG9naWFzTm9ybWFsaXphZGFzOnRydWUsdGlwb2xvZ2lhc0FydGljdWxvOnRydWUsdGlwb2xvZ2lhc0FydGljdWxvRGVSZXZpc2lvbjp0cnVlLHRpcG9sb2dpYXNDYXBpdHVsb0RlTGlicm86dHJ1ZSx0aXBvbG9naWFzQ2FydGE6dHJ1ZSx0aXBvbG9naWFzTGlicm86dHJ1ZSxvY3VsdGFyRHVwbGljYWRvczp0cnVlLGZ1ZW50ZUZpbHRybzowLGNyaXRlcmlvc0F1dG9yQWZpbDpbImF1dG9yKDE5NDgwNCkiXX0g\" data-fields=\"year;titulo_doi;enlaces_aa;ndoctype;source_norm;cites;authors;publisher\" data-author-max-length=\"500\">Cargando publicaciones&#8230;<\/div>\n<p><!-- [et_pb_line_break_holder] --><script type=\"text\/javascript\" src=\"https:\/\/gesbib.urici.csic.es\/badge\/csi.min.js\"><\/script> [\/et_pb_code][\/et_pb_column][\/et_pb_row][\/et_pb_section][et_pb_section fb_built=&#8221;1&#8243; _builder_version=&#8221;4.23.4&#8243; _module_preset=&#8221;default&#8221; background_color=&#8221;#34609B&#8221; da_disable_devices=&#8221;off|off|off&#8221; global_colors_info=&#8221;{}&#8221; da_is_popup=&#8221;off&#8221; da_exit_intent=&#8221;off&#8221; da_has_close=&#8221;on&#8221; da_alt_close=&#8221;off&#8221; da_dark_close=&#8221;off&#8221; da_not_modal=&#8221;on&#8221; da_is_singular=&#8221;off&#8221; da_with_loader=&#8221;off&#8221; da_has_shadow=&#8221;on&#8221;][et_pb_row _builder_version=&#8221;4.23.4&#8243; _module_preset=&#8221;default&#8221; global_colors_info=&#8221;{}&#8221;][et_pb_column type=&#8221;4_4&#8243; _builder_version=&#8221;4.23.4&#8243; _module_preset=&#8221;default&#8221; global_colors_info=&#8221;{}&#8221;][et_pb_heading title=&#8221;Programas cient\u00edficos&#8221; _builder_version=&#8221;4.25.0&#8243; _module_preset=&#8221;default&#8221; title_text_color=&#8221;#FFFFFF&#8221; title_font_size=&#8221;26px&#8221; global_colors_info=&#8221;{}&#8221;][\/et_pb_heading][\/et_pb_column][\/et_pb_row][et_pb_row column_structure=&#8221;1_4,1_4,1_4,1_4&#8243; use_custom_gutter=&#8221;on&#8221; gutter_width=&#8221;2&#8243; _builder_version=&#8221;4.25.0&#8243; _module_preset=&#8221;default&#8221; custom_margin=&#8221;||||false|false&#8221; custom_padding=&#8221;0px|0px|0px|0px|false|true&#8221; global_colors_info=&#8221;{}&#8221;][et_pb_column type=&#8221;1_4&#8243; _builder_version=&#8221;4.23.4&#8243; _module_preset=&#8221;default&#8221; global_colors_info=&#8221;{}&#8221;][et_pb_image src=&#8221;https:\/\/www.cbm.uam.es\/wp-content\/uploads\/2024\/05\/areas_proyects1_sf.png&#8221; title_text=&#8221; &#8221; url=&#8221;https:\/\/www.cbm.uam.es\/index.php\/programas-cientificos\/dinamica-y-funcion-del-genoma\/?lang=es&#8221; _builder_version=&#8221;4.25.2&#8243; _module_preset=&#8221;default&#8221; animation_style=&#8221;zoom&#8221; global_colors_info=&#8221;{}&#8221;][\/et_pb_image][\/et_pb_column][et_pb_column type=&#8221;1_4&#8243; _builder_version=&#8221;4.23.4&#8243; _module_preset=&#8221;default&#8221; global_colors_info=&#8221;{}&#8221;][et_pb_image src=&#8221;https:\/\/www.cbm.uam.es\/wp-content\/uploads\/2024\/05\/areas_proyects2_sf.png&#8221; title_text=&#8221; &#8221; url=&#8221;https:\/\/www.cbm.uam.es\/index.php\/programas-cientificos\/homeostasis-de-tejidos-y-organos\/?lang=es&#8221; _builder_version=&#8221;4.25.2&#8243; _module_preset=&#8221;default&#8221; animation_style=&#8221;zoom&#8221; global_colors_info=&#8221;{}&#8221;][\/et_pb_image][\/et_pb_column][et_pb_column type=&#8221;1_4&#8243; _builder_version=&#8221;4.23.4&#8243; _module_preset=&#8221;default&#8221; global_colors_info=&#8221;{}&#8221;][et_pb_image src=&#8221;https:\/\/www.cbm.uam.es\/wp-content\/uploads\/2024\/05\/areas_proyects3_sf.png&#8221; title_text=&#8221; &#8221; url=&#8221;https:\/\/www.cbm.uam.es\/index.php\/programas-cientificos\/procesos-fisiologicos-y-patologicos\/?lang=es&#8221; _builder_version=&#8221;4.25.2&#8243; _module_preset=&#8221;default&#8221; animation_style=&#8221;zoom&#8221; global_colors_info=&#8221;{}&#8221;][\/et_pb_image][\/et_pb_column][et_pb_column type=&#8221;1_4&#8243; _builder_version=&#8221;4.23.4&#8243; _module_preset=&#8221;default&#8221; global_colors_info=&#8221;{}&#8221;][et_pb_image src=&#8221;https:\/\/www.cbm.uam.es\/wp-content\/uploads\/2024\/05\/areas_proyects4_sf.png&#8221; title_text=&#8221; &#8221; url=&#8221;https:\/\/www.cbm.uam.es\/index.php\/programas-cientificos\/interacciones-con-el-entorno\/?lang=es&#8221; _builder_version=&#8221;4.25.2&#8243; _module_preset=&#8221;default&#8221; animation_style=&#8221;zoom&#8221; global_colors_info=&#8221;{}&#8221;][\/et_pb_image][\/et_pb_column][\/et_pb_row][\/et_pb_section]<\/p>\n","protected":false},"excerpt":{"rendered":"<p>Programa Cient\u00edficoUNIDADES EN ESTE PROGRAMA Microorganismos en la salud y el bienestar Desarrollo y funci\u00f3n del sistema inmunitario ORCIDDurante la respuesta inmune, los linfocitos B reconocen ant\u00edgenos y se activan, [&hellip;]<\/p>\n","protected":false},"author":11,"featured_media":0,"parent":283187,"menu_order":0,"comment_status":"closed","ping_status":"closed","template":"","meta":{"_et_pb_use_builder":"on","_et_pb_old_content":"","_et_gb_content_width":"","footnotes":""},"class_list":["post-282389","page","type-page","status-publish","hentry"],"yoast_head":"<!-- This site is optimized with the Yoast SEO plugin v27.4 - https:\/\/yoast.com\/product\/yoast-seo-wordpress\/ -->\n<title>Metabolismo y funci\u00f3n de las c\u00e9lulas B - Centro de Biolog\u00eda Molecular Severo Ochoa<\/title>\n<meta name=\"robots\" content=\"index, follow, max-snippet:-1, max-image-preview:large, max-video-preview:-1\" \/>\n<link rel=\"canonical\" href=\"https:\/\/www.cbm.uam.es\/index.php\/programas-cientificos\/homeostasis-de-tejidos-y-organos\/arquitectura-celular-y-organogenesis\/metabolism-and-b-cell-function\/?lang=es\" \/>\n<meta property=\"og:locale\" content=\"en_US\" \/>\n<meta property=\"og:type\" content=\"article\" \/>\n<meta property=\"og:title\" content=\"Metabolismo y funci\u00f3n de las c\u00e9lulas B - Centro de Biolog\u00eda Molecular Severo Ochoa\" \/>\n<meta property=\"og:description\" content=\"Programa Cient\u00edficoUNIDADES EN ESTE PROGRAMA Microorganismos en la salud y el bienestar Desarrollo y funci\u00f3n del sistema inmunitario ORCIDDurante la respuesta inmune, los linfocitos B reconocen ant\u00edgenos y se activan, [&hellip;]\" \/>\n<meta property=\"og:url\" content=\"https:\/\/www.cbm.uam.es\/index.php\/programas-cientificos\/homeostasis-de-tejidos-y-organos\/arquitectura-celular-y-organogenesis\/metabolism-and-b-cell-function\/?lang=es\" \/>\n<meta property=\"og:site_name\" content=\"Centro de Biolog\u00eda Molecular Severo Ochoa\" \/>\n<meta property=\"article:modified_time\" content=\"2026-02-19T08:50:45+00:00\" \/>\n<meta name=\"twitter:card\" content=\"summary_large_image\" \/>\n<meta name=\"twitter:label1\" content=\"Est. reading time\" \/>\n\t<meta name=\"twitter:data1\" content=\"19 minutes\" \/>\n<script type=\"application\/ld+json\" class=\"yoast-schema-graph\">{\"@context\":\"https:\\\/\\\/schema.org\",\"@graph\":[{\"@type\":\"WebPage\",\"@id\":\"https:\\\/\\\/www.cbm.uam.es\\\/index.php\\\/programas-cientificos\\\/homeostasis-de-tejidos-y-organos\\\/arquitectura-celular-y-organogenesis\\\/metabolism-and-b-cell-function\\\/?lang=es\",\"url\":\"https:\\\/\\\/www.cbm.uam.es\\\/index.php\\\/programas-cientificos\\\/homeostasis-de-tejidos-y-organos\\\/arquitectura-celular-y-organogenesis\\\/metabolism-and-b-cell-function\\\/?lang=es\",\"name\":\"Metabolismo y funci\u00f3n de las c\u00e9lulas B - Centro de Biolog\u00eda Molecular Severo Ochoa\",\"isPartOf\":{\"@id\":\"https:\\\/\\\/www.cbm.uam.es\\\/?lang=es\\\/#website\"},\"datePublished\":\"2024-07-31T07:01:40+00:00\",\"dateModified\":\"2026-02-19T08:50:45+00:00\",\"breadcrumb\":{\"@id\":\"https:\\\/\\\/www.cbm.uam.es\\\/index.php\\\/programas-cientificos\\\/homeostasis-de-tejidos-y-organos\\\/arquitectura-celular-y-organogenesis\\\/metabolism-and-b-cell-function\\\/?lang=es#breadcrumb\"},\"inLanguage\":\"en-US\",\"potentialAction\":[{\"@type\":\"ReadAction\",\"target\":[\"https:\\\/\\\/www.cbm.uam.es\\\/index.php\\\/programas-cientificos\\\/homeostasis-de-tejidos-y-organos\\\/arquitectura-celular-y-organogenesis\\\/metabolism-and-b-cell-function\\\/?lang=es\"]}]},{\"@type\":\"BreadcrumbList\",\"@id\":\"https:\\\/\\\/www.cbm.uam.es\\\/index.php\\\/programas-cientificos\\\/homeostasis-de-tejidos-y-organos\\\/arquitectura-celular-y-organogenesis\\\/metabolism-and-b-cell-function\\\/?lang=es#breadcrumb\",\"itemListElement\":[{\"@type\":\"ListItem\",\"position\":1,\"name\":\"Portada\",\"item\":\"https:\\\/\\\/www.cbm.uam.es\\\/\"},{\"@type\":\"ListItem\",\"position\":2,\"name\":\"Programas Cient\u00edficos\",\"item\":\"https:\\\/\\\/www.cbm.uam.es\\\/index.php\\\/programas-cientificos\\\/?lang=es\"},{\"@type\":\"ListItem\",\"position\":3,\"name\":\"Homeostasis de tejidos y \u00f3rganos\",\"item\":\"https:\\\/\\\/www.cbm.uam.es\\\/index.php\\\/programas-cientificos\\\/homeostasis-de-tejidos-y-organos\\\/?lang=es\"},{\"@type\":\"ListItem\",\"position\":4,\"name\":\"Arquitectura celular y organog\u00e9nesis\",\"item\":\"https:\\\/\\\/www.cbm.uam.es\\\/index.php\\\/programas-cientificos\\\/homeostasis-de-tejidos-y-organos\\\/arquitectura-celular-y-organogenesis\\\/?lang=es\"},{\"@type\":\"ListItem\",\"position\":5,\"name\":\"Metabolismo y funci\u00f3n de las c\u00e9lulas B\"}]},{\"@type\":\"WebSite\",\"@id\":\"https:\\\/\\\/www.cbm.uam.es\\\/?lang=es\\\/#website\",\"url\":\"https:\\\/\\\/www.cbm.uam.es\\\/?lang=es\\\/\",\"name\":\"Centro de Biolog\u00eda Molecular Severo Ochoa\",\"description\":\"Official website of the CBM, CSIC - UAM. Biomedical research centre.\",\"publisher\":{\"@id\":\"https:\\\/\\\/www.cbm.uam.es\\\/?lang=es\\\/#organization\"},\"potentialAction\":[{\"@type\":\"SearchAction\",\"target\":{\"@type\":\"EntryPoint\",\"urlTemplate\":\"https:\\\/\\\/www.cbm.uam.es\\\/?lang=es\\\/?s={search_term_string}\"},\"query-input\":{\"@type\":\"PropertyValueSpecification\",\"valueRequired\":true,\"valueName\":\"search_term_string\"}}],\"inLanguage\":\"en-US\"},{\"@type\":\"Organization\",\"@id\":\"https:\\\/\\\/www.cbm.uam.es\\\/?lang=es\\\/#organization\",\"name\":\"Centro de Biolog\u00eda Molecular Severo Ochoa\",\"url\":\"https:\\\/\\\/www.cbm.uam.es\\\/?lang=es\\\/\",\"logo\":{\"@type\":\"ImageObject\",\"inLanguage\":\"en-US\",\"@id\":\"https:\\\/\\\/www.cbm.uam.es\\\/?lang=es\\\/#\\\/schema\\\/logo\\\/image\\\/\",\"url\":\"https:\\\/\\\/www.cbm.uam.es\\\/wp-content\\\/uploads\\\/2024\\\/11\\\/Logo-CBM-color-fondo-transparente.png\",\"contentUrl\":\"https:\\\/\\\/www.cbm.uam.es\\\/wp-content\\\/uploads\\\/2024\\\/11\\\/Logo-CBM-color-fondo-transparente.png\",\"width\":800,\"height\":342,\"caption\":\"Centro de Biolog\u00eda Molecular Severo Ochoa\"},\"image\":{\"@id\":\"https:\\\/\\\/www.cbm.uam.es\\\/?lang=es\\\/#\\\/schema\\\/logo\\\/image\\\/\"}}]}<\/script>\n<!-- \/ Yoast SEO plugin. -->","yoast_head_json":{"title":"Metabolismo y funci\u00f3n de las c\u00e9lulas B - Centro de Biolog\u00eda Molecular Severo Ochoa","robots":{"index":"index","follow":"follow","max-snippet":"max-snippet:-1","max-image-preview":"max-image-preview:large","max-video-preview":"max-video-preview:-1"},"canonical":"https:\/\/www.cbm.uam.es\/index.php\/programas-cientificos\/homeostasis-de-tejidos-y-organos\/arquitectura-celular-y-organogenesis\/metabolism-and-b-cell-function\/?lang=es","og_locale":"en_US","og_type":"article","og_title":"Metabolismo y funci\u00f3n de las c\u00e9lulas B - Centro de Biolog\u00eda Molecular Severo Ochoa","og_description":"Programa Cient\u00edficoUNIDADES EN ESTE PROGRAMA Microorganismos en la salud y el bienestar Desarrollo y funci\u00f3n del sistema inmunitario ORCIDDurante la respuesta inmune, los linfocitos B reconocen ant\u00edgenos y se activan, [&hellip;]","og_url":"https:\/\/www.cbm.uam.es\/index.php\/programas-cientificos\/homeostasis-de-tejidos-y-organos\/arquitectura-celular-y-organogenesis\/metabolism-and-b-cell-function\/?lang=es","og_site_name":"Centro de Biolog\u00eda Molecular Severo Ochoa","article_modified_time":"2026-02-19T08:50:45+00:00","twitter_card":"summary_large_image","twitter_misc":{"Est. reading time":"19 minutes"},"schema":{"@context":"https:\/\/schema.org","@graph":[{"@type":"WebPage","@id":"https:\/\/www.cbm.uam.es\/index.php\/programas-cientificos\/homeostasis-de-tejidos-y-organos\/arquitectura-celular-y-organogenesis\/metabolism-and-b-cell-function\/?lang=es","url":"https:\/\/www.cbm.uam.es\/index.php\/programas-cientificos\/homeostasis-de-tejidos-y-organos\/arquitectura-celular-y-organogenesis\/metabolism-and-b-cell-function\/?lang=es","name":"Metabolismo y funci\u00f3n de las c\u00e9lulas B - Centro de Biolog\u00eda Molecular Severo Ochoa","isPartOf":{"@id":"https:\/\/www.cbm.uam.es\/?lang=es\/#website"},"datePublished":"2024-07-31T07:01:40+00:00","dateModified":"2026-02-19T08:50:45+00:00","breadcrumb":{"@id":"https:\/\/www.cbm.uam.es\/index.php\/programas-cientificos\/homeostasis-de-tejidos-y-organos\/arquitectura-celular-y-organogenesis\/metabolism-and-b-cell-function\/?lang=es#breadcrumb"},"inLanguage":"en-US","potentialAction":[{"@type":"ReadAction","target":["https:\/\/www.cbm.uam.es\/index.php\/programas-cientificos\/homeostasis-de-tejidos-y-organos\/arquitectura-celular-y-organogenesis\/metabolism-and-b-cell-function\/?lang=es"]}]},{"@type":"BreadcrumbList","@id":"https:\/\/www.cbm.uam.es\/index.php\/programas-cientificos\/homeostasis-de-tejidos-y-organos\/arquitectura-celular-y-organogenesis\/metabolism-and-b-cell-function\/?lang=es#breadcrumb","itemListElement":[{"@type":"ListItem","position":1,"name":"Portada","item":"https:\/\/www.cbm.uam.es\/"},{"@type":"ListItem","position":2,"name":"Programas Cient\u00edficos","item":"https:\/\/www.cbm.uam.es\/index.php\/programas-cientificos\/?lang=es"},{"@type":"ListItem","position":3,"name":"Homeostasis de tejidos y \u00f3rganos","item":"https:\/\/www.cbm.uam.es\/index.php\/programas-cientificos\/homeostasis-de-tejidos-y-organos\/?lang=es"},{"@type":"ListItem","position":4,"name":"Arquitectura celular y organog\u00e9nesis","item":"https:\/\/www.cbm.uam.es\/index.php\/programas-cientificos\/homeostasis-de-tejidos-y-organos\/arquitectura-celular-y-organogenesis\/?lang=es"},{"@type":"ListItem","position":5,"name":"Metabolismo y funci\u00f3n de las c\u00e9lulas B"}]},{"@type":"WebSite","@id":"https:\/\/www.cbm.uam.es\/?lang=es\/#website","url":"https:\/\/www.cbm.uam.es\/?lang=es\/","name":"Centro de Biolog\u00eda Molecular Severo Ochoa","description":"Official website of the CBM, CSIC - UAM. Biomedical research centre.","publisher":{"@id":"https:\/\/www.cbm.uam.es\/?lang=es\/#organization"},"potentialAction":[{"@type":"SearchAction","target":{"@type":"EntryPoint","urlTemplate":"https:\/\/www.cbm.uam.es\/?lang=es\/?s={search_term_string}"},"query-input":{"@type":"PropertyValueSpecification","valueRequired":true,"valueName":"search_term_string"}}],"inLanguage":"en-US"},{"@type":"Organization","@id":"https:\/\/www.cbm.uam.es\/?lang=es\/#organization","name":"Centro de Biolog\u00eda Molecular Severo Ochoa","url":"https:\/\/www.cbm.uam.es\/?lang=es\/","logo":{"@type":"ImageObject","inLanguage":"en-US","@id":"https:\/\/www.cbm.uam.es\/?lang=es\/#\/schema\/logo\/image\/","url":"https:\/\/www.cbm.uam.es\/wp-content\/uploads\/2024\/11\/Logo-CBM-color-fondo-transparente.png","contentUrl":"https:\/\/www.cbm.uam.es\/wp-content\/uploads\/2024\/11\/Logo-CBM-color-fondo-transparente.png","width":800,"height":342,"caption":"Centro de Biolog\u00eda Molecular Severo Ochoa"},"image":{"@id":"https:\/\/www.cbm.uam.es\/?lang=es\/#\/schema\/logo\/image\/"}}]}},"_links":{"self":[{"href":"https:\/\/www.cbm.uam.es\/index.php\/wp-json\/wp\/v2\/pages\/282389","targetHints":{"allow":["GET"]}}],"collection":[{"href":"https:\/\/www.cbm.uam.es\/index.php\/wp-json\/wp\/v2\/pages"}],"about":[{"href":"https:\/\/www.cbm.uam.es\/index.php\/wp-json\/wp\/v2\/types\/page"}],"author":[{"embeddable":true,"href":"https:\/\/www.cbm.uam.es\/index.php\/wp-json\/wp\/v2\/users\/11"}],"replies":[{"embeddable":true,"href":"https:\/\/www.cbm.uam.es\/index.php\/wp-json\/wp\/v2\/comments?post=282389"}],"version-history":[{"count":3,"href":"https:\/\/www.cbm.uam.es\/index.php\/wp-json\/wp\/v2\/pages\/282389\/revisions"}],"predecessor-version":[{"id":293925,"href":"https:\/\/www.cbm.uam.es\/index.php\/wp-json\/wp\/v2\/pages\/282389\/revisions\/293925"}],"up":[{"embeddable":true,"href":"https:\/\/www.cbm.uam.es\/index.php\/wp-json\/wp\/v2\/pages\/283187"}],"wp:attachment":[{"href":"https:\/\/www.cbm.uam.es\/index.php\/wp-json\/wp\/v2\/media?parent=282389"}],"curies":[{"name":"wp","href":"https:\/\/api.w.org\/{rel}","templated":true}]}}