{"id":283251,"date":"2024-07-31T09:00:21","date_gmt":"2024-07-31T07:00:21","guid":{"rendered":"https:\/\/dhcp205002.cbm.uam.es\/?page_id=283251"},"modified":"2025-07-21T10:20:13","modified_gmt":"2025-07-21T08:20:13","slug":"envoltura-celular-bacteriana-durante-el-crecimiento-preseptal","status":"publish","type":"page","link":"https:\/\/www.cbm.uam.es\/index.php\/programas-cientificos\/interacciones-con-el-entorno\/microorganismos-en-la-salud-y-el-bienestar\/envoltura-celular-bacteriana-durante-el-crecimiento-preseptal\/?lang=es","title":{"rendered":"Envoltura celular bacteriana durante el crecimiento preseptal"},"content":{"rendered":"<p>[et_pb_section fb_built=&#8221;1&#8243; _builder_version=&#8221;4.27.0&#8243; _module_preset=&#8221;default&#8221; background_color=&#8221;#34609B&#8221; background_image=&#8221;https:\/\/www.cbm.uam.es\/wp-content\/uploads\/2024\/07\/iStock-1833377669small-scaled.jpg&#8221; background_position=&#8221;bottom_center&#8221; background_vertical_offset=&#8221;32%&#8221; min_height=&#8221;352px&#8221; height=&#8221;294px&#8221; da_disable_devices=&#8221;off|off|off&#8221; global_colors_info=&#8221;{}&#8221; da_is_popup=&#8221;off&#8221; da_exit_intent=&#8221;off&#8221; da_has_close=&#8221;on&#8221; da_alt_close=&#8221;off&#8221; da_dark_close=&#8221;off&#8221; da_not_modal=&#8221;on&#8221; da_is_singular=&#8221;off&#8221; da_with_loader=&#8221;off&#8221; da_has_shadow=&#8221;on&#8221;][et_pb_row column_structure=&#8221;2_5,3_5&#8243; use_custom_gutter=&#8221;on&#8221; gutter_width=&#8221;4&#8243; _builder_version=&#8221;4.23.4&#8243; _module_preset=&#8221;default&#8221; background_color=&#8221;RGBA(255,255,255,0)&#8221; custom_margin=&#8221;61px||||false|false&#8221; custom_padding=&#8221;||0px|||&#8221; global_colors_info=&#8221;{}&#8221;][et_pb_column type=&#8221;2_5&#8243; _builder_version=&#8221;4.23.4&#8243; _module_preset=&#8221;default&#8221; background_color=&#8221;rgba(52,96,155,0.83)&#8221; custom_padding=&#8221;50px||50px|50px|false|false&#8221; border_radii=&#8221;on|15px|15px|15px|15px&#8221; global_colors_info=&#8221;{}&#8221;][et_pb_text _builder_version=&#8221;4.25.0&#8243; _module_preset=&#8221;default&#8221; text_text_color=&#8221;#FFFFFF&#8221; custom_margin=&#8221;0px||10px||false|false&#8221; custom_padding=&#8221;0px||0px||false|false&#8221; global_colors_info=&#8221;{}&#8221;]<\/p>\n<p>Programa Cient\u00edfico<\/p>\n<p>[\/et_pb_text][et_pb_heading title=&#8221;Interacciones con el entorno&#8221; _builder_version=&#8221;4.25.0&#8243; _module_preset=&#8221;default&#8221; title_font=&#8221;Montserrat||||||||&#8221; title_text_color=&#8221;#FFFFFF&#8221; title_font_size=&#8221;43px&#8221; global_colors_info=&#8221;{}&#8221;][\/et_pb_heading][\/et_pb_column][et_pb_column type=&#8221;3_5&#8243; _builder_version=&#8221;4.23.4&#8243; _module_preset=&#8221;default&#8221; custom_padding=&#8221;157px||||false|false&#8221; global_colors_info=&#8221;{}&#8221;][et_pb_text _builder_version=&#8221;4.25.0&#8243; _module_preset=&#8221;default&#8221; global_colors_info=&#8221;{}&#8221;]<\/p>\n<h4 style=\"text-align: center;\"><span style=\"color: #13b5bd;\">UNIDADES EN ESTE PROGRAMA <\/span><\/h4>\n<hr>\n<h6 style=\"text-align: center;\"><span style=\"color: #13b5bd;\"><a href=\"https:\/\/www.cbm.uam.es\/index.php\/programas-cientificos\/interacciones-con-el-entorno\/microorganismos-en-la-salud-y-el-bienestar\/?lang=es\"> Microorganismos en la salud y el bienestar<\/a><\/span> <span style=\"color: #abb8c3;\"><a href=\"https:\/\/www.cbm.uam.es\/index.php\/programas-cientificos\/interacciones-con-el-entorno\/desarrollo-y-funcion-del-sistema-inmunitario\/?lang=es\">Desarrollo y funci\u00f3n del sistema inmunitario <\/a><\/span><\/h6>\n<p>[\/et_pb_text][\/et_pb_column][\/et_pb_row][\/et_pb_section][et_pb_section fb_built=&#8221;1&#8243; _builder_version=&#8221;4.23.4&#8243; _module_preset=&#8221;default&#8221; background_enable_image=&#8221;off&#8221; background_size=&#8221;custom&#8221; background_image_height=&#8221;84%&#8221; background_position=&#8221;bottom_right&#8221; custom_margin=&#8221;||0px||false|false&#8221; custom_padding=&#8221;||0px||false|false&#8221; da_disable_devices=&#8221;off|off|off&#8221; global_colors_info=&#8221;{}&#8221; da_is_popup=&#8221;off&#8221; da_exit_intent=&#8221;off&#8221; da_has_close=&#8221;on&#8221; da_alt_close=&#8221;off&#8221; da_dark_close=&#8221;off&#8221; da_not_modal=&#8221;on&#8221; da_is_singular=&#8221;off&#8221; da_with_loader=&#8221;off&#8221; da_has_shadow=&#8221;on&#8221;][et_pb_row _builder_version=&#8221;4.23.4&#8243; _module_preset=&#8221;default&#8221; custom_margin=&#8221;||0px||false|false&#8221; custom_padding=&#8221;||0px||false|false&#8221; global_colors_info=&#8221;{}&#8221;][et_pb_column type=&#8221;4_4&#8243; _builder_version=&#8221;4.23.4&#8243; _module_preset=&#8221;default&#8221; global_colors_info=&#8221;{}&#8221;][et_pb_heading title=&#8221;GRUPO DE INVESTIGACI\u00d3N&#8221; _builder_version=&#8221;4.25.0&#8243; _module_preset=&#8221;default&#8221; title_level=&#8221;h5&#8243; title_text_color=&#8221;#13B5BD&#8221; custom_margin=&#8221;50px||0px||false|false&#8221; global_colors_info=&#8221;{}&#8221;][\/et_pb_heading][et_pb_blurb title=&#8221;Envoltura celular bacteriana durante el crecimiento preseptal&#8221; use_icon=&#8221;on&#8221; font_icon=&#8221;&#xe046;||divi||400&#8243; icon_color=&#8221;#13B5BD&#8221; icon_placement=&#8221;left&#8221; image_icon_width=&#8221;26px&#8221; content_max_width=&#8221;1100px&#8221; content_max_width_tablet=&#8221;1100px&#8221; content_max_width_last_edited=&#8221;off|desktop&#8221; _builder_version=&#8221;4.25.0&#8243; header_level=&#8221;h1&#8243; header_font=&#8221;Montserrat||||||||&#8221; header_text_color=&#8221;#000000&#8243; header_font_size=&#8221;29px&#8221; header_line_height=&#8221;1.4em&#8221; body_font=&#8221;||||||||&#8221; body_font_size=&#8221;15px&#8221; body_line_height=&#8221;1.8em&#8221; image_icon_custom_margin=&#8221;6px||||false|false&#8221; background_layout=&#8221;dark&#8221; custom_margin=&#8221;|||&#8221; custom_padding=&#8221;||14px||false|false&#8221; animation_style=&#8221;slide&#8221; animation_direction=&#8221;right&#8221; animation_intensity_slide=&#8221;10%&#8221; animation=&#8221;off&#8221; image_max_width=&#8221;64px&#8221; global_colors_info=&#8221;{}&#8221;][\/et_pb_blurb][\/et_pb_column][\/et_pb_row][\/et_pb_section][et_pb_section fb_built=&#8221;1&#8243; _builder_version=&#8221;4.23.4&#8243; _module_preset=&#8221;default&#8221; background_color=&#8221;rgba(175,218,249,0.18)&#8221; custom_padding=&#8221;0px||0px||false|false&#8221; da_disable_devices=&#8221;off|off|off&#8221; global_colors_info=&#8221;{}&#8221; da_is_popup=&#8221;off&#8221; da_exit_intent=&#8221;off&#8221; da_has_close=&#8221;on&#8221; da_alt_close=&#8221;off&#8221; da_dark_close=&#8221;off&#8221; da_not_modal=&#8221;on&#8221; da_is_singular=&#8221;off&#8221; da_with_loader=&#8221;off&#8221; da_has_shadow=&#8221;on&#8221;][et_pb_row column_structure=&#8221;1_4,3_4&#8243; _builder_version=&#8221;4.23.4&#8243; _module_preset=&#8221;default&#8221; global_colors_info=&#8221;{}&#8221;][et_pb_column type=&#8221;1_4&#8243; _builder_version=&#8221;4.23.4&#8243; _module_preset=&#8221;default&#8221; global_colors_info=&#8221;{}&#8221;][et_pb_image src=&#8221;\/imgs\/5487.jpg&#8221; title_text=&#8221;logoRecurso 7&#8243; align=&#8221;right&#8221; module_class=&#8221;roundedImg&#8221; _builder_version=&#8221;4.27.0&#8243; _module_preset=&#8221;default&#8221; global_colors_info=&#8221;{}&#8221;][\/et_pb_image][\/et_pb_column][et_pb_column type=&#8221;3_4&#8243; _builder_version=&#8221;4.23.4&#8243; _module_preset=&#8221;default&#8221; global_colors_info=&#8221;{}&#8221;][et_pb_heading title=&#8221;Manuel Pazos Don Pedro&#8221; _builder_version=&#8221;4.25.0&#8243; _module_preset=&#8221;default&#8221; title_level=&#8221;h3&#8243; title_text_align=&#8221;left&#8221; title_text_color=&#8221;#008C93&#8243; global_colors_info=&#8221;{}&#8221;][\/et_pb_heading][et_pb_text _builder_version=&#8221;4.25.0&#8243; _module_preset=&#8221;default&#8221; custom_margin=&#8221;-27px||||false|false&#8221; link_option_url_new_window=&#8221;on&#8221; global_colors_info=&#8221;{}&#8221;]<\/p>\n<p style=\"text-align: left;\"><a href=\"https:\/\/x.com\/MPaz0s\" target=\"blank\" rel=\"noopener\"><img decoding=\"async\" src=\"\/wp-content\/uploads\/2024\/01\/ico_twitter.png\" width=\"24\" height=\"25\" style=\"margin-top: -2px; margin-left: -2px;\" alt=\"\" class=\"wp-image-277817 alignleft size-full\"><\/a><br \/>\n<a href=\"https:\/\/orcid.org\/0000-0002-8774-4453\" target=\"blank\" rel=\"noopener\">ORCID<\/a><\/p>\n<p>[\/et_pb_text][\/et_pb_column][\/et_pb_row][\/et_pb_section][et_pb_section fb_built=&#8221;1&#8243; _builder_version=&#8221;4.23.4&#8243; _module_preset=&#8221;default&#8221; background_color=&#8221;#13B5BD&#8221; custom_margin=&#8221;0px||0px||false|false&#8221; custom_padding=&#8221;0px||0px||false|false&#8221; da_disable_devices=&#8221;off|off|off&#8221; global_colors_info=&#8221;{}&#8221; da_is_popup=&#8221;off&#8221; da_exit_intent=&#8221;off&#8221; da_has_close=&#8221;on&#8221; da_alt_close=&#8221;off&#8221; da_dark_close=&#8221;off&#8221; da_not_modal=&#8221;on&#8221; da_is_singular=&#8221;off&#8221; da_with_loader=&#8221;off&#8221; da_has_shadow=&#8221;on&#8221;][et_pb_row column_structure=&#8221;1_3,1_3,1_3&#8243; _builder_version=&#8221;4.23.4&#8243; _module_preset=&#8221;default&#8221; global_colors_info=&#8221;{}&#8221;][et_pb_column type=&#8221;1_3&#8243; _builder_version=&#8221;4.23.4&#8243; _module_preset=&#8221;default&#8221; global_colors_info=&#8221;{}&#8221;][et_pb_button button_url=&#8221;#investiga&#8221; button_text=&#8221;Investigaci\u00f3n&#8221; button_alignment=&#8221;center&#8221; _builder_version=&#8221;4.25.0&#8243; _module_preset=&#8221;default&#8221; custom_button=&#8221;on&#8221; button_bg_color=&#8221;#34609B&#8221; animation_style=&#8221;zoom&#8221; global_colors_info=&#8221;{}&#8221;][\/et_pb_button][\/et_pb_column][et_pb_column type=&#8221;1_3&#8243; _builder_version=&#8221;4.23.4&#8243; _module_preset=&#8221;default&#8221; global_colors_info=&#8221;{}&#8221;][et_pb_button button_url=&#8221;#personal&#8221; button_text=&#8221;Miembros del grupo&#8221; button_alignment=&#8221;center&#8221; _builder_version=&#8221;4.25.0&#8243; _module_preset=&#8221;default&#8221; custom_button=&#8221;on&#8221; button_bg_color=&#8221;#34609B&#8221; custom_padding=&#8221;|44px||44px|false|true&#8221; animation_style=&#8221;zoom&#8221; global_colors_info=&#8221;{}&#8221;][\/et_pb_button][\/et_pb_column][et_pb_column type=&#8221;1_3&#8243; _builder_version=&#8221;4.23.4&#8243; _module_preset=&#8221;default&#8221; global_colors_info=&#8221;{}&#8221;][et_pb_button button_url=&#8221;#publica&#8221; button_text=&#8221;Publicaciones&#8221; button_alignment=&#8221;center&#8221; _builder_version=&#8221;4.25.0&#8243; _module_preset=&#8221;default&#8221; custom_button=&#8221;on&#8221; button_bg_color=&#8221;#34609B&#8221; animation_style=&#8221;zoom&#8221; global_colors_info=&#8221;{}&#8221;][\/et_pb_button][\/et_pb_column][\/et_pb_row][\/et_pb_section][et_pb_section fb_built=&#8221;1&#8243; _builder_version=&#8221;4.23.4&#8243; _module_preset=&#8221;default&#8221; background_enable_image=&#8221;off&#8221; background_size=&#8221;custom&#8221; background_image_height=&#8221;84%&#8221; background_position=&#8221;bottom_right&#8221; custom_margin=&#8221;0px||0px||false|false&#8221; custom_padding=&#8221;0px||15px||false|false&#8221; da_disable_devices=&#8221;off|off|off&#8221; global_colors_info=&#8221;{}&#8221; da_is_popup=&#8221;off&#8221; da_exit_intent=&#8221;off&#8221; da_has_close=&#8221;on&#8221; da_alt_close=&#8221;off&#8221; da_dark_close=&#8221;off&#8221; da_not_modal=&#8221;on&#8221; da_is_singular=&#8221;off&#8221; da_with_loader=&#8221;off&#8221; da_has_shadow=&#8221;on&#8221;][et_pb_row column_structure=&#8221;1_2,1_2&#8243; use_custom_gutter=&#8221;on&#8221; gutter_width=&#8221;2&#8243; _builder_version=&#8221;4.23.4&#8243; _module_preset=&#8221;default&#8221; custom_margin=&#8221;20px||||false|false&#8221; custom_padding=&#8221;||||false|false&#8221; global_colors_info=&#8221;{}&#8221;][et_pb_column type=&#8221;1_2&#8243; _builder_version=&#8221;4.23.4&#8243; _module_preset=&#8221;default&#8221; global_colors_info=&#8221;{}&#8221;][et_pb_text admin_label=&#8221;resumen&#8221; module_id=&#8221;resumen&#8221; module_class=&#8221;resumen&#8221; _builder_version=&#8221;4.25.0&#8243; _module_preset=&#8221;default&#8221; text_font_size=&#8221;15px&#8221; text_line_height=&#8221;1.8em&#8221; background_color=&#8221;#f1f8fe&#8221; custom_padding=&#8221;20px|20px|20px|20px|true|false&#8221; border_width_top=&#8221;1px&#8221; border_color_top=&#8221;#008C93&#8243; border_width_bottom=&#8221;1px&#8221; border_color_bottom=&#8221;#008C93&#8243; global_colors_info=&#8221;{}&#8221;]<\/p>\n<p style=\"text-align: justify;\">Mediante la integraci\u00f3n de enfoques de biolog\u00eda molecular y bioqu\u00edmica junto con diversas t\u00e9cnicas de microscop\u00eda, nuestro objetivo es caracterizar los mecanismos moleculares que impulsan la biog\u00e9nesis de las envolturas celulares bacterianas, centr\u00e1ndonos especialmente en la fase preseptal. Utilizando Escherichia coli como organismo modelo, pretendemos profundizar en el papel crucial que desempe\u00f1an la arquitectura y la integridad de la envoltura celular en la patogenicidad de las bacterias Gram negativas. <\/p>\n<p>[\/et_pb_text][\/et_pb_column][et_pb_column type=&#8221;1_2&#8243; _builder_version=&#8221;4.23.4&#8243; _module_preset=&#8221;default&#8221; custom_padding=&#8221;||||false|false&#8221; global_colors_info=&#8221;{}&#8221;][et_pb_image src=&#8221;https:\/\/www.cbm.uam.es\/wp-content\/uploads\/2024\/09\/Portada1.png&#8221; title_text=&#8221;Imagen representativa del grupo&#8221; _builder_version=&#8221;4.27.0&#8243; _module_preset=&#8221;default&#8221; animation_style=&#8221;zoom&#8221; global_colors_info=&#8221;{}&#8221;][\/et_pb_image][\/et_pb_column][\/et_pb_row][et_pb_row column_structure=&#8221;3_5,2_5&#8243; _builder_version=&#8221;4.23.4&#8243; _module_preset=&#8221;default&#8221; custom_margin=&#8221;||||false|false&#8221; custom_padding=&#8221;0px||||false|false&#8221; global_colors_info=&#8221;{}&#8221;][et_pb_column type=&#8221;3_5&#8243; _builder_version=&#8221;4.23.4&#8243; _module_preset=&#8221;default&#8221; global_colors_info=&#8221;{}&#8221;][et_pb_heading title=&#8221;Investigaci\u00f3n&#8221; module_id=&#8221;investiga&#8221; _builder_version=&#8221;4.25.0&#8243; _module_preset=&#8221;default&#8221; custom_margin=&#8221;0px|||0px|false|false&#8221; custom_padding=&#8221;3px|||8px|false|false&#8221; border_width_left=&#8221;6px&#8221; border_color_left=&#8221;#34609B&#8221; global_colors_info=&#8221;{}&#8221;][\/et_pb_heading][et_pb_text _builder_version=&#8221;4.25.0&#8243; _module_preset=&#8221;default&#8221; global_colors_info=&#8221;{}&#8221;]<\/p>\n<p style=\"text-align: justify;\">Un componente estructural importante y esencial de la envoltura celular de la mayor\u00eda de las bacterias es el s\u00e1culo de peptidoglicano, y su s\u00edntesis es, con mucho, el proceso m\u00e1s dirigido a los antibi\u00f3ticos. En las bacterias Gram negativas, la capa de peptidoglicano, fina y en forma de red, est\u00e1 rodeada por una bicapa lip\u00eddica asim\u00e9trica e hidr\u00f3foba (la membrana externa), que act\u00faa como barrera de permeabilidad frente a agentes externos como muchos antibi\u00f3ticos de uso cl\u00ednico. Durante el ciclo celular bacteriano, tanto la maquinaria de biog\u00e9nesis del peptidoglicano como la de la membrana se coordinan y regulan para garantizar el crecimiento robusto de la envoltura celular y la viabilidad de la c\u00e9lula. Al contrario de lo que ocurre con la elongaci\u00f3n y la divisi\u00f3n celular, la transici\u00f3n entre ambas etapas, denominada crecimiento preseptal -s\u00edntesis de la envoltura celular en el lugar de divisi\u00f3n antes de la septaci\u00f3n-, sigue estando poco caracterizada.   <\/p>\n<p>[\/et_pb_text][\/et_pb_column][et_pb_column type=&#8221;2_5&#8243; _builder_version=&#8221;4.23.4&#8243; _module_preset=&#8221;default&#8221; global_colors_info=&#8221;{}&#8221;][et_pb_image src=&#8221;https:\/\/www.cbm.uam.es\/wp-content\/uploads\/2025\/07\/2025-07-10-Grupo-Manuel-Pazos-11Sbetter-1200px.jpg&#8221; title_text=&#8221;2025-07-10 Grupo Manuel Pazos 11Sbetter-1200px&#8221; _builder_version=&#8221;4.27.4&#8243; _module_preset=&#8221;default&#8221; custom_margin=&#8221;60px||||false|false&#8221; custom_padding=&#8221;|||27px||&#8221; animation_style=&#8221;zoom&#8221; hover_enabled=&#8221;0&#8243; border_width_all=&#8221;3px&#8221; border_color_all=&#8221;#13B5BD&#8221; box_shadow_style=&#8221;preset3&#8243; global_colors_info=&#8221;{}&#8221; sticky_enabled=&#8221;0&#8243;][\/et_pb_image][\/et_pb_column][\/et_pb_row][et_pb_row _builder_version=&#8221;4.23.4&#8243; _module_preset=&#8221;default&#8221; custom_padding=&#8221;0px||||false|false&#8221; global_colors_info=&#8221;{}&#8221;][et_pb_column type=&#8221;4_4&#8243; _builder_version=&#8221;4.23.4&#8243; _module_preset=&#8221;default&#8221; global_colors_info=&#8221;{}&#8221;][et_pb_text _builder_version=&#8221;4.25.0&#8243; _module_preset=&#8221;default&#8221; global_colors_info=&#8221;{}&#8221;]<\/p>\n<p style=\"text-align: justify;\">La investigaci\u00f3n en el laboratorio se centra en la comprensi\u00f3n de los mecanismos moleculares que regulan la biog\u00e9nesis de la envoltura celular bacteriana de bacterias Gram negativas, utilizando organismos pat\u00f3genos gastrointestinales. Mediante un enfoque multidisciplinar que combina gen\u00e9tica, bioqu\u00edmica, biolog\u00eda celular y diferentes t\u00e9cnicas de microscop\u00eda, pretendemos identificar y caracterizar las interacciones proteicas y su impacto en las actividades enzim\u00e1ticas del peptidoglicano, las propiedades mec\u00e1nicas y estructurales de la envoltura celular, y el impacto en la virulencia. <\/p>\n<p>[\/et_pb_text][\/et_pb_column][\/et_pb_row][\/et_pb_section][et_pb_section fb_built=&#8221;1&#8243; _builder_version=&#8221;4.23.4&#8243; _module_preset=&#8221;default&#8221; background_color=&#8221;rgba(0,0,0,0.04)&#8221; da_disable_devices=&#8221;off|off|off&#8221; global_colors_info=&#8221;{}&#8221; da_is_popup=&#8221;off&#8221; da_exit_intent=&#8221;off&#8221; da_has_close=&#8221;on&#8221; da_alt_close=&#8221;off&#8221; da_dark_close=&#8221;off&#8221; da_not_modal=&#8221;on&#8221; da_is_singular=&#8221;off&#8221; da_with_loader=&#8221;off&#8221; da_has_shadow=&#8221;on&#8221;][et_pb_row _builder_version=&#8221;4.23.4&#8243; _module_preset=&#8221;default&#8221; global_colors_info=&#8221;{}&#8221;][et_pb_column type=&#8221;4_4&#8243; _builder_version=&#8221;4.23.4&#8243; _module_preset=&#8221;default&#8221; global_colors_info=&#8221;{}&#8221;][et_pb_heading title=&#8221;Miembros del grupo&#8221; module_id=&#8221;personal&#8221; _builder_version=&#8221;4.25.0&#8243; _module_preset=&#8221;default&#8221; custom_margin=&#8221;0px|||0px|false|false&#8221; custom_padding=&#8221;3px|||8px|false|false&#8221; border_width_left=&#8221;6px&#8221; border_color_left=&#8221;#34609B&#8221; global_colors_info=&#8221;{}&#8221;][\/et_pb_heading][\/et_pb_column][\/et_pb_row][et_pb_row _builder_version=&#8221;4.25.0&#8243; _module_preset=&#8221;default&#8221; max_width=&#8221;2560px&#8221; global_colors_info=&#8221;{}&#8221;][et_pb_column type=&#8221;4_4&#8243; _builder_version=&#8221;4.25.0&#8243; _module_preset=&#8221;default&#8221; global_colors_info=&#8221;{}&#8221;][et_pb_code _builder_version=&#8221;4.25.2&#8243; _module_preset=&#8221;default&#8221; global_colors_info=&#8221;{}&#8221;][et_pb_row _builder_version=\"4.25.0\" _module_preset=\"default\" column_structure=\"1_4,1_4,1_4,1_4\" hover_enabled=\"0\" sticky_enabled=\"0\"][et_pb_column _builder_version=\"4.25.0\" _module_preset=\"default\" type=\"1_4\"][et_pb_blurb title=\"Manuel Pazos Don Pedro\" image=\"\/imgs\/5487.jpg\" _builder_version=\"4.25.0\" _module_preset=\"default\" header_text_align=\"center\" body_text_align=\"center\" global_colors_info=\"{}\" theme_builder_area=\"post_content\" module_class=\"roundedImg\"]<p>Lab.: 107 Ext.: 4506<br \/>mpazos(at)cbm.csic.es<\/p>[\/et_pb_blurb][\/et_pb_column][et_pb_column _builder_version=\"4.25.0\" _module_preset=\"default\" type=\"1_4\"][et_pb_blurb title=\"Daniel Ballesteros San Jos\u00e9\" image=\"\/imgs\/5671.jpg\" _builder_version=\"4.25.0\" _module_preset=\"default\" header_text_align=\"center\" body_text_align=\"center\" global_colors_info=\"{}\" theme_builder_area=\"post_content\" module_class=\"roundedImg\"]<p>Lab.: 107 Ext.: 4530<br \/>dballesteros(at)cbm.csic.es<\/p>[\/et_pb_blurb][\/et_pb_column][et_pb_column _builder_version=\"4.25.0\" _module_preset=\"default\" type=\"1_4\"][et_pb_blurb title=\"Aitana Belloso Casuso\" image=\"\/imgs\/5879.jpg\" _builder_version=\"4.25.0\" _module_preset=\"default\" header_text_align=\"center\" body_text_align=\"center\" global_colors_info=\"{}\" theme_builder_area=\"post_content\" module_class=\"roundedImg\"]<p>Lab.: 107 Ext.: 4530<br \/>abelloso(at)cbm.csic.es<\/p>[\/et_pb_blurb][\/et_pb_column][et_pb_column _builder_version=\"4.25.0\" _module_preset=\"default\" type=\"1_4\"][et_pb_blurb title=\"Fabio Giovannercole \" image=\"\/imgs\/6241.jpg\" _builder_version=\"4.25.0\" _module_preset=\"default\" header_text_align=\"center\" body_text_align=\"center\" global_colors_info=\"{}\" theme_builder_area=\"post_content\" module_class=\"roundedImg\"]<p>Lab.: 107 Ext.: 4530<br \/>fgiovannercole(at)cbm.csic.es<\/p>[\/et_pb_blurb][\/et_pb_column][\/et_pb_row][et_pb_row _builder_version=\"4.25.0\" _module_preset=\"default\" column_structure=\"1_4,1_4,1_4,1_4\" hover_enabled=\"0\" sticky_enabled=\"0\"][et_pb_column _builder_version=\"4.25.0\" _module_preset=\"default\" type=\"1_4\"][et_pb_blurb title=\"Daniel Lozano Minguez\" image=\"\/imgs\/6317.jpg\" _builder_version=\"4.25.0\" _module_preset=\"default\" header_text_align=\"center\" body_text_align=\"center\" global_colors_info=\"{}\" theme_builder_area=\"post_content\" module_class=\"roundedImg\"]<p>Lab.: 107 Ext.: 4530<br \/>daniel.lozano(at)cbm.csic.es<\/p>[\/et_pb_blurb][\/et_pb_column][et_pb_column _builder_version=\"4.25.0\" _module_preset=\"default\" type=\"1_4\"][et_pb_blurb title=\"Alejandro Alamo Pe\u00f1a\" image=\"\/imgs\/default.jpg\" _builder_version=\"4.25.0\" _module_preset=\"default\" header_text_align=\"center\" body_text_align=\"center\" global_colors_info=\"{}\" theme_builder_area=\"post_content\" module_class=\"roundedImg\"]<p>Lab.: 107 Ext.: 4505<br \/><\/p>[\/et_pb_blurb][\/et_pb_column][\/et_pb_row][\/et_pb_code][\/et_pb_column][\/et_pb_row][\/et_pb_section][et_pb_section fb_built=&#8221;1&#8243; _builder_version=&#8221;4.23.4&#8243; _module_preset=&#8221;default&#8221; background_color=&#8221;RGBA(255,255,255,0)&#8221; da_disable_devices=&#8221;off|off|off&#8221; global_colors_info=&#8221;{}&#8221; da_is_popup=&#8221;off&#8221; da_exit_intent=&#8221;off&#8221; da_has_close=&#8221;on&#8221; da_alt_close=&#8221;off&#8221; da_dark_close=&#8221;off&#8221; da_not_modal=&#8221;on&#8221; da_is_singular=&#8221;off&#8221; da_with_loader=&#8221;off&#8221; da_has_shadow=&#8221;on&#8221;][et_pb_row _builder_version=&#8221;4.23.4&#8243; _module_preset=&#8221;default&#8221; global_colors_info=&#8221;{}&#8221;][et_pb_column type=&#8221;4_4&#8243; _builder_version=&#8221;4.23.4&#8243; _module_preset=&#8221;default&#8221; global_colors_info=&#8221;{}&#8221;][et_pb_heading title=&#8221;Publicaciones representativas&#8221; module_id=&#8221;personal&#8221; _builder_version=&#8221;4.25.0&#8243; _module_preset=&#8221;default&#8221; custom_margin=&#8221;0px|||0px|false|false&#8221; custom_padding=&#8221;3px|||8px|false|false&#8221; border_width_left=&#8221;6px&#8221; border_color_left=&#8221;#34609B&#8221; global_colors_info=&#8221;{}&#8221;][\/et_pb_heading][\/et_pb_column][\/et_pb_row][et_pb_row column_structure=&#8221;1_4,1_4,1_4,1_4&#8243; _builder_version=&#8221;4.23.4&#8243; _module_preset=&#8221;default&#8221; animation_style=&#8221;zoom&#8221; global_colors_info=&#8221;{}&#8221;][et_pb_column type=&#8221;1_4&#8243; _builder_version=&#8221;4.23.4&#8243; _module_preset=&#8221;default&#8221; global_colors_info=&#8221;{}&#8221;][et_pb_image src=&#8221;https:\/\/www.cbm.uam.es\/wp-content\/uploads\/2024\/09\/1-1.png&#8221; title_text=&#8221;Image about the publication&#8221; url_new_window=&#8221;on&#8221; _builder_version=&#8221;4.27.0&#8243; _module_preset=&#8221;default&#8221; global_colors_info=&#8221;{}&#8221;][\/et_pb_image][\/et_pb_column][et_pb_column type=&#8221;1_4&#8243; _builder_version=&#8221;4.25.0&#8243; _module_preset=&#8221;default&#8221; global_colors_info=&#8221;{}&#8221;][et_pb_text _builder_version=&#8221;4.25.0&#8243; _module_preset=&#8221;default&#8221; link_option_url=&#8221;https:\/\/www.nature.com\/articles\/s41467-018-07559-2&#8243; link_option_url_new_window=&#8221;on&#8221; global_colors_info=&#8221;{}&#8221;]<\/p>\n<h3>Z-ring membrane anchors associate with cell wall synthases to initiate bacterial cell division<\/h3>\n<p>Manuel Pazos et al.<\/p>\n<p>[\/et_pb_text][\/et_pb_column][et_pb_column type=&#8221;1_4&#8243; _builder_version=&#8221;4.23.4&#8243; _module_preset=&#8221;default&#8221; global_colors_info=&#8221;{}&#8221;][et_pb_image src=&#8221;https:\/\/www.cbm.uam.es\/wp-content\/uploads\/2024\/06\/2-Manu-PDP.png&#8221; title_text=&#8221; &#8221; url_new_window=&#8221;on&#8221; _builder_version=&#8221;4.25.0&#8243; _module_preset=&#8221;default&#8221; global_colors_info=&#8221;{}&#8221;][\/et_pb_image][\/et_pb_column][et_pb_column type=&#8221;1_4&#8243; _builder_version=&#8221;4.25.0&#8243; _module_preset=&#8221;default&#8221; global_colors_info=&#8221;{}&#8221;][et_pb_text _builder_version=&#8221;4.27.0&#8243; _module_preset=&#8221;default&#8221; link_option_url=&#8221;https:\/\/link.springer.com\/chapter\/10.1007\/978-3-030-18768-2_5&#8243; link_option_url_new_window=&#8221;on&#8221; global_colors_info=&#8221;{}&#8221;]<\/p>\n<h3>Peptidoglycan<\/h3>\n<p>Manuel Pazos et al.<\/p>\n<p>[\/et_pb_text][\/et_pb_column][\/et_pb_row][et_pb_row column_structure=&#8221;1_4,1_4,1_4,1_4&#8243; _builder_version=&#8221;4.23.4&#8243; _module_preset=&#8221;default&#8221; animation_style=&#8221;zoom&#8221; global_colors_info=&#8221;{}&#8221;][et_pb_column type=&#8221;1_4&#8243; _builder_version=&#8221;4.23.4&#8243; _module_preset=&#8221;default&#8221; global_colors_info=&#8221;{}&#8221;][et_pb_image src=&#8221;https:\/\/www.cbm.uam.es\/wp-content\/uploads\/2024\/06\/3-Manu-PDP.jpeg&#8221; title_text=&#8221; &#8221; url_new_window=&#8221;on&#8221; _builder_version=&#8221;4.25.0&#8243; _module_preset=&#8221;default&#8221; global_colors_info=&#8221;{}&#8221;][\/et_pb_image][\/et_pb_column][et_pb_column type=&#8221;1_4&#8243; _builder_version=&#8221;4.25.0&#8243; _module_preset=&#8221;default&#8221; global_colors_info=&#8221;{}&#8221;][et_pb_text _builder_version=&#8221;4.25.0&#8243; _module_preset=&#8221;default&#8221; link_option_url=&#8221;https:\/\/journals.asm.org\/doi\/full\/10.1128\/mbio.02796-20?rfr_dat=cr_pub++0pubmed&#038;url_ver=Z39.88-2003&#038;rfr_id=ori%3Arid%3Acrossref.org&#8221; link_option_url_new_window=&#8221;on&#8221; global_colors_info=&#8221;{}&#8221;]<\/p>\n<h3>SPOR Proteins Are Required for Functionality of Class A Penicillin-Binding Proteins in Escherichia coli<\/h3>\n<p>Manuel Pazos et al.<\/p>\n<p>[\/et_pb_text][\/et_pb_column][et_pb_column type=&#8221;1_4&#8243; _builder_version=&#8221;4.23.4&#8243; _module_preset=&#8221;default&#8221; global_colors_info=&#8221;{}&#8221;][et_pb_image src=&#8221;https:\/\/www.cbm.uam.es\/wp-content\/uploads\/2024\/06\/4-Manu-PDP.png&#8221; title_text=&#8221; &#8221; url_new_window=&#8221;on&#8221; _builder_version=&#8221;4.25.0&#8243; _module_preset=&#8221;default&#8221; global_colors_info=&#8221;{}&#8221;][\/et_pb_image][\/et_pb_column][et_pb_column type=&#8221;1_4&#8243; _builder_version=&#8221;4.25.0&#8243; _module_preset=&#8221;default&#8221; global_colors_info=&#8221;{}&#8221;][et_pb_text _builder_version=&#8221;4.25.0&#8243; _module_preset=&#8221;default&#8221; link_option_url=&#8221;https:\/\/www.nature.com\/articles\/s41586-022-04834-7&#8243; link_option_url_new_window=&#8221;on&#8221; global_colors_info=&#8221;{}&#8221;]<\/p>\n<h3>Peptidoglycan maturation controls outer membrane protein assembly<\/h3>\n<p>Gideon Mamou et al.<\/p>\n<p>[\/et_pb_text][\/et_pb_column][\/et_pb_row][\/et_pb_section][et_pb_section fb_built=&#8221;1&#8243; _builder_version=&#8221;4.23.4&#8243; _module_preset=&#8221;default&#8221; background_color=&#8221;rgba(0,0,0,0.04)&#8221; da_disable_devices=&#8221;off|off|off&#8221; global_colors_info=&#8221;{}&#8221; da_is_popup=&#8221;off&#8221; da_exit_intent=&#8221;off&#8221; da_has_close=&#8221;on&#8221; da_alt_close=&#8221;off&#8221; da_dark_close=&#8221;off&#8221; da_not_modal=&#8221;on&#8221; da_is_singular=&#8221;off&#8221; da_with_loader=&#8221;off&#8221; da_has_shadow=&#8221;on&#8221;][et_pb_row _builder_version=&#8221;4.23.4&#8243; _module_preset=&#8221;default&#8221; global_colors_info=&#8221;{}&#8221;][et_pb_column type=&#8221;4_4&#8243; _builder_version=&#8221;4.23.4&#8243; _module_preset=&#8221;default&#8221; global_colors_info=&#8221;{}&#8221;][et_pb_heading title=&#8221;\u00daltimas publicaciones&#8221; module_id=&#8221;publica&#8221; _builder_version=&#8221;4.25.0&#8243; _module_preset=&#8221;default&#8221; custom_margin=&#8221;0px|||0px|false|false&#8221; custom_padding=&#8221;3px|||8px|false|false&#8221; border_width_left=&#8221;6px&#8221; border_color_left=&#8221;#34609B&#8221; global_colors_info=&#8221;{}&#8221;][\/et_pb_heading][\/et_pb_column][\/et_pb_row][et_pb_row _builder_version=&#8221;4.25.0&#8243; _module_preset=&#8221;default&#8221; global_colors_info=&#8221;{}&#8221;][et_pb_column type=&#8221;4_4&#8243; _builder_version=&#8221;4.25.0&#8243; _module_preset=&#8221;default&#8221; global_colors_info=&#8221;{}&#8221;][et_pb_code _builder_version=&#8221;4.25.2&#8243; _module_preset=&#8221;default&#8221; global_colors_info=&#8221;{}&#8221;]<\/p>\n<div data-type=\"items\" data-id=\"1\" data-query=\"e3NvbG9QdWJsaWNhY2lvbmVzQ3NpYzpmYWxzZSx0aXBvbG9naWFzTm9ybWFsaXphZGFzOnRydWUsdGlwb2xvZ2lhc0FydGljdWxvOnRydWUsdGlwb2xvZ2lhc0FydGljdWxvRGVSZXZpc2lvbjp0cnVlLHRpcG9sb2dpYXNDYXBpdHVsb0RlTGlicm86dHJ1ZSx0aXBvbG9naWFzQ2FydGE6dHJ1ZSx0aXBvbG9naWFzTGlicm86dHJ1ZSxvY3VsdGFyRHVwbGljYWRvczp0cnVlLGZ1ZW50ZUZpbHRybzowLGNyaXRlcmlvc0F1dG9yQWZpbDpbImF1dG9yKDM3NDkyKSJdfSA=\" data-fields=\"year;titulo_doi;enlaces_aa;ndoctype;source_norm;cites;authors;publisher\" data-author-max-length=\"500\">Cargando publicaciones&#8230;<\/div>\n<p><!-- [et_pb_line_break_holder] --><script type=\"text\/javascript\" src=\"https:\/\/gesbib.urici.csic.es\/badge\/csi.min.js\"><\/script> [\/et_pb_code][\/et_pb_column][\/et_pb_row][\/et_pb_section][et_pb_section fb_built=&#8221;1&#8243; _builder_version=&#8221;4.23.4&#8243; _module_preset=&#8221;default&#8221; background_color=&#8221;#34609B&#8221; da_disable_devices=&#8221;off|off|off&#8221; global_colors_info=&#8221;{}&#8221; da_is_popup=&#8221;off&#8221; da_exit_intent=&#8221;off&#8221; da_has_close=&#8221;on&#8221; da_alt_close=&#8221;off&#8221; da_dark_close=&#8221;off&#8221; da_not_modal=&#8221;on&#8221; da_is_singular=&#8221;off&#8221; da_with_loader=&#8221;off&#8221; da_has_shadow=&#8221;on&#8221;][et_pb_row _builder_version=&#8221;4.23.4&#8243; _module_preset=&#8221;default&#8221; global_colors_info=&#8221;{}&#8221;][et_pb_column type=&#8221;4_4&#8243; _builder_version=&#8221;4.23.4&#8243; _module_preset=&#8221;default&#8221; global_colors_info=&#8221;{}&#8221;][et_pb_heading title=&#8221;Programas Cient\u00edficos&#8221; _builder_version=&#8221;4.25.0&#8243; _module_preset=&#8221;default&#8221; title_text_color=&#8221;#FFFFFF&#8221; title_font_size=&#8221;26px&#8221; global_colors_info=&#8221;{}&#8221;][\/et_pb_heading][\/et_pb_column][\/et_pb_row][et_pb_row column_structure=&#8221;1_4,1_4,1_4,1_4&#8243; use_custom_gutter=&#8221;on&#8221; gutter_width=&#8221;2&#8243; _builder_version=&#8221;4.25.0&#8243; _module_preset=&#8221;default&#8221; custom_margin=&#8221;||||false|false&#8221; custom_padding=&#8221;0px|0px|0px|0px|false|true&#8221; global_colors_info=&#8221;{}&#8221;][et_pb_column type=&#8221;1_4&#8243; _builder_version=&#8221;4.23.4&#8243; _module_preset=&#8221;default&#8221; global_colors_info=&#8221;{}&#8221;][et_pb_image src=&#8221;https:\/\/www.cbm.uam.es\/wp-content\/uploads\/2024\/05\/areas_proyects1_sf.png&#8221; title_text=&#8221;areas_proyects1_sf&#8221; url=&#8221;https:\/\/www.cbm.uam.es\/index.php\/programas-cientificos\/dinamica-y-funcion-del-genoma\/?lang=es&#8221; _builder_version=&#8221;4.25.0&#8243; _module_preset=&#8221;default&#8221; animation_style=&#8221;zoom&#8221; global_colors_info=&#8221;{}&#8221;][\/et_pb_image][\/et_pb_column][et_pb_column type=&#8221;1_4&#8243; _builder_version=&#8221;4.23.4&#8243; _module_preset=&#8221;default&#8221; global_colors_info=&#8221;{}&#8221;][et_pb_image src=&#8221;https:\/\/www.cbm.uam.es\/wp-content\/uploads\/2024\/05\/areas_proyects2_sf.png&#8221; title_text=&#8221;areas_proyects2_sf&#8221; url=&#8221;https:\/\/www.cbm.uam.es\/index.php\/programas-cientificos\/homeostasis-de-tejidos-y-organos\/?lang=es&#8221; _builder_version=&#8221;4.25.0&#8243; _module_preset=&#8221;default&#8221; animation_style=&#8221;zoom&#8221; global_colors_info=&#8221;{}&#8221;][\/et_pb_image][\/et_pb_column][et_pb_column type=&#8221;1_4&#8243; _builder_version=&#8221;4.23.4&#8243; _module_preset=&#8221;default&#8221; global_colors_info=&#8221;{}&#8221;][et_pb_image src=&#8221;https:\/\/www.cbm.uam.es\/wp-content\/uploads\/2024\/05\/areas_proyects3_sf.png&#8221; title_text=&#8221;areas_proyects3_sf&#8221; url=&#8221;https:\/\/www.cbm.uam.es\/index.php\/programas-cientificos\/procesos-fisiologicos-y-patologicos\/?lang=es&#8221; _builder_version=&#8221;4.25.0&#8243; _module_preset=&#8221;default&#8221; animation_style=&#8221;zoom&#8221; global_colors_info=&#8221;{}&#8221;][\/et_pb_image][\/et_pb_column][et_pb_column type=&#8221;1_4&#8243; _builder_version=&#8221;4.23.4&#8243; _module_preset=&#8221;default&#8221; global_colors_info=&#8221;{}&#8221;][et_pb_image src=&#8221;https:\/\/www.cbm.uam.es\/wp-content\/uploads\/2024\/05\/areas_proyects4_sf.png&#8221; title_text=&#8221;areas_proyects4_sf&#8221; url=&#8221;https:\/\/www.cbm.uam.es\/index.php\/programas-cientificos\/interacciones-con-el-entorno\/?lang=es&#8221; _builder_version=&#8221;4.25.0&#8243; _module_preset=&#8221;default&#8221; animation_style=&#8221;zoom&#8221; global_colors_info=&#8221;{}&#8221;][\/et_pb_image][\/et_pb_column][\/et_pb_row][\/et_pb_section]<\/p>\n","protected":false},"excerpt":{"rendered":"<p>Programa Cient\u00edficoUNIDADES EN ESTE PROGRAMA Microorganismos en la salud y el bienestar Desarrollo y funci\u00f3n del sistema inmunitario ORCIDMediante la integraci\u00f3n de enfoques de biolog\u00eda molecular y bioqu\u00edmica junto con [&hellip;]<\/p>\n","protected":false},"author":11,"featured_media":0,"parent":283166,"menu_order":0,"comment_status":"closed","ping_status":"closed","template":"","meta":{"_et_pb_use_builder":"on","_et_pb_old_content":"","_et_gb_content_width":"","footnotes":""},"class_list":["post-283251","page","type-page","status-publish","hentry"],"yoast_head":"<!-- This site is optimized with the Yoast SEO plugin v27.4 - https:\/\/yoast.com\/product\/yoast-seo-wordpress\/ -->\n<title>Envoltura celular bacteriana durante el crecimiento preseptal - Centro de Biolog\u00eda Molecular Severo Ochoa<\/title>\n<meta name=\"robots\" content=\"index, follow, max-snippet:-1, max-image-preview:large, max-video-preview:-1\" \/>\n<link rel=\"canonical\" href=\"https:\/\/www.cbm.uam.es\/index.php\/scientific-programs\/interactions-with-the-environment\/microbes-in-health-and-welfare\/bacterial-cell-envelope-during-preseptal-growth\/\" \/>\n<meta property=\"og:locale\" content=\"en_US\" \/>\n<meta property=\"og:type\" content=\"article\" \/>\n<meta property=\"og:title\" content=\"Envoltura celular bacteriana durante el crecimiento preseptal - Centro de Biolog\u00eda Molecular Severo Ochoa\" \/>\n<meta property=\"og:description\" content=\"Programa Cient\u00edficoUNIDADES EN ESTE PROGRAMA Microorganismos en la salud y el bienestar Desarrollo y funci\u00f3n del sistema inmunitario ORCIDMediante la integraci\u00f3n de enfoques de biolog\u00eda molecular y bioqu\u00edmica junto con [&hellip;]\" \/>\n<meta property=\"og:url\" content=\"https:\/\/www.cbm.uam.es\/index.php\/scientific-programs\/interactions-with-the-environment\/microbes-in-health-and-welfare\/bacterial-cell-envelope-during-preseptal-growth\/\" \/>\n<meta property=\"og:site_name\" content=\"Centro de Biolog\u00eda Molecular Severo Ochoa\" \/>\n<meta property=\"article:modified_time\" content=\"2025-07-21T08:20:13+00:00\" \/>\n<meta name=\"twitter:card\" content=\"summary_large_image\" \/>\n<script type=\"application\/ld+json\" class=\"yoast-schema-graph\">{\"@context\":\"https:\\\/\\\/schema.org\",\"@graph\":[{\"@type\":\"WebPage\",\"@id\":\"https:\\\/\\\/www.cbm.uam.es\\\/index.php\\\/scientific-programs\\\/interactions-with-the-environment\\\/microbes-in-health-and-welfare\\\/bacterial-cell-envelope-during-preseptal-growth\\\/\",\"url\":\"https:\\\/\\\/www.cbm.uam.es\\\/index.php\\\/scientific-programs\\\/interactions-with-the-environment\\\/microbes-in-health-and-welfare\\\/bacterial-cell-envelope-during-preseptal-growth\\\/\",\"name\":\"Envoltura celular bacteriana durante el crecimiento preseptal - Centro de Biolog\u00eda Molecular Severo Ochoa\",\"isPartOf\":{\"@id\":\"https:\\\/\\\/www.cbm.uam.es\\\/?lang=es\\\/#website\"},\"datePublished\":\"2024-07-31T07:00:21+00:00\",\"dateModified\":\"2025-07-21T08:20:13+00:00\",\"breadcrumb\":{\"@id\":\"https:\\\/\\\/www.cbm.uam.es\\\/index.php\\\/scientific-programs\\\/interactions-with-the-environment\\\/microbes-in-health-and-welfare\\\/bacterial-cell-envelope-during-preseptal-growth\\\/#breadcrumb\"},\"inLanguage\":\"en-US\",\"potentialAction\":[{\"@type\":\"ReadAction\",\"target\":[\"https:\\\/\\\/www.cbm.uam.es\\\/index.php\\\/scientific-programs\\\/interactions-with-the-environment\\\/microbes-in-health-and-welfare\\\/bacterial-cell-envelope-during-preseptal-growth\\\/\"]}]},{\"@type\":\"BreadcrumbList\",\"@id\":\"https:\\\/\\\/www.cbm.uam.es\\\/index.php\\\/scientific-programs\\\/interactions-with-the-environment\\\/microbes-in-health-and-welfare\\\/bacterial-cell-envelope-during-preseptal-growth\\\/#breadcrumb\",\"itemListElement\":[{\"@type\":\"ListItem\",\"position\":1,\"name\":\"Portada\",\"item\":\"https:\\\/\\\/www.cbm.uam.es\\\/\"},{\"@type\":\"ListItem\",\"position\":2,\"name\":\"Programas Cient\u00edficos\",\"item\":\"https:\\\/\\\/www.cbm.uam.es\\\/index.php\\\/programas-cientificos\\\/?lang=es\"},{\"@type\":\"ListItem\",\"position\":3,\"name\":\"Interacciones con el entorno\",\"item\":\"https:\\\/\\\/www.cbm.uam.es\\\/index.php\\\/programas-cientificos\\\/interacciones-con-el-entorno\\\/?lang=es\"},{\"@type\":\"ListItem\",\"position\":4,\"name\":\"Microorganismos en la salud y el bienestar\",\"item\":\"https:\\\/\\\/www.cbm.uam.es\\\/index.php\\\/programas-cientificos\\\/interacciones-con-el-entorno\\\/microorganismos-en-la-salud-y-el-bienestar\\\/?lang=es\"},{\"@type\":\"ListItem\",\"position\":5,\"name\":\"Envoltura celular bacteriana durante el crecimiento preseptal\"}]},{\"@type\":\"WebSite\",\"@id\":\"https:\\\/\\\/www.cbm.uam.es\\\/?lang=es\\\/#website\",\"url\":\"https:\\\/\\\/www.cbm.uam.es\\\/?lang=es\\\/\",\"name\":\"Centro de Biolog\u00eda Molecular Severo Ochoa\",\"description\":\"Official website of the CBM, CSIC - UAM. Biomedical research centre.\",\"publisher\":{\"@id\":\"https:\\\/\\\/www.cbm.uam.es\\\/?lang=es\\\/#organization\"},\"potentialAction\":[{\"@type\":\"SearchAction\",\"target\":{\"@type\":\"EntryPoint\",\"urlTemplate\":\"https:\\\/\\\/www.cbm.uam.es\\\/?lang=es\\\/?s={search_term_string}\"},\"query-input\":{\"@type\":\"PropertyValueSpecification\",\"valueRequired\":true,\"valueName\":\"search_term_string\"}}],\"inLanguage\":\"en-US\"},{\"@type\":\"Organization\",\"@id\":\"https:\\\/\\\/www.cbm.uam.es\\\/?lang=es\\\/#organization\",\"name\":\"Centro de Biolog\u00eda Molecular Severo Ochoa\",\"url\":\"https:\\\/\\\/www.cbm.uam.es\\\/?lang=es\\\/\",\"logo\":{\"@type\":\"ImageObject\",\"inLanguage\":\"en-US\",\"@id\":\"https:\\\/\\\/www.cbm.uam.es\\\/?lang=es\\\/#\\\/schema\\\/logo\\\/image\\\/\",\"url\":\"https:\\\/\\\/www.cbm.uam.es\\\/wp-content\\\/uploads\\\/2024\\\/11\\\/Logo-CBM-color-fondo-transparente.png\",\"contentUrl\":\"https:\\\/\\\/www.cbm.uam.es\\\/wp-content\\\/uploads\\\/2024\\\/11\\\/Logo-CBM-color-fondo-transparente.png\",\"width\":800,\"height\":342,\"caption\":\"Centro de Biolog\u00eda Molecular Severo Ochoa\"},\"image\":{\"@id\":\"https:\\\/\\\/www.cbm.uam.es\\\/?lang=es\\\/#\\\/schema\\\/logo\\\/image\\\/\"}}]}<\/script>\n<!-- \/ Yoast SEO plugin. -->","yoast_head_json":{"title":"Envoltura celular bacteriana durante el crecimiento preseptal - Centro de Biolog\u00eda Molecular Severo Ochoa","robots":{"index":"index","follow":"follow","max-snippet":"max-snippet:-1","max-image-preview":"max-image-preview:large","max-video-preview":"max-video-preview:-1"},"canonical":"https:\/\/www.cbm.uam.es\/index.php\/scientific-programs\/interactions-with-the-environment\/microbes-in-health-and-welfare\/bacterial-cell-envelope-during-preseptal-growth\/","og_locale":"en_US","og_type":"article","og_title":"Envoltura celular bacteriana durante el crecimiento preseptal - Centro de Biolog\u00eda Molecular Severo Ochoa","og_description":"Programa Cient\u00edficoUNIDADES EN ESTE PROGRAMA Microorganismos en la salud y el bienestar Desarrollo y funci\u00f3n del sistema inmunitario ORCIDMediante la integraci\u00f3n de enfoques de biolog\u00eda molecular y bioqu\u00edmica junto con [&hellip;]","og_url":"https:\/\/www.cbm.uam.es\/index.php\/scientific-programs\/interactions-with-the-environment\/microbes-in-health-and-welfare\/bacterial-cell-envelope-during-preseptal-growth\/","og_site_name":"Centro de Biolog\u00eda Molecular Severo Ochoa","article_modified_time":"2025-07-21T08:20:13+00:00","twitter_card":"summary_large_image","schema":{"@context":"https:\/\/schema.org","@graph":[{"@type":"WebPage","@id":"https:\/\/www.cbm.uam.es\/index.php\/scientific-programs\/interactions-with-the-environment\/microbes-in-health-and-welfare\/bacterial-cell-envelope-during-preseptal-growth\/","url":"https:\/\/www.cbm.uam.es\/index.php\/scientific-programs\/interactions-with-the-environment\/microbes-in-health-and-welfare\/bacterial-cell-envelope-during-preseptal-growth\/","name":"Envoltura celular bacteriana durante el crecimiento preseptal - Centro de Biolog\u00eda Molecular Severo Ochoa","isPartOf":{"@id":"https:\/\/www.cbm.uam.es\/?lang=es\/#website"},"datePublished":"2024-07-31T07:00:21+00:00","dateModified":"2025-07-21T08:20:13+00:00","breadcrumb":{"@id":"https:\/\/www.cbm.uam.es\/index.php\/scientific-programs\/interactions-with-the-environment\/microbes-in-health-and-welfare\/bacterial-cell-envelope-during-preseptal-growth\/#breadcrumb"},"inLanguage":"en-US","potentialAction":[{"@type":"ReadAction","target":["https:\/\/www.cbm.uam.es\/index.php\/scientific-programs\/interactions-with-the-environment\/microbes-in-health-and-welfare\/bacterial-cell-envelope-during-preseptal-growth\/"]}]},{"@type":"BreadcrumbList","@id":"https:\/\/www.cbm.uam.es\/index.php\/scientific-programs\/interactions-with-the-environment\/microbes-in-health-and-welfare\/bacterial-cell-envelope-during-preseptal-growth\/#breadcrumb","itemListElement":[{"@type":"ListItem","position":1,"name":"Portada","item":"https:\/\/www.cbm.uam.es\/"},{"@type":"ListItem","position":2,"name":"Programas Cient\u00edficos","item":"https:\/\/www.cbm.uam.es\/index.php\/programas-cientificos\/?lang=es"},{"@type":"ListItem","position":3,"name":"Interacciones con el entorno","item":"https:\/\/www.cbm.uam.es\/index.php\/programas-cientificos\/interacciones-con-el-entorno\/?lang=es"},{"@type":"ListItem","position":4,"name":"Microorganismos en la salud y el bienestar","item":"https:\/\/www.cbm.uam.es\/index.php\/programas-cientificos\/interacciones-con-el-entorno\/microorganismos-en-la-salud-y-el-bienestar\/?lang=es"},{"@type":"ListItem","position":5,"name":"Envoltura celular bacteriana durante el crecimiento preseptal"}]},{"@type":"WebSite","@id":"https:\/\/www.cbm.uam.es\/?lang=es\/#website","url":"https:\/\/www.cbm.uam.es\/?lang=es\/","name":"Centro de Biolog\u00eda Molecular Severo Ochoa","description":"Official website of the CBM, CSIC - UAM. Biomedical research centre.","publisher":{"@id":"https:\/\/www.cbm.uam.es\/?lang=es\/#organization"},"potentialAction":[{"@type":"SearchAction","target":{"@type":"EntryPoint","urlTemplate":"https:\/\/www.cbm.uam.es\/?lang=es\/?s={search_term_string}"},"query-input":{"@type":"PropertyValueSpecification","valueRequired":true,"valueName":"search_term_string"}}],"inLanguage":"en-US"},{"@type":"Organization","@id":"https:\/\/www.cbm.uam.es\/?lang=es\/#organization","name":"Centro de Biolog\u00eda Molecular Severo Ochoa","url":"https:\/\/www.cbm.uam.es\/?lang=es\/","logo":{"@type":"ImageObject","inLanguage":"en-US","@id":"https:\/\/www.cbm.uam.es\/?lang=es\/#\/schema\/logo\/image\/","url":"https:\/\/www.cbm.uam.es\/wp-content\/uploads\/2024\/11\/Logo-CBM-color-fondo-transparente.png","contentUrl":"https:\/\/www.cbm.uam.es\/wp-content\/uploads\/2024\/11\/Logo-CBM-color-fondo-transparente.png","width":800,"height":342,"caption":"Centro de Biolog\u00eda Molecular Severo Ochoa"},"image":{"@id":"https:\/\/www.cbm.uam.es\/?lang=es\/#\/schema\/logo\/image\/"}}]}},"_links":{"self":[{"href":"https:\/\/www.cbm.uam.es\/index.php\/wp-json\/wp\/v2\/pages\/283251","targetHints":{"allow":["GET"]}}],"collection":[{"href":"https:\/\/www.cbm.uam.es\/index.php\/wp-json\/wp\/v2\/pages"}],"about":[{"href":"https:\/\/www.cbm.uam.es\/index.php\/wp-json\/wp\/v2\/types\/page"}],"author":[{"embeddable":true,"href":"https:\/\/www.cbm.uam.es\/index.php\/wp-json\/wp\/v2\/users\/11"}],"replies":[{"embeddable":true,"href":"https:\/\/www.cbm.uam.es\/index.php\/wp-json\/wp\/v2\/comments?post=283251"}],"version-history":[{"count":1,"href":"https:\/\/www.cbm.uam.es\/index.php\/wp-json\/wp\/v2\/pages\/283251\/revisions"}],"predecessor-version":[{"id":291364,"href":"https:\/\/www.cbm.uam.es\/index.php\/wp-json\/wp\/v2\/pages\/283251\/revisions\/291364"}],"up":[{"embeddable":true,"href":"https:\/\/www.cbm.uam.es\/index.php\/wp-json\/wp\/v2\/pages\/283166"}],"wp:attachment":[{"href":"https:\/\/www.cbm.uam.es\/index.php\/wp-json\/wp\/v2\/media?parent=283251"}],"curies":[{"name":"wp","href":"https:\/\/api.w.org\/{rel}","templated":true}]}}