{"id":284223,"date":"2024-08-22T10:30:22","date_gmt":"2024-08-22T08:30:22","guid":{"rendered":"https:\/\/dhcp205002.cbm.uam.es\/index.php\/programas-cientificos\/interacciones-con-el-entorno\/microorganismos-en-la-salud-y-el-bienestar\/evolucion-de-virus-de-adn-de-cadena-sencilla-patogenesis-y-potencial-anti-cancer\/"},"modified":"2026-02-16T13:00:29","modified_gmt":"2026-02-16T12:00:29","slug":"evolucion-de-virus-de-adn-de-cadena-sencilla-patogenesis-y-potencial-anti-cancer","status":"publish","type":"page","link":"https:\/\/www.cbm.uam.es\/index.php\/programas-cientificos\/interacciones-con-el-entorno\/microorganismos-en-la-salud-y-el-bienestar\/evolucion-de-virus-de-adn-de-cadena-sencilla-patogenesis-y-potencial-anti-cancer\/?lang=es","title":{"rendered":"Evoluci\u00f3n de virus de ADN de cadena sencilla, patog\u00e9nesis y potencial anti-c\u00e1ncer"},"content":{"rendered":"<p>[et_pb_section fb_built=&#8221;1&#8243; _builder_version=&#8221;4.27.0&#8243; _module_preset=&#8221;default&#8221; background_color=&#8221;#34609B&#8221; background_image=&#8221;https:\/\/www.cbm.uam.es\/wp-content\/uploads\/2024\/07\/iStock-1833377669small-scaled.jpg&#8221; background_position=&#8221;bottom_center&#8221; background_vertical_offset=&#8221;32%&#8221; min_height=&#8221;352px&#8221; height=&#8221;294px&#8221; da_disable_devices=&#8221;off|off|off&#8221; global_colors_info=&#8221;{}&#8221; da_is_popup=&#8221;off&#8221; da_exit_intent=&#8221;off&#8221; da_has_close=&#8221;on&#8221; da_alt_close=&#8221;off&#8221; da_dark_close=&#8221;off&#8221; da_not_modal=&#8221;on&#8221; da_is_singular=&#8221;off&#8221; da_with_loader=&#8221;off&#8221; da_has_shadow=&#8221;on&#8221;][et_pb_row column_structure=&#8221;2_5,3_5&#8243; use_custom_gutter=&#8221;on&#8221; gutter_width=&#8221;4&#8243; _builder_version=&#8221;4.23.4&#8243; _module_preset=&#8221;default&#8221; background_color=&#8221;RGBA(255,255,255,0)&#8221; custom_margin=&#8221;61px||||false|false&#8221; custom_padding=&#8221;||0px|||&#8221; global_colors_info=&#8221;{}&#8221;][et_pb_column type=&#8221;2_5&#8243; _builder_version=&#8221;4.23.4&#8243; _module_preset=&#8221;default&#8221; background_color=&#8221;rgba(52,96,155,0.83)&#8221; custom_padding=&#8221;50px||50px|50px|false|false&#8221; border_radii=&#8221;on|15px|15px|15px|15px&#8221; global_colors_info=&#8221;{}&#8221;][et_pb_text _builder_version=&#8221;4.25.0&#8243; _module_preset=&#8221;default&#8221; text_text_color=&#8221;#FFFFFF&#8221; custom_margin=&#8221;0px||10px||false|false&#8221; custom_padding=&#8221;0px||0px||false|false&#8221; global_colors_info=&#8221;{}&#8221;]<\/p>\n<p>Programa Cient\u00edfico<\/p>\n<p>[\/et_pb_text][et_pb_heading title=&#8221;Interacciones con el entorno&#8221; _builder_version=&#8221;4.27.0&#8243; _module_preset=&#8221;default&#8221; title_font=&#8221;Montserrat||||||||&#8221; title_text_color=&#8221;#FFFFFF&#8221; title_font_size=&#8221;43px&#8221; global_colors_info=&#8221;{}&#8221;][\/et_pb_heading][\/et_pb_column][et_pb_column type=&#8221;3_5&#8243; _builder_version=&#8221;4.23.4&#8243; _module_preset=&#8221;default&#8221; custom_padding=&#8221;157px||||false|false&#8221; global_colors_info=&#8221;{}&#8221;][et_pb_text _builder_version=&#8221;4.25.0&#8243; _module_preset=&#8221;default&#8221; global_colors_info=&#8221;{}&#8221;]<\/p>\n<h4 style=\"text-align: center;\"><span style=\"color: #13b5bd;\">UNIDADES EN ESTE PROGRAMA<br \/>\n<\/span><\/h4>\n<hr>\n<h6 style=\"text-align: center;\"><span style=\"color: #13b5bd;\"><br \/>\n<a href=\"https:\/\/www.cbm.uam.es\/index.php\/programas-cientificos\/interacciones-con-el-entorno\/microorganismos-en-la-salud-y-el-bienestar\/?lang=es\">Microorganismos en la salud y el bienestar<\/a><\/span> <span style=\"color: #abb8c3;\"><a href=\"https:\/\/www.cbm.uam.es\/index.php\/programas-cientificos\/interacciones-con-el-entorno\/desarrollo-y-funcion-del-sistema-inmunitario\/?lang=es\">Desarrollo y funci\u00f3n del sistema inmunitario<\/a><\/span> <\/h6>\n<p>[\/et_pb_text][\/et_pb_column][\/et_pb_row][\/et_pb_section][et_pb_section fb_built=&#8221;1&#8243; _builder_version=&#8221;4.23.4&#8243; _module_preset=&#8221;default&#8221; background_enable_image=&#8221;off&#8221; background_size=&#8221;custom&#8221; background_image_height=&#8221;84%&#8221; background_position=&#8221;bottom_right&#8221; custom_margin=&#8221;||0px||false|false&#8221; custom_padding=&#8221;||0px||false|false&#8221; da_disable_devices=&#8221;off|off|off&#8221; global_colors_info=&#8221;{}&#8221; da_is_popup=&#8221;off&#8221; da_exit_intent=&#8221;off&#8221; da_has_close=&#8221;on&#8221; da_alt_close=&#8221;off&#8221; da_dark_close=&#8221;off&#8221; da_not_modal=&#8221;on&#8221; da_is_singular=&#8221;off&#8221; da_with_loader=&#8221;off&#8221; da_has_shadow=&#8221;on&#8221;][et_pb_row _builder_version=&#8221;4.23.4&#8243; _module_preset=&#8221;default&#8221; custom_margin=&#8221;||0px||false|false&#8221; custom_padding=&#8221;||0px||false|false&#8221; global_colors_info=&#8221;{}&#8221;][et_pb_column type=&#8221;4_4&#8243; _builder_version=&#8221;4.23.4&#8243; _module_preset=&#8221;default&#8221; global_colors_info=&#8221;{}&#8221;][et_pb_heading title=&#8221;GRUPO DE INVESTIGACI\u00d3N&#8221; _builder_version=&#8221;4.25.0&#8243; _module_preset=&#8221;default&#8221; title_level=&#8221;h5&#8243; title_text_color=&#8221;#13B5BD&#8221; custom_margin=&#8221;50px||0px||false|false&#8221; global_colors_info=&#8221;{}&#8221;][\/et_pb_heading][et_pb_blurb title=&#8221;Evoluci\u00f3n de virus de ADN de cadena sencilla, patog\u00e9nesis y potencial anti-c\u00e1ncer&#8221; use_icon=&#8221;on&#8221; font_icon=&#8221;&#xe046;||divi||400&#8243; icon_color=&#8221;#13B5BD&#8221; icon_placement=&#8221;left&#8221; image_icon_width=&#8221;26px&#8221; content_max_width=&#8221;1100px&#8221; content_max_width_tablet=&#8221;1100px&#8221; content_max_width_last_edited=&#8221;off|desktop&#8221; _builder_version=&#8221;4.27.0&#8243; header_level=&#8221;h1&#8243; header_font=&#8221;Montserrat||||||||&#8221; header_text_color=&#8221;#000000&#8243; header_font_size=&#8221;29px&#8221; header_line_height=&#8221;1.4em&#8221; body_font=&#8221;||||||||&#8221; body_font_size=&#8221;15px&#8221; body_line_height=&#8221;1.8em&#8221; image_icon_custom_margin=&#8221;6px||||false|false&#8221; background_layout=&#8221;dark&#8221; custom_margin=&#8221;|||&#8221; custom_padding=&#8221;||14px||false|false&#8221; animation_style=&#8221;slide&#8221; animation_direction=&#8221;right&#8221; animation_intensity_slide=&#8221;10%&#8221; animation=&#8221;off&#8221; image_max_width=&#8221;64px&#8221; global_colors_info=&#8221;{}&#8221;][\/et_pb_blurb][\/et_pb_column][\/et_pb_row][\/et_pb_section][et_pb_section fb_built=&#8221;1&#8243; _builder_version=&#8221;4.23.4&#8243; _module_preset=&#8221;default&#8221; background_color=&#8221;rgba(175,218,249,0.18)&#8221; custom_padding=&#8221;0px||0px||false|false&#8221; da_disable_devices=&#8221;off|off|off&#8221; global_colors_info=&#8221;{}&#8221; da_is_popup=&#8221;off&#8221; da_exit_intent=&#8221;off&#8221; da_has_close=&#8221;on&#8221; da_alt_close=&#8221;off&#8221; da_dark_close=&#8221;off&#8221; da_not_modal=&#8221;on&#8221; da_is_singular=&#8221;off&#8221; da_with_loader=&#8221;off&#8221; da_has_shadow=&#8221;on&#8221;][et_pb_row column_structure=&#8221;1_4,3_4&#8243; _builder_version=&#8221;4.23.4&#8243; _module_preset=&#8221;default&#8221; global_colors_info=&#8221;{}&#8221; theme_builder_area=&#8221;post_content&#8221;][et_pb_column type=&#8221;1_4&#8243; _builder_version=&#8221;4.23.4&#8243; _module_preset=&#8221;default&#8221; global_colors_info=&#8221;{}&#8221; theme_builder_area=&#8221;post_content&#8221;][et_pb_image src=&#8221;\/imgs\/91.jpg&#8221; title_text=&#8221;logoRecurso 7&#8243; align=&#8221;right&#8221; module_class=&#8221;roundedImg&#8221; _builder_version=&#8221;4.27.4&#8243; _module_preset=&#8221;default&#8221; hover_enabled=&#8221;0&#8243; global_colors_info=&#8221;{}&#8221; theme_builder_area=&#8221;post_content&#8221; sticky_enabled=&#8221;0&#8243;][\/et_pb_image][\/et_pb_column][et_pb_column type=&#8221;3_4&#8243; _builder_version=&#8221;4.23.4&#8243; _module_preset=&#8221;default&#8221; global_colors_info=&#8221;{}&#8221; theme_builder_area=&#8221;post_content&#8221;][et_pb_heading title=&#8221;Jose Maria Almendral del Rio&#8221; _builder_version=&#8221;4.27.0&#8243; _module_preset=&#8221;default&#8221; title_level=&#8221;h3&#8243; title_text_align=&#8221;left&#8221; title_text_color=&#8221;#008C93&#8243; global_colors_info=&#8221;{}&#8221; locked=&#8221;off&#8221; theme_builder_area=&#8221;post_content&#8221;][\/et_pb_heading][et_pb_text _builder_version=&#8221;4.27.0&#8243; _module_preset=&#8221;default&#8221; custom_margin=&#8221;-27px||||false|false&#8221; link_option_url_new_window=&#8221;on&#8221; global_colors_info=&#8221;{}&#8221; locked=&#8221;off&#8221; theme_builder_area=&#8221;post_content&#8221;]<\/p>\n<p style=\"text-align: left;\">\n<a href=\"https:\/\/orcid.org\/0000-0003-0192-4144\" target=\"_blank\" rel=\"noopener\">ORCID<\/a><\/p>\n<p>[\/et_pb_text][\/et_pb_column][\/et_pb_row][\/et_pb_section][et_pb_section fb_built=&#8221;1&#8243; _builder_version=&#8221;4.23.4&#8243; _module_preset=&#8221;default&#8221; background_color=&#8221;#13B5BD&#8221; custom_margin=&#8221;0px||0px||false|false&#8221; custom_padding=&#8221;0px||0px||false|false&#8221; da_disable_devices=&#8221;off|off|off&#8221; global_colors_info=&#8221;{}&#8221; da_is_popup=&#8221;off&#8221; da_exit_intent=&#8221;off&#8221; da_has_close=&#8221;on&#8221; da_alt_close=&#8221;off&#8221; da_dark_close=&#8221;off&#8221; da_not_modal=&#8221;on&#8221; da_is_singular=&#8221;off&#8221; da_with_loader=&#8221;off&#8221; da_has_shadow=&#8221;on&#8221;][et_pb_row column_structure=&#8221;1_3,1_3,1_3&#8243; _builder_version=&#8221;4.23.4&#8243; _module_preset=&#8221;default&#8221; global_colors_info=&#8221;{}&#8221;][et_pb_column type=&#8221;1_3&#8243; _builder_version=&#8221;4.23.4&#8243; _module_preset=&#8221;default&#8221; global_colors_info=&#8221;{}&#8221;][et_pb_button button_url=&#8221;#investiga&#8221; button_text=&#8221;Investigaci\u00f3n&#8221; button_alignment=&#8221;center&#8221; _builder_version=&#8221;4.25.0&#8243; _module_preset=&#8221;default&#8221; custom_button=&#8221;on&#8221; button_bg_color=&#8221;#34609B&#8221; animation_style=&#8221;zoom&#8221; global_colors_info=&#8221;{}&#8221;][\/et_pb_button][\/et_pb_column][et_pb_column type=&#8221;1_3&#8243; _builder_version=&#8221;4.23.4&#8243; _module_preset=&#8221;default&#8221; global_colors_info=&#8221;{}&#8221;][et_pb_button button_url=&#8221;#personal&#8221; button_text=&#8221;Miembros del grupo&#8221; button_alignment=&#8221;center&#8221; _builder_version=&#8221;4.25.0&#8243; _module_preset=&#8221;default&#8221; custom_button=&#8221;on&#8221; button_bg_color=&#8221;#34609B&#8221; custom_padding=&#8221;|44px||44px|false|true&#8221; animation_style=&#8221;zoom&#8221; global_colors_info=&#8221;{}&#8221;][\/et_pb_button][\/et_pb_column][et_pb_column type=&#8221;1_3&#8243; _builder_version=&#8221;4.23.4&#8243; _module_preset=&#8221;default&#8221; global_colors_info=&#8221;{}&#8221;][et_pb_button button_url=&#8221;#publica&#8221; button_text=&#8221;Publicaciones&#8221; button_alignment=&#8221;center&#8221; _builder_version=&#8221;4.25.0&#8243; _module_preset=&#8221;default&#8221; custom_button=&#8221;on&#8221; button_bg_color=&#8221;#34609B&#8221; animation_style=&#8221;zoom&#8221; global_colors_info=&#8221;{}&#8221;][\/et_pb_button][\/et_pb_column][\/et_pb_row][\/et_pb_section][et_pb_section fb_built=&#8221;1&#8243; _builder_version=&#8221;4.23.4&#8243; _module_preset=&#8221;default&#8221; background_enable_image=&#8221;off&#8221; background_size=&#8221;custom&#8221; background_image_height=&#8221;84%&#8221; background_position=&#8221;bottom_right&#8221; custom_margin=&#8221;0px||0px||false|false&#8221; custom_padding=&#8221;0px||15px||false|false&#8221; da_disable_devices=&#8221;off|off|off&#8221; global_colors_info=&#8221;{}&#8221; da_is_popup=&#8221;off&#8221; da_exit_intent=&#8221;off&#8221; da_has_close=&#8221;on&#8221; da_alt_close=&#8221;off&#8221; da_dark_close=&#8221;off&#8221; da_not_modal=&#8221;on&#8221; da_is_singular=&#8221;off&#8221; da_with_loader=&#8221;off&#8221; da_has_shadow=&#8221;on&#8221;][et_pb_row column_structure=&#8221;1_2,1_2&#8243; use_custom_gutter=&#8221;on&#8221; gutter_width=&#8221;2&#8243; _builder_version=&#8221;4.23.4&#8243; _module_preset=&#8221;default&#8221; custom_margin=&#8221;20px||||false|false&#8221; custom_padding=&#8221;||||false|false&#8221; global_colors_info=&#8221;{}&#8221;][et_pb_column type=&#8221;1_2&#8243; _builder_version=&#8221;4.23.4&#8243; _module_preset=&#8221;default&#8221; global_colors_info=&#8221;{}&#8221;][et_pb_text admin_label=&#8221;resumen&#8221; module_id=&#8221;resumen&#8221; module_class=&#8221;resumen&#8221; _builder_version=&#8221;4.27.0&#8243; _module_preset=&#8221;default&#8221; text_font_size=&#8221;15px&#8221; text_line_height=&#8221;1.8em&#8221; background_color=&#8221;#f1f8fe&#8221; custom_padding=&#8221;20px|20px|20px|20px|true|false&#8221; border_width_top=&#8221;1px&#8221; border_color_top=&#8221;#008C93&#8243; border_width_bottom=&#8221;1px&#8221; border_color_bottom=&#8221;#008C93&#8243; global_colors_info=&#8221;{}&#8221;]<\/p>\n<p style=\"text-align: justify;\">Evoluci\u00f3n de virus de ADN de cadena sencilla, patog\u00e9nesis y potencial anti-cancer.<br \/>Investigamos la biolog\u00eda molecular de los virus ssDNA, con especial \u00e9nfasis en los miembros de la familia Parvoviridae, para comprender sus patrones de evoluci\u00f3n, los mecanismos subyacentes a su patogenicidad, las etapas de su ciclo vital, y su potencial oncol\u00edtico contra c\u00e1ncer humano.<\/p>\n<p>[\/et_pb_text][\/et_pb_column][et_pb_column type=&#8221;1_2&#8243; _builder_version=&#8221;4.23.4&#8243; _module_preset=&#8221;default&#8221; custom_padding=&#8221;||||false|false&#8221; global_colors_info=&#8221;{}&#8221;][et_pb_image src=&#8221;data:image\/svg+xml;base64,PHN2ZyB3aWR0aD0iMTA4MCIgaGVpZ2h0PSI1NDAiIHZpZXdCb3g9IjAgMCAxMDgwIDU0MCIgeG1sbnM9Imh0dHA6Ly93d3cudzMub3JnLzIwMDAvc3ZnIj4KICAgIDxnIGZpbGw9Im5vbmUiIGZpbGwtcnVsZT0iZXZlbm9kZCI+CiAgICAgICAgPHBhdGggZmlsbD0iI0VCRUJFQiIgZD0iTTAgMGgxMDgwdjU0MEgweiIvPgogICAgICAgIDxwYXRoIGQ9Ik00NDUuNjQ5IDU0MGgtOTguOTk1TDE0NC42NDkgMzM3Ljk5NSAwIDQ4Mi42NDR2LTk4Ljk5NWwxMTYuMzY1LTExNi4zNjVjMTUuNjItMTUuNjIgNDAuOTQ3LTE1LjYyIDU2LjU2OCAwTDQ0NS42NSA1NDB6IiBmaWxsLW9wYWNpdHk9Ii4xIiBmaWxsPSIjMDAwIiBmaWxsLXJ1bGU9Im5vbnplcm8iLz4KICAgICAgICA8Y2lyY2xlIGZpbGwtb3BhY2l0eT0iLjA1IiBmaWxsPSIjMDAwIiBjeD0iMzMxIiBjeT0iMTQ4IiByPSI3MCIvPgogICAgICAgIDxwYXRoIGQ9Ik0xMDgwIDM3OXYxMTMuMTM3TDcyOC4xNjIgMTQwLjMgMzI4LjQ2MiA1NDBIMjE1LjMyNEw2OTkuODc4IDU1LjQ0NmMxNS42Mi0xNS42MiA0MC45NDgtMTUuNjIgNTYuNTY4IDBMMTA4MCAzNzl6IiBmaWxsLW9wYWNpdHk9Ii4yIiBmaWxsPSIjMDAwIiBmaWxsLXJ1bGU9Im5vbnplcm8iLz4KICAgIDwvZz4KPC9zdmc+Cg==&#8221; title_text=&#8221; &#8221; _builder_version=&#8221;4.25.0&#8243; _module_preset=&#8221;default&#8221; animation_style=&#8221;zoom&#8221; global_colors_info=&#8221;{}&#8221;][\/et_pb_image][\/et_pb_column][\/et_pb_row][et_pb_row column_structure=&#8221;3_5,2_5&#8243; _builder_version=&#8221;4.23.4&#8243; _module_preset=&#8221;default&#8221; custom_margin=&#8221;||||false|false&#8221; custom_padding=&#8221;0px||||false|false&#8221; global_colors_info=&#8221;{}&#8221;][et_pb_column type=&#8221;3_5&#8243; _builder_version=&#8221;4.23.4&#8243; _module_preset=&#8221;default&#8221; global_colors_info=&#8221;{}&#8221;][et_pb_heading title=&#8221;Investigaci\u00f3n&#8221; module_id=&#8221;investiga&#8221; _builder_version=&#8221;4.25.0&#8243; _module_preset=&#8221;default&#8221; custom_margin=&#8221;0px|||0px|false|false&#8221; custom_padding=&#8221;3px|||8px|false|false&#8221; border_width_left=&#8221;6px&#8221; border_color_left=&#8221;#34609B&#8221; global_colors_info=&#8221;{}&#8221;][\/et_pb_heading][et_pb_text _builder_version=&#8221;4.27.0&#8243; _module_preset=&#8221;default&#8221; global_colors_info=&#8221;{}&#8221;]<\/p>\n<p style=\"text-align: justify;\">Investigamos la biolog\u00eda molecular de los virus ssDNA, con especial \u00e9nfasis en los miembros de la familia Parvoviridae, para comprender sus patrones de evoluci\u00f3n, los mecanismos subyacentes a su patogenicidad, las etapas de su ciclo vital, y su potencial oncol\u00edtico contra c\u00e1ncer humano.<\/p>\n<p style=\"text-align: justify;\"><strong>Patogenicidad.<\/strong><\/p>\n<div id=\"sppb-addon-1704965790064\" class=\"clearfix\">\n<div class=\"sppb-addon sppb-addon-text-block \">\n<div class=\"sppb-addon-content\">\n<p style=\"text-align: justify;\">En estos estudios, combinamos las infecciones de ratones con el an\u00e1lisis de la secuencia de las variantes gen\u00e9ticas del parvovirus Virus M\u00ednimo del Rat\u00f3n (MVM) que surgen en fases precisas de las enfermedades causadas. La capacidad evolutiva de este virus en respuesta a las presiones inmunitarias y adaptativas se controla mediante la secuenciaci\u00f3n del genoma. Esto permite, en determinados casos, localizar los cambios de amino\u00e1cidos seleccionados en dominios funcionales definidos de la estructura tridimensional de la c\u00e1pside.  <\/p>\n<p style=\"text-align: justify;\"><strong>Ciclo Vital del parvovirus MVM.<\/strong><\/p>\n<p style=\"text-align: justify;\">La capacidad de infecci\u00f3n preferente de las c\u00e9lulas cancerosas (oncolisis) por MVM se est\u00e1 abordando mediante un an\u00e1lisis en profundidad de las etapas del ciclo vital del virus en las c\u00e9lulas cancerosas humanas, con el fin de identificar los reguladores y las interacciones moleculares precisas en cada etapa principal del ciclo vital del virus. As\u00ed, demostramos que el ensamblaje de la c\u00e1pside procede como intermediarios trim\u00e9ricos que se translocan a trav\u00e9s de la envoltura nuclear en la fase S del ciclo celular, y esta competencia de transporte nuclear depende de la fosforilaci\u00f3n en sitios espec\u00edficos de las subunidades proteicas mediada por la quinasa Raf-1 (ruta MAPK) com\u00fanmente desregulada en las c\u00e9lulas cancerosas. <\/p>\n<\/div>\n<\/div>\n<\/div>\n<p>[\/et_pb_text][\/et_pb_column][et_pb_column type=&#8221;2_5&#8243; _builder_version=&#8221;4.23.4&#8243; _module_preset=&#8221;default&#8221; global_colors_info=&#8221;{}&#8221;][et_pb_image src=&#8221;data:image\/svg+xml;base64,PHN2ZyB3aWR0aD0iMTA4MCIgaGVpZ2h0PSI1NDAiIHZpZXdCb3g9IjAgMCAxMDgwIDU0MCIgeG1sbnM9Imh0dHA6Ly93d3cudzMub3JnLzIwMDAvc3ZnIj4KICAgIDxnIGZpbGw9Im5vbmUiIGZpbGwtcnVsZT0iZXZlbm9kZCI+CiAgICAgICAgPHBhdGggZmlsbD0iI0VCRUJFQiIgZD0iTTAgMGgxMDgwdjU0MEgweiIvPgogICAgICAgIDxwYXRoIGQ9Ik00NDUuNjQ5IDU0MGgtOTguOTk1TDE0NC42NDkgMzM3Ljk5NSAwIDQ4Mi42NDR2LTk4Ljk5NWwxMTYuMzY1LTExNi4zNjVjMTUuNjItMTUuNjIgNDAuOTQ3LTE1LjYyIDU2LjU2OCAwTDQ0NS42NSA1NDB6IiBmaWxsLW9wYWNpdHk9Ii4xIiBmaWxsPSIjMDAwIiBmaWxsLXJ1bGU9Im5vbnplcm8iLz4KICAgICAgICA8Y2lyY2xlIGZpbGwtb3BhY2l0eT0iLjA1IiBmaWxsPSIjMDAwIiBjeD0iMzMxIiBjeT0iMTQ4IiByPSI3MCIvPgogICAgICAgIDxwYXRoIGQ9Ik0xMDgwIDM3OXYxMTMuMTM3TDcyOC4xNjIgMTQwLjMgMzI4LjQ2MiA1NDBIMjE1LjMyNEw2OTkuODc4IDU1LjQ0NmMxNS42Mi0xNS42MiA0MC45NDgtMTUuNjIgNTYuNTY4IDBMMTA4MCAzNzl6IiBmaWxsLW9wYWNpdHk9Ii4yIiBmaWxsPSIjMDAwIiBmaWxsLXJ1bGU9Im5vbnplcm8iLz4KICAgIDwvZz4KPC9zdmc+Cg==&#8221; title_text=&#8221; &#8221; _builder_version=&#8221;4.25.0&#8243; _module_preset=&#8221;default&#8221; custom_margin=&#8221;60px||||false|false&#8221; custom_padding=&#8221;|||27px||&#8221; animation_style=&#8221;zoom&#8221; border_width_all=&#8221;3px&#8221; border_color_all=&#8221;#13B5BD&#8221; box_shadow_style=&#8221;preset3&#8243; global_colors_info=&#8221;{}&#8221;][\/et_pb_image][\/et_pb_column][\/et_pb_row][et_pb_row _builder_version=&#8221;4.23.4&#8243; _module_preset=&#8221;default&#8221; custom_padding=&#8221;0px||||false|false&#8221; global_colors_info=&#8221;{}&#8221;][et_pb_column type=&#8221;4_4&#8243; _builder_version=&#8221;4.23.4&#8243; _module_preset=&#8221;default&#8221; global_colors_info=&#8221;{}&#8221;][et_pb_text _builder_version=&#8221;4.27.0&#8243; _module_preset=&#8221;default&#8221; global_colors_info=&#8221;{}&#8221;]<\/p>\n<p style=\"text-align: justify;\">Un aspecto de la regulaci\u00f3n del ciclo vital del MVM de especial inter\u00e9s por su capacidad oncol\u00edtica es la dependencia de la fase S del transporte de subunidades de la c\u00e1pside y, por tanto, del ensamblaje nuclear del virus. Este acoplamiento es relevante para comprender la patog\u00e9nesis de los parvovirus y su tropismo por las c\u00e9lulas proliferativas. Su alteraci\u00f3n puede determinar la persistencia viral en los tejidos del hu\u00e9sped.  <\/p>\n<p style=\"text-align: justify;\"><strong>La evoluci\u00f3n de MVM confiere propiedades ventajosas contra glioblastoma.<\/strong><\/p>\n<p style=\"text-align: justify;\">El potencial terap\u00e9utico anticanceroso del MVM qued\u00f3 demostrado por su capacidad para infectar y eliminar c\u00e9lulas madre cancerosas obtenidas de pacientes con glioblastoma (el tumor cerebral m\u00e1s agresivo) implantadas en el cerebro de modelos de roedores. En las neuroesferas, el MVM dirige su acci\u00f3n citot\u00f3xica exclusivamente contra las c\u00e9lulas que tienen alteradas tanto las respuestas innatas como el regulador central p53 por mutaci\u00f3n o fosforilaci\u00f3n aberrante, de forma dependiente del paciente. Estos resultados abren la esperanza de una nueva medicina personalizada y biosegura, basada en virus que infectan selectivamente las c\u00e9lulas madre malignas, que podr\u00eda utilizarse en terapias contra este devastador tipo de c\u00e1ncer y contra otros que lleven desregulada la se\u00f1alizaci\u00f3n de p53.  <\/p>\n<p style=\"text-align: justify;\">Otros enfoques en curso en nuestro laboratorio para mejorar la oncolisis de MVM abordan la reorientaci\u00f3n del virus hacia el proceso de neovascularizaci\u00f3n necesario para el crecimiento tumoral. Estamos dise\u00f1ando diferentes dominios de la c\u00e1pside del MVM con p\u00e9ptidos heter\u00f3logos que bloquean el VEGF, bien para inducir anticuerpos que reduzcan el crecimiento tumoral, bien para dirigir el tropismo del virus espec\u00edficamente a las c\u00e9lulas vasculares que expresan VEGF-R y sostienen la vascularizaci\u00f3n tumoral. <\/p>\n<p style=\"text-align: justify;\"><strong>MVM evolution confers advantageous anti-glioblastoma properties.<\/strong><\/p>\n<p style=\"text-align: justify;\">Intentamos aumentar el tropismo de la MVM por las c\u00e9lulas cancerosas mediante m\u00faltiples estrategias experimentales: (i). En evoluci\u00f3n natural en ratones, surgen variantes de MVM que contienen cambios de amino\u00e1cidos en un &#8220;hoyuelo&#8221; en el eje de simetr\u00eda doble de la c\u00e1pside. Algunas de ellas modulan la afinidad de uni\u00f3n al receptor celular del \u00e1cido si\u00e1lico (sia) y muestran una infectividad mejorada de las c\u00e9lulas de glioblastoma. La base molecular de este oncotropismo mejorado est\u00e1 relacionada con un efecto importante de los contactos de tipo sia en el tr\u00e1fico endoc\u00edtico del viri\u00f3n. (ii) Hemos desarrollado varias estrategias de evoluci\u00f3n dirigida in vitro, basadas en la generaci\u00f3n de bibliotecas de MVM mediante mutag\u00e9nesis (PCR propensa a errores o saturaci\u00f3n de codones precisos) del sitio de uni\u00f3n al receptor celular y su posterior adaptaci\u00f3n a las c\u00e9lulas de glioblastoma mediante pases seriados. El objetivo es reorientar las c\u00e1psides de los MVM hacia los sialoglicanos expresados preferentemente en las l\u00edneas celulares de glioblastoma. Algunos de los virus recombinantes dise\u00f1ados con los mutatniones seleccionados se replican y propagan mejor que el virus de tipo salvaje en la l\u00ednea celular de glioblastoma U373. (iii) Por \u00faltimo, estamos fomentando la recombinaci\u00f3n gen\u00e9tica entre las cepas MVMp y MVMi mediante una alta multiplicidad de coinfecci\u00f3n de c\u00e9lulas permisivas. Los virus quim\u00e9ricos oncotr\u00f3picos surgieron espont\u00e1neamente en estos cultivos y se someten a selecci\u00f3n en c\u00e9lulas U373. Uno de los virus resultantes muestra prote\u00ednas quim\u00e9ricas no estructurales y produce m\u00e1s genomas virales en U373 que las dos cepas parentales, lo que sugiere un oncotropismo potenciado.          <\/p>\n<p style=\"text-align: justify;\">[\/et_pb_text][\/et_pb_column][\/et_pb_row][\/et_pb_section][et_pb_section fb_built=&#8221;1&#8243; _builder_version=&#8221;4.23.4&#8243; _module_preset=&#8221;default&#8221; background_color=&#8221;rgba(0,0,0,0.04)&#8221; da_disable_devices=&#8221;off|off|off&#8221; global_colors_info=&#8221;{}&#8221; da_is_popup=&#8221;off&#8221; da_exit_intent=&#8221;off&#8221; da_has_close=&#8221;on&#8221; da_alt_close=&#8221;off&#8221; da_dark_close=&#8221;off&#8221; da_not_modal=&#8221;on&#8221; da_is_singular=&#8221;off&#8221; da_with_loader=&#8221;off&#8221; da_has_shadow=&#8221;on&#8221;][et_pb_row _builder_version=&#8221;4.23.4&#8243; _module_preset=&#8221;default&#8221; global_colors_info=&#8221;{}&#8221;][et_pb_column type=&#8221;4_4&#8243; _builder_version=&#8221;4.23.4&#8243; _module_preset=&#8221;default&#8221; global_colors_info=&#8221;{}&#8221;][et_pb_heading title=&#8221;Miembros del grupo&#8221; module_id=&#8221;personal&#8221; _builder_version=&#8221;4.25.0&#8243; _module_preset=&#8221;default&#8221; custom_margin=&#8221;0px|||0px|false|false&#8221; custom_padding=&#8221;3px|||8px|false|false&#8221; border_width_left=&#8221;6px&#8221; border_color_left=&#8221;#34609B&#8221; global_colors_info=&#8221;{}&#8221;][\/et_pb_heading][\/et_pb_column][\/et_pb_row][et_pb_row _builder_version=&#8221;4.25.0&#8243; _module_preset=&#8221;default&#8221; max_width=&#8221;2560px&#8221; global_colors_info=&#8221;{}&#8221;][et_pb_column type=&#8221;4_4&#8243; _builder_version=&#8221;4.25.0&#8243; _module_preset=&#8221;default&#8221; global_colors_info=&#8221;{}&#8221;][et_pb_code _builder_version=&#8221;4.27.4&#8243; _module_preset=&#8221;default&#8221; hover_enabled=&#8221;0&#8243; global_colors_info=&#8221;{}&#8221; sticky_enabled=&#8221;0&#8243;][et_pb_row _builder_version=\"4.25.0\" _module_preset=\"default\" column_structure=\"1_4,1_4,1_4,1_4\" hover_enabled=\"0\" sticky_enabled=\"0\"][et_pb_column _builder_version=\"4.25.0\" _module_preset=\"default\" type=\"1_4\"][et_pb_blurb title=\"Jos\u00e9 M\u00aa Almendral  del R\u00edo\" image=\"\/imgs\/91.jpg\" _builder_version=\"4.25.0\" _module_preset=\"default\" header_text_align=\"center\" body_text_align=\"center\" global_colors_info=\"{}\" theme_builder_area=\"post_content\" module_class=\"roundedImg\"]<p>Lab.: 224 Ext.: 4559<br \/>jmalmendral(at)cbm.csic.es<\/p>[\/et_pb_blurb][\/et_pb_column][et_pb_column _builder_version=\"4.25.0\" _module_preset=\"default\" type=\"1_4\"][et_pb_blurb title=\"Alberto L\u00f3pez Bueno\" image=\"\/imgs\/722.jpg\" _builder_version=\"4.25.0\" _module_preset=\"default\" header_text_align=\"center\" body_text_align=\"center\" global_colors_info=\"{}\" theme_builder_area=\"post_content\" module_class=\"roundedImg\"]<p>Lab.: 224 Ext.: 4589<br \/>alopezbueno(at)cbm.csic.es<\/p>[\/et_pb_blurb][\/et_pb_column][et_pb_column _builder_version=\"4.25.0\" _module_preset=\"default\" type=\"1_4\"][et_pb_blurb title=\"Alejandro Fern\u00e1ndez Llorente\" image=\"\/imgs\/5204.jpg\" _builder_version=\"4.25.0\" _module_preset=\"default\" header_text_align=\"center\" body_text_align=\"center\" global_colors_info=\"{}\" theme_builder_area=\"post_content\" module_class=\"roundedImg\"]<p>Lab.: 224 Ext.: 4559<br \/>alejandro.fernandez(at)cbm.csic.es<\/p>[\/et_pb_blurb][\/et_pb_column][et_pb_column _builder_version=\"4.25.0\" _module_preset=\"default\" type=\"1_4\"][et_pb_blurb title=\"Jorge Mart\u00ednez Ortega\" image=\"\/imgs\/5475.jpg\" _builder_version=\"4.25.0\" _module_preset=\"default\" header_text_align=\"center\" body_text_align=\"center\" global_colors_info=\"{}\" theme_builder_area=\"post_content\" module_class=\"roundedImg\"]<p>Lab.: 224 Ext.: 4589<br \/>j.martinez(at)cbm.csic.es<\/p>[\/et_pb_blurb][\/et_pb_column][\/et_pb_row][et_pb_row _builder_version=\"4.25.0\" _module_preset=\"default\" column_structure=\"1_4,1_4,1_4,1_4\" hover_enabled=\"0\" sticky_enabled=\"0\"][et_pb_column _builder_version=\"4.25.0\" _module_preset=\"default\" type=\"1_4\"][et_pb_blurb title=\"Iker Carretero Delgado\" image=\"\/imgs\/default.jpg\" _builder_version=\"4.25.0\" _module_preset=\"default\" header_text_align=\"center\" body_text_align=\"center\" global_colors_info=\"{}\" theme_builder_area=\"post_content\" module_class=\"roundedImg\"]<p>Lab.: 224 Ext.: 4559<br \/><\/p>[\/et_pb_blurb][\/et_pb_column][et_pb_column _builder_version=\"4.25.0\" _module_preset=\"default\" type=\"1_4\"][et_pb_blurb title=\"Adri\u00e1n Mu\u00f1oz  Aranzueque\" image=\"\/imgs\/default.jpg\" _builder_version=\"4.25.0\" _module_preset=\"default\" header_text_align=\"center\" body_text_align=\"center\" global_colors_info=\"{}\" theme_builder_area=\"post_content\" module_class=\"roundedImg\"]<p>Lab.: 224 Ext.: 4559<br \/><\/p>[\/et_pb_blurb][\/et_pb_column][et_pb_column _builder_version=\"4.25.0\" _module_preset=\"default\" type=\"1_4\"][et_pb_blurb title=\"Ainhoa Gallego Alguacil\" image=\"\/imgs\/default.jpg\" _builder_version=\"4.25.0\" _module_preset=\"default\" header_text_align=\"center\" body_text_align=\"center\" global_colors_info=\"{}\" theme_builder_area=\"post_content\" module_class=\"roundedImg\"]<p>Lab.: 224 Ext.: 4559<br \/>ainhoa.gallego(at)cbm.csic.es<\/p>[\/et_pb_blurb][\/et_pb_column][\/et_pb_row][\/et_pb_code][\/et_pb_column][\/et_pb_row][\/et_pb_section][et_pb_section fb_built=&#8221;1&#8243; _builder_version=&#8221;4.23.4&#8243; _module_preset=&#8221;default&#8221; background_color=&#8221;RGBA(255,255,255,0)&#8221; da_disable_devices=&#8221;off|off|off&#8221; global_colors_info=&#8221;{}&#8221; da_is_popup=&#8221;off&#8221; da_exit_intent=&#8221;off&#8221; da_has_close=&#8221;on&#8221; da_alt_close=&#8221;off&#8221; da_dark_close=&#8221;off&#8221; da_not_modal=&#8221;on&#8221; da_is_singular=&#8221;off&#8221; da_with_loader=&#8221;off&#8221; da_has_shadow=&#8221;on&#8221;][et_pb_row _builder_version=&#8221;4.23.4&#8243; _module_preset=&#8221;default&#8221; global_colors_info=&#8221;{}&#8221;][et_pb_column type=&#8221;4_4&#8243; _builder_version=&#8221;4.23.4&#8243; _module_preset=&#8221;default&#8221; global_colors_info=&#8221;{}&#8221;][et_pb_heading title=&#8221;Publicaciones representativas&#8221; module_id=&#8221;personal&#8221; _builder_version=&#8221;4.25.0&#8243; _module_preset=&#8221;default&#8221; custom_margin=&#8221;0px|||0px|false|false&#8221; custom_padding=&#8221;3px|||8px|false|false&#8221; border_width_left=&#8221;6px&#8221; border_color_left=&#8221;#34609B&#8221; global_colors_info=&#8221;{}&#8221;][\/et_pb_heading][\/et_pb_column][\/et_pb_row][et_pb_row column_structure=&#8221;1_4,1_4,1_4,1_4&#8243; _builder_version=&#8221;4.23.4&#8243; _module_preset=&#8221;default&#8221; animation_style=&#8221;zoom&#8221; global_colors_info=&#8221;{}&#8221;][et_pb_column type=&#8221;1_4&#8243; _builder_version=&#8221;4.23.4&#8243; _module_preset=&#8221;default&#8221; global_colors_info=&#8221;{}&#8221;][et_pb_image src=&#8221;data:image\/svg+xml;base64,PHN2ZyB3aWR0aD0iMTA4MCIgaGVpZ2h0PSI1NDAiIHZpZXdCb3g9IjAgMCAxMDgwIDU0MCIgeG1sbnM9Imh0dHA6Ly93d3cudzMub3JnLzIwMDAvc3ZnIj4KICAgIDxnIGZpbGw9Im5vbmUiIGZpbGwtcnVsZT0iZXZlbm9kZCI+CiAgICAgICAgPHBhdGggZmlsbD0iI0VCRUJFQiIgZD0iTTAgMGgxMDgwdjU0MEgweiIvPgogICAgICAgIDxwYXRoIGQ9Ik00NDUuNjQ5IDU0MGgtOTguOTk1TDE0NC42NDkgMzM3Ljk5NSAwIDQ4Mi42NDR2LTk4Ljk5NWwxMTYuMzY1LTExNi4zNjVjMTUuNjItMTUuNjIgNDAuOTQ3LTE1LjYyIDU2LjU2OCAwTDQ0NS42NSA1NDB6IiBmaWxsLW9wYWNpdHk9Ii4xIiBmaWxsPSIjMDAwIiBmaWxsLXJ1bGU9Im5vbnplcm8iLz4KICAgICAgICA8Y2lyY2xlIGZpbGwtb3BhY2l0eT0iLjA1IiBmaWxsPSIjMDAwIiBjeD0iMzMxIiBjeT0iMTQ4IiByPSI3MCIvPgogICAgICAgIDxwYXRoIGQ9Ik0xMDgwIDM3OXYxMTMuMTM3TDcyOC4xNjIgMTQwLjMgMzI4LjQ2MiA1NDBIMjE1LjMyNEw2OTkuODc4IDU1LjQ0NmMxNS42Mi0xNS42MiA0MC45NDgtMTUuNjIgNTYuNTY4IDBMMTA4MCAzNzl6IiBmaWxsLW9wYWNpdHk9Ii4yIiBmaWxsPSIjMDAwIiBmaWxsLXJ1bGU9Im5vbnplcm8iLz4KICAgIDwvZz4KPC9zdmc+Cg==&#8221; title_text=&#8221;Captura de Pantalla 2024-05-28 a las 1.22.50&#8243; url_new_window=&#8221;on&#8221; _builder_version=&#8221;4.25.0&#8243; _module_preset=&#8221;default&#8221; global_colors_info=&#8221;{}&#8221;][\/et_pb_image][\/et_pb_column][et_pb_column type=&#8221;1_4&#8243; _builder_version=&#8221;4.25.0&#8243; _module_preset=&#8221;default&#8221; global_colors_info=&#8221;{}&#8221;][et_pb_text _builder_version=&#8221;4.27.0&#8243; _module_preset=&#8221;default&#8221; link_option_url=&#8221;https:\/\/journals.plos.org\/plospathogens\/article\/authors?id=10.1371\/journal.ppat.1004920&#8243; link_option_url_new_window=&#8221;on&#8221; global_colors_info=&#8221;{}&#8221;]<\/p>\n<h3>The Mammalian Cell Cycle Regulates Parvovirus Nuclear Capsid Assembly<\/h3>\n<p>Jon Gil-Ranedo et al.<\/p>\n<p>[\/et_pb_text][\/et_pb_column][et_pb_column type=&#8221;1_4&#8243; _builder_version=&#8221;4.23.4&#8243; _module_preset=&#8221;default&#8221; global_colors_info=&#8221;{}&#8221;][et_pb_image src=&#8221;data:image\/svg+xml;base64,PHN2ZyB3aWR0aD0iMTA4MCIgaGVpZ2h0PSI1NDAiIHZpZXdCb3g9IjAgMCAxMDgwIDU0MCIgeG1sbnM9Imh0dHA6Ly93d3cudzMub3JnLzIwMDAvc3ZnIj4KICAgIDxnIGZpbGw9Im5vbmUiIGZpbGwtcnVsZT0iZXZlbm9kZCI+CiAgICAgICAgPHBhdGggZmlsbD0iI0VCRUJFQiIgZD0iTTAgMGgxMDgwdjU0MEgweiIvPgogICAgICAgIDxwYXRoIGQ9Ik00NDUuNjQ5IDU0MGgtOTguOTk1TDE0NC42NDkgMzM3Ljk5NSAwIDQ4Mi42NDR2LTk4Ljk5NWwxMTYuMzY1LTExNi4zNjVjMTUuNjItMTUuNjIgNDAuOTQ3LTE1LjYyIDU2LjU2OCAwTDQ0NS42NSA1NDB6IiBmaWxsLW9wYWNpdHk9Ii4xIiBmaWxsPSIjMDAwIiBmaWxsLXJ1bGU9Im5vbnplcm8iLz4KICAgICAgICA8Y2lyY2xlIGZpbGwtb3BhY2l0eT0iLjA1IiBmaWxsPSIjMDAwIiBjeD0iMzMxIiBjeT0iMTQ4IiByPSI3MCIvPgogICAgICAgIDxwYXRoIGQ9Ik0xMDgwIDM3OXYxMTMuMTM3TDcyOC4xNjIgMTQwLjMgMzI4LjQ2MiA1NDBIMjE1LjMyNEw2OTkuODc4IDU1LjQ0NmMxNS42Mi0xNS42MiA0MC45NDgtMTUuNjIgNTYuNTY4IDBMMTA4MCAzNzl6IiBmaWxsLW9wYWNpdHk9Ii4yIiBmaWxsPSIjMDAwIiBmaWxsLXJ1bGU9Im5vbnplcm8iLz4KICAgIDwvZz4KPC9zdmc+Cg==&#8221; url_new_window=&#8221;on&#8221; _builder_version=&#8221;4.25.0&#8243; _module_preset=&#8221;default&#8221; global_colors_info=&#8221;{}&#8221;][\/et_pb_image][\/et_pb_column][et_pb_column type=&#8221;1_4&#8243; _builder_version=&#8221;4.25.0&#8243; _module_preset=&#8221;default&#8221; global_colors_info=&#8221;{}&#8221;][et_pb_text _builder_version=&#8221;4.27.0&#8243; _module_preset=&#8221;default&#8221; link_option_url=&#8221;https:\/\/pubmed.ncbi.nlm.nih.gov\/29954453\/&#8221; link_option_url_new_window=&#8221;on&#8221; global_colors_info=&#8221;{}&#8221;]<\/p>\n<h3>Evaluation of bias induced by viral enrichment and random amplification protocols in metagenomic surveys of saliva DNA viruses<\/h3>\n<p>Marcos Parras-Molt\u00f3 et al.<\/p>\n<p>[\/et_pb_text][\/et_pb_column][\/et_pb_row][et_pb_row column_structure=&#8221;1_4,1_4,1_4,1_4&#8243; _builder_version=&#8221;4.23.4&#8243; _module_preset=&#8221;default&#8221; animation_style=&#8221;zoom&#8221; global_colors_info=&#8221;{}&#8221;][et_pb_column type=&#8221;1_4&#8243; _builder_version=&#8221;4.23.4&#8243; _module_preset=&#8221;default&#8221; global_colors_info=&#8221;{}&#8221;][et_pb_image src=&#8221;data:image\/svg+xml;base64,PHN2ZyB3aWR0aD0iMTA4MCIgaGVpZ2h0PSI1NDAiIHZpZXdCb3g9IjAgMCAxMDgwIDU0MCIgeG1sbnM9Imh0dHA6Ly93d3cudzMub3JnLzIwMDAvc3ZnIj4KICAgIDxnIGZpbGw9Im5vbmUiIGZpbGwtcnVsZT0iZXZlbm9kZCI+CiAgICAgICAgPHBhdGggZmlsbD0iI0VCRUJFQiIgZD0iTTAgMGgxMDgwdjU0MEgweiIvPgogICAgICAgIDxwYXRoIGQ9Ik00NDUuNjQ5IDU0MGgtOTguOTk1TDE0NC42NDkgMzM3Ljk5NSAwIDQ4Mi42NDR2LTk4Ljk5NWwxMTYuMzY1LTExNi4zNjVjMTUuNjItMTUuNjIgNDAuOTQ3LTE1LjYyIDU2LjU2OCAwTDQ0NS42NSA1NDB6IiBmaWxsLW9wYWNpdHk9Ii4xIiBmaWxsPSIjMDAwIiBmaWxsLXJ1bGU9Im5vbnplcm8iLz4KICAgICAgICA8Y2lyY2xlIGZpbGwtb3BhY2l0eT0iLjA1IiBmaWxsPSIjMDAwIiBjeD0iMzMxIiBjeT0iMTQ4IiByPSI3MCIvPgogICAgICAgIDxwYXRoIGQ9Ik0xMDgwIDM3OXYxMTMuMTM3TDcyOC4xNjIgMTQwLjMgMzI4LjQ2MiA1NDBIMjE1LjMyNEw2OTkuODc4IDU1LjQ0NmMxNS42Mi0xNS42MiA0MC45NDgtMTUuNjIgNTYuNTY4IDBMMTA4MCAzNzl6IiBmaWxsLW9wYWNpdHk9Ii4yIiBmaWxsPSIjMDAwIiBmaWxsLXJ1bGU9Im5vbnplcm8iLz4KICAgIDwvZz4KPC9zdmc+Cg==&#8221; url_new_window=&#8221;on&#8221; _builder_version=&#8221;4.25.0&#8243; _module_preset=&#8221;default&#8221; global_colors_info=&#8221;{}&#8221;][\/et_pb_image][\/et_pb_column][et_pb_column type=&#8221;1_4&#8243; _builder_version=&#8221;4.25.0&#8243; _module_preset=&#8221;default&#8221; global_colors_info=&#8221;{}&#8221;][et_pb_text _builder_version=&#8221;4.27.0&#8243; _module_preset=&#8221;default&#8221; link_option_url=&#8221;https:\/\/pubmed.ncbi.nlm.nih.gov\/34496248\/&#8221; link_option_url_new_window=&#8221;on&#8221; global_colors_info=&#8221;{}&#8221;]<\/p>\n<h3>Viral targeting of glioblastoma stem cells with patient-specific genetic and post-translational p53 deregulations<\/h3>\n<p>Jon Gil-Ranedo et al.<\/p>\n<p>[\/et_pb_text][\/et_pb_column][et_pb_column type=&#8221;1_4&#8243; _builder_version=&#8221;4.23.4&#8243; _module_preset=&#8221;default&#8221; global_colors_info=&#8221;{}&#8221;][et_pb_image src=&#8221;data:image\/svg+xml;base64,PHN2ZyB3aWR0aD0iMTA4MCIgaGVpZ2h0PSI1NDAiIHZpZXdCb3g9IjAgMCAxMDgwIDU0MCIgeG1sbnM9Imh0dHA6Ly93d3cudzMub3JnLzIwMDAvc3ZnIj4KICAgIDxnIGZpbGw9Im5vbmUiIGZpbGwtcnVsZT0iZXZlbm9kZCI+CiAgICAgICAgPHBhdGggZmlsbD0iI0VCRUJFQiIgZD0iTTAgMGgxMDgwdjU0MEgweiIvPgogICAgICAgIDxwYXRoIGQ9Ik00NDUuNjQ5IDU0MGgtOTguOTk1TDE0NC42NDkgMzM3Ljk5NSAwIDQ4Mi42NDR2LTk4Ljk5NWwxMTYuMzY1LTExNi4zNjVjMTUuNjItMTUuNjIgNDAuOTQ3LTE1LjYyIDU2LjU2OCAwTDQ0NS42NSA1NDB6IiBmaWxsLW9wYWNpdHk9Ii4xIiBmaWxsPSIjMDAwIiBmaWxsLXJ1bGU9Im5vbnplcm8iLz4KICAgICAgICA8Y2lyY2xlIGZpbGwtb3BhY2l0eT0iLjA1IiBmaWxsPSIjMDAwIiBjeD0iMzMxIiBjeT0iMTQ4IiByPSI3MCIvPgogICAgICAgIDxwYXRoIGQ9Ik0xMDgwIDM3OXYxMTMuMTM3TDcyOC4xNjIgMTQwLjMgMzI4LjQ2MiA1NDBIMjE1LjMyNEw2OTkuODc4IDU1LjQ0NmMxNS42Mi0xNS42MiA0MC45NDgtMTUuNjIgNTYuNTY4IDBMMTA4MCAzNzl6IiBmaWxsLW9wYWNpdHk9Ii4yIiBmaWxsPSIjMDAwIiBmaWxsLXJ1bGU9Im5vbnplcm8iLz4KICAgIDwvZz4KPC9zdmc+Cg==&#8221; url_new_window=&#8221;on&#8221; _builder_version=&#8221;4.25.0&#8243; _module_preset=&#8221;default&#8221; global_colors_info=&#8221;{}&#8221;][\/et_pb_image][\/et_pb_column][et_pb_column type=&#8221;1_4&#8243; _builder_version=&#8221;4.25.0&#8243; _module_preset=&#8221;default&#8221; global_colors_info=&#8221;{}&#8221;][et_pb_text _builder_version=&#8221;4.27.0&#8243; _module_preset=&#8221;default&#8221; link_option_url=&#8221;https:\/\/pubmed.ncbi.nlm.nih.gov\/36756201\/&#8221; link_option_url_new_window=&#8221;on&#8221; global_colors_info=&#8221;{}&#8221;]<\/p>\n<h3>Intracellular virion traffic to the endosome driven by cell type specific sialic acid receptors determines parvovirus tropism<\/h3>\n<p>Tania Calvo-L\u00f3pez et al.<\/p>\n<p>[\/et_pb_text][\/et_pb_column][\/et_pb_row][\/et_pb_section][et_pb_section fb_built=&#8221;1&#8243; _builder_version=&#8221;4.23.4&#8243; _module_preset=&#8221;default&#8221; background_color=&#8221;rgba(0,0,0,0.04)&#8221; da_disable_devices=&#8221;off|off|off&#8221; global_colors_info=&#8221;{}&#8221; da_is_popup=&#8221;off&#8221; da_exit_intent=&#8221;off&#8221; da_has_close=&#8221;on&#8221; da_alt_close=&#8221;off&#8221; da_dark_close=&#8221;off&#8221; da_not_modal=&#8221;on&#8221; da_is_singular=&#8221;off&#8221; da_with_loader=&#8221;off&#8221; da_has_shadow=&#8221;on&#8221;][et_pb_row _builder_version=&#8221;4.23.4&#8243; _module_preset=&#8221;default&#8221; global_colors_info=&#8221;{}&#8221;][et_pb_column type=&#8221;4_4&#8243; _builder_version=&#8221;4.23.4&#8243; _module_preset=&#8221;default&#8221; global_colors_info=&#8221;{}&#8221;][et_pb_heading title=&#8221;\u00daltimas publicaciones&#8221; module_id=&#8221;publica&#8221; _builder_version=&#8221;4.25.0&#8243; _module_preset=&#8221;default&#8221; custom_margin=&#8221;0px|||0px|false|false&#8221; custom_padding=&#8221;3px|||8px|false|false&#8221; border_width_left=&#8221;6px&#8221; border_color_left=&#8221;#34609B&#8221; global_colors_info=&#8221;{}&#8221;][\/et_pb_heading][\/et_pb_column][\/et_pb_row][et_pb_row _builder_version=&#8221;4.25.0&#8243; _module_preset=&#8221;default&#8221; global_colors_info=&#8221;{}&#8221;][et_pb_column type=&#8221;4_4&#8243; _builder_version=&#8221;4.25.0&#8243; _module_preset=&#8221;default&#8221; global_colors_info=&#8221;{}&#8221;][et_pb_code _builder_version=&#8221;4.27.4&#8243; _module_preset=&#8221;default&#8221; hover_enabled=&#8221;0&#8243; global_colors_info=&#8221;{}&#8221; sticky_enabled=&#8221;0&#8243;]<\/p>\n<div data-type=\"items\" data-id=\"1\" data-query=\"e3NvbG9QdWJsaWNhY2lvbmVzQ3NpYzpmYWxzZSx0aXBvbG9naWFzTm9ybWFsaXphZGFzOnRydWUsdGlwb2xvZ2lhc0FydGljdWxvOnRydWUsdGlwb2xvZ2lhc0FydGljdWxvRGVSZXZpc2lvbjp0cnVlLHRpcG9sb2dpYXNDYXBpdHVsb0RlTGlicm86dHJ1ZSx0aXBvbG9naWFzQ2FydGE6dHJ1ZSx0aXBvbG9naWFzTGlicm86dHJ1ZSxvY3VsdGFyRHVwbGljYWRvczp0cnVlLGZ1ZW50ZUZpbHRybzowLGNyaXRlcmlvc0F1dG9yQWZpbDpbImF1dG9yKDE0MDQ0NSkiXX0=\" data-fields=\"year;titulo_doi;enlaces_aa;ndoctype;source_norm;cites;authors;publisher\" data-author-max-length=\"500\">Cargando publicaciones&#8230;<\/div>\n<p><!-- [et_pb_line_break_holder] --><script type=\"text\/javascript\" src=\"https:\/\/gesbib.urici.csic.es\/badge\/csi.min.js\"><\/script>[\/et_pb_code][\/et_pb_column][\/et_pb_row][\/et_pb_section][et_pb_section fb_built=&#8221;1&#8243; _builder_version=&#8221;4.23.4&#8243; _module_preset=&#8221;default&#8221; background_color=&#8221;#34609B&#8221; da_disable_devices=&#8221;off|off|off&#8221; global_colors_info=&#8221;{}&#8221; da_is_popup=&#8221;off&#8221; da_exit_intent=&#8221;off&#8221; da_has_close=&#8221;on&#8221; da_alt_close=&#8221;off&#8221; da_dark_close=&#8221;off&#8221; da_not_modal=&#8221;on&#8221; da_is_singular=&#8221;off&#8221; da_with_loader=&#8221;off&#8221; da_has_shadow=&#8221;on&#8221;][et_pb_row _builder_version=&#8221;4.23.4&#8243; _module_preset=&#8221;default&#8221; global_colors_info=&#8221;{}&#8221;][et_pb_column type=&#8221;4_4&#8243; _builder_version=&#8221;4.23.4&#8243; _module_preset=&#8221;default&#8221; global_colors_info=&#8221;{}&#8221;][et_pb_heading title=&#8221;Programas cient\u00edficos&#8221; _builder_version=&#8221;4.25.0&#8243; _module_preset=&#8221;default&#8221; title_text_color=&#8221;#FFFFFF&#8221; title_font_size=&#8221;26px&#8221; global_colors_info=&#8221;{}&#8221;][\/et_pb_heading][\/et_pb_column][\/et_pb_row][et_pb_row column_structure=&#8221;1_4,1_4,1_4,1_4&#8243; use_custom_gutter=&#8221;on&#8221; gutter_width=&#8221;2&#8243; _builder_version=&#8221;4.25.0&#8243; _module_preset=&#8221;default&#8221; custom_margin=&#8221;||||false|false&#8221; custom_padding=&#8221;0px|0px|0px|0px|false|true&#8221; global_colors_info=&#8221;{}&#8221;][et_pb_column type=&#8221;1_4&#8243; _builder_version=&#8221;4.23.4&#8243; _module_preset=&#8221;default&#8221; global_colors_info=&#8221;{}&#8221;][et_pb_image src=&#8221;https:\/\/www.cbm.uam.es\/wp-content\/uploads\/2024\/05\/areas_proyects1_sf.png&#8221; title_text=&#8221;areas_proyects1_sf&#8221; url=&#8221;https:\/\/www.cbm.uam.es\/index.php\/programas-cientificos\/dinamica-y-funcion-del-genoma\/?lang=es&#8221; _builder_version=&#8221;4.25.0&#8243; _module_preset=&#8221;default&#8221; animation_style=&#8221;zoom&#8221; global_colors_info=&#8221;{}&#8221;][\/et_pb_image][\/et_pb_column][et_pb_column type=&#8221;1_4&#8243; _builder_version=&#8221;4.23.4&#8243; _module_preset=&#8221;default&#8221; global_colors_info=&#8221;{}&#8221;][et_pb_image src=&#8221;https:\/\/www.cbm.uam.es\/wp-content\/uploads\/2024\/05\/areas_proyects2_sf.png&#8221; title_text=&#8221;areas_proyects2_sf&#8221; url=&#8221;https:\/\/www.cbm.uam.es\/index.php\/programas-cientificos\/homeostasis-de-tejidos-y-organos\/?lang=es&#8221; _builder_version=&#8221;4.25.0&#8243; _module_preset=&#8221;default&#8221; animation_style=&#8221;zoom&#8221; global_colors_info=&#8221;{}&#8221;][\/et_pb_image][\/et_pb_column][et_pb_column type=&#8221;1_4&#8243; _builder_version=&#8221;4.23.4&#8243; _module_preset=&#8221;default&#8221; global_colors_info=&#8221;{}&#8221;][et_pb_image src=&#8221;https:\/\/www.cbm.uam.es\/wp-content\/uploads\/2024\/05\/areas_proyects3_sf.png&#8221; title_text=&#8221;areas_proyects3_sf&#8221; url=&#8221;https:\/\/www.cbm.uam.es\/index.php\/programas-cientificos\/procesos-fisiologicos-y-patologicos\/?lang=es&#8221; _builder_version=&#8221;4.25.0&#8243; _module_preset=&#8221;default&#8221; animation_style=&#8221;zoom&#8221; global_colors_info=&#8221;{}&#8221;][\/et_pb_image][\/et_pb_column][et_pb_column type=&#8221;1_4&#8243; _builder_version=&#8221;4.23.4&#8243; _module_preset=&#8221;default&#8221; global_colors_info=&#8221;{}&#8221;][et_pb_image src=&#8221;https:\/\/www.cbm.uam.es\/wp-content\/uploads\/2024\/05\/areas_proyects4_sf.png&#8221; title_text=&#8221;areas_proyects4_sf&#8221; url=&#8221;https:\/\/www.cbm.uam.es\/index.php\/programas-cientificos\/interacciones-con-el-entorno\/?lang=es&#8221; _builder_version=&#8221;4.25.0&#8243; _module_preset=&#8221;default&#8221; animation_style=&#8221;zoom&#8221; global_colors_info=&#8221;{}&#8221;][\/et_pb_image][\/et_pb_column][\/et_pb_row][\/et_pb_section]<\/p>\n","protected":false},"excerpt":{"rendered":"<p>Programa Cient\u00edficoUNIDADES EN ESTE PROGRAMA Microorganismos en la salud y el bienestar Desarrollo y funci\u00f3n del sistema inmunitario ORCIDEvoluci\u00f3n de virus de ADN de cadena sencilla, patog\u00e9nesis y potencial anti-cancer.Investigamos [&hellip;]<\/p>\n","protected":false},"author":11,"featured_media":0,"parent":283166,"menu_order":0,"comment_status":"closed","ping_status":"closed","template":"","meta":{"_et_pb_use_builder":"on","_et_pb_old_content":"","_et_gb_content_width":"","footnotes":""},"class_list":["post-284223","page","type-page","status-publish","hentry"],"yoast_head":"<!-- This site is optimized with the Yoast SEO plugin v27.4 - https:\/\/yoast.com\/product\/yoast-seo-wordpress\/ -->\n<title>Evoluci\u00f3n de virus de ADN de cadena sencilla, patog\u00e9nesis y potencial anti-c\u00e1ncer - Centro de Biolog\u00eda Molecular Severo Ochoa<\/title>\n<meta name=\"robots\" content=\"index, follow, max-snippet:-1, max-image-preview:large, max-video-preview:-1\" \/>\n<link rel=\"canonical\" href=\"https:\/\/www.cbm.uam.es\/index.php\/scientific-programs\/interactions-with-the-environment\/microbes-in-health-and-welfare\/ssdna-virus-evolution-pathogenesis-and-anti-cancer-potential\/\" \/>\n<meta property=\"og:locale\" content=\"en_US\" \/>\n<meta property=\"og:type\" content=\"article\" \/>\n<meta property=\"og:title\" content=\"Evoluci\u00f3n de virus de ADN de cadena sencilla, patog\u00e9nesis y potencial anti-c\u00e1ncer - Centro de Biolog\u00eda Molecular Severo Ochoa\" \/>\n<meta property=\"og:description\" content=\"Programa Cient\u00edficoUNIDADES EN ESTE PROGRAMA Microorganismos en la salud y el bienestar Desarrollo y funci\u00f3n del sistema inmunitario ORCIDEvoluci\u00f3n de virus de ADN de cadena sencilla, patog\u00e9nesis y potencial anti-cancer.Investigamos [&hellip;]\" \/>\n<meta property=\"og:url\" content=\"https:\/\/www.cbm.uam.es\/index.php\/scientific-programs\/interactions-with-the-environment\/microbes-in-health-and-welfare\/ssdna-virus-evolution-pathogenesis-and-anti-cancer-potential\/\" \/>\n<meta property=\"og:site_name\" content=\"Centro de Biolog\u00eda Molecular Severo Ochoa\" \/>\n<meta property=\"article:modified_time\" content=\"2026-02-16T12:00:29+00:00\" \/>\n<meta name=\"twitter:card\" content=\"summary_large_image\" \/>\n<meta name=\"twitter:label1\" content=\"Est. reading time\" \/>\n\t<meta name=\"twitter:data1\" content=\"22 minutes\" \/>\n<script type=\"application\/ld+json\" class=\"yoast-schema-graph\">{\"@context\":\"https:\\\/\\\/schema.org\",\"@graph\":[{\"@type\":\"WebPage\",\"@id\":\"https:\\\/\\\/www.cbm.uam.es\\\/index.php\\\/scientific-programs\\\/interactions-with-the-environment\\\/microbes-in-health-and-welfare\\\/ssdna-virus-evolution-pathogenesis-and-anti-cancer-potential\\\/\",\"url\":\"https:\\\/\\\/www.cbm.uam.es\\\/index.php\\\/scientific-programs\\\/interactions-with-the-environment\\\/microbes-in-health-and-welfare\\\/ssdna-virus-evolution-pathogenesis-and-anti-cancer-potential\\\/\",\"name\":\"Evoluci\u00f3n de virus de ADN de cadena sencilla, patog\u00e9nesis y potencial anti-c\u00e1ncer - Centro de Biolog\u00eda Molecular Severo Ochoa\",\"isPartOf\":{\"@id\":\"https:\\\/\\\/www.cbm.uam.es\\\/?lang=es\\\/#website\"},\"datePublished\":\"2024-08-22T08:30:22+00:00\",\"dateModified\":\"2026-02-16T12:00:29+00:00\",\"breadcrumb\":{\"@id\":\"https:\\\/\\\/www.cbm.uam.es\\\/index.php\\\/scientific-programs\\\/interactions-with-the-environment\\\/microbes-in-health-and-welfare\\\/ssdna-virus-evolution-pathogenesis-and-anti-cancer-potential\\\/#breadcrumb\"},\"inLanguage\":\"en-US\",\"potentialAction\":[{\"@type\":\"ReadAction\",\"target\":[\"https:\\\/\\\/www.cbm.uam.es\\\/index.php\\\/scientific-programs\\\/interactions-with-the-environment\\\/microbes-in-health-and-welfare\\\/ssdna-virus-evolution-pathogenesis-and-anti-cancer-potential\\\/\"]}]},{\"@type\":\"BreadcrumbList\",\"@id\":\"https:\\\/\\\/www.cbm.uam.es\\\/index.php\\\/scientific-programs\\\/interactions-with-the-environment\\\/microbes-in-health-and-welfare\\\/ssdna-virus-evolution-pathogenesis-and-anti-cancer-potential\\\/#breadcrumb\",\"itemListElement\":[{\"@type\":\"ListItem\",\"position\":1,\"name\":\"Portada\",\"item\":\"https:\\\/\\\/www.cbm.uam.es\\\/\"},{\"@type\":\"ListItem\",\"position\":2,\"name\":\"Programas Cient\u00edficos\",\"item\":\"https:\\\/\\\/www.cbm.uam.es\\\/index.php\\\/programas-cientificos\\\/?lang=es\"},{\"@type\":\"ListItem\",\"position\":3,\"name\":\"Interacciones con el entorno\",\"item\":\"https:\\\/\\\/www.cbm.uam.es\\\/index.php\\\/programas-cientificos\\\/interacciones-con-el-entorno\\\/?lang=es\"},{\"@type\":\"ListItem\",\"position\":4,\"name\":\"Microorganismos en la salud y el bienestar\",\"item\":\"https:\\\/\\\/www.cbm.uam.es\\\/index.php\\\/programas-cientificos\\\/interacciones-con-el-entorno\\\/microorganismos-en-la-salud-y-el-bienestar\\\/?lang=es\"},{\"@type\":\"ListItem\",\"position\":5,\"name\":\"Evoluci\u00f3n de virus de ADN de cadena sencilla, patog\u00e9nesis y potencial anti-c\u00e1ncer\"}]},{\"@type\":\"WebSite\",\"@id\":\"https:\\\/\\\/www.cbm.uam.es\\\/?lang=es\\\/#website\",\"url\":\"https:\\\/\\\/www.cbm.uam.es\\\/?lang=es\\\/\",\"name\":\"Centro de Biolog\u00eda Molecular Severo Ochoa\",\"description\":\"Official website of the CBM, CSIC - UAM. Biomedical research centre.\",\"publisher\":{\"@id\":\"https:\\\/\\\/www.cbm.uam.es\\\/?lang=es\\\/#organization\"},\"potentialAction\":[{\"@type\":\"SearchAction\",\"target\":{\"@type\":\"EntryPoint\",\"urlTemplate\":\"https:\\\/\\\/www.cbm.uam.es\\\/?lang=es\\\/?s={search_term_string}\"},\"query-input\":{\"@type\":\"PropertyValueSpecification\",\"valueRequired\":true,\"valueName\":\"search_term_string\"}}],\"inLanguage\":\"en-US\"},{\"@type\":\"Organization\",\"@id\":\"https:\\\/\\\/www.cbm.uam.es\\\/?lang=es\\\/#organization\",\"name\":\"Centro de Biolog\u00eda Molecular Severo Ochoa\",\"url\":\"https:\\\/\\\/www.cbm.uam.es\\\/?lang=es\\\/\",\"logo\":{\"@type\":\"ImageObject\",\"inLanguage\":\"en-US\",\"@id\":\"https:\\\/\\\/www.cbm.uam.es\\\/?lang=es\\\/#\\\/schema\\\/logo\\\/image\\\/\",\"url\":\"https:\\\/\\\/www.cbm.uam.es\\\/wp-content\\\/uploads\\\/2024\\\/11\\\/Logo-CBM-color-fondo-transparente.png\",\"contentUrl\":\"https:\\\/\\\/www.cbm.uam.es\\\/wp-content\\\/uploads\\\/2024\\\/11\\\/Logo-CBM-color-fondo-transparente.png\",\"width\":800,\"height\":342,\"caption\":\"Centro de Biolog\u00eda Molecular Severo Ochoa\"},\"image\":{\"@id\":\"https:\\\/\\\/www.cbm.uam.es\\\/?lang=es\\\/#\\\/schema\\\/logo\\\/image\\\/\"}}]}<\/script>\n<!-- \/ Yoast SEO plugin. -->","yoast_head_json":{"title":"Evoluci\u00f3n de virus de ADN de cadena sencilla, patog\u00e9nesis y potencial anti-c\u00e1ncer - Centro de Biolog\u00eda Molecular Severo Ochoa","robots":{"index":"index","follow":"follow","max-snippet":"max-snippet:-1","max-image-preview":"max-image-preview:large","max-video-preview":"max-video-preview:-1"},"canonical":"https:\/\/www.cbm.uam.es\/index.php\/scientific-programs\/interactions-with-the-environment\/microbes-in-health-and-welfare\/ssdna-virus-evolution-pathogenesis-and-anti-cancer-potential\/","og_locale":"en_US","og_type":"article","og_title":"Evoluci\u00f3n de virus de ADN de cadena sencilla, patog\u00e9nesis y potencial anti-c\u00e1ncer - Centro de Biolog\u00eda Molecular Severo Ochoa","og_description":"Programa Cient\u00edficoUNIDADES EN ESTE PROGRAMA Microorganismos en la salud y el bienestar Desarrollo y funci\u00f3n del sistema inmunitario ORCIDEvoluci\u00f3n de virus de ADN de cadena sencilla, patog\u00e9nesis y potencial anti-cancer.Investigamos [&hellip;]","og_url":"https:\/\/www.cbm.uam.es\/index.php\/scientific-programs\/interactions-with-the-environment\/microbes-in-health-and-welfare\/ssdna-virus-evolution-pathogenesis-and-anti-cancer-potential\/","og_site_name":"Centro de Biolog\u00eda Molecular Severo Ochoa","article_modified_time":"2026-02-16T12:00:29+00:00","twitter_card":"summary_large_image","twitter_misc":{"Est. reading time":"22 minutes"},"schema":{"@context":"https:\/\/schema.org","@graph":[{"@type":"WebPage","@id":"https:\/\/www.cbm.uam.es\/index.php\/scientific-programs\/interactions-with-the-environment\/microbes-in-health-and-welfare\/ssdna-virus-evolution-pathogenesis-and-anti-cancer-potential\/","url":"https:\/\/www.cbm.uam.es\/index.php\/scientific-programs\/interactions-with-the-environment\/microbes-in-health-and-welfare\/ssdna-virus-evolution-pathogenesis-and-anti-cancer-potential\/","name":"Evoluci\u00f3n de virus de ADN de cadena sencilla, patog\u00e9nesis y potencial anti-c\u00e1ncer - Centro de Biolog\u00eda Molecular Severo Ochoa","isPartOf":{"@id":"https:\/\/www.cbm.uam.es\/?lang=es\/#website"},"datePublished":"2024-08-22T08:30:22+00:00","dateModified":"2026-02-16T12:00:29+00:00","breadcrumb":{"@id":"https:\/\/www.cbm.uam.es\/index.php\/scientific-programs\/interactions-with-the-environment\/microbes-in-health-and-welfare\/ssdna-virus-evolution-pathogenesis-and-anti-cancer-potential\/#breadcrumb"},"inLanguage":"en-US","potentialAction":[{"@type":"ReadAction","target":["https:\/\/www.cbm.uam.es\/index.php\/scientific-programs\/interactions-with-the-environment\/microbes-in-health-and-welfare\/ssdna-virus-evolution-pathogenesis-and-anti-cancer-potential\/"]}]},{"@type":"BreadcrumbList","@id":"https:\/\/www.cbm.uam.es\/index.php\/scientific-programs\/interactions-with-the-environment\/microbes-in-health-and-welfare\/ssdna-virus-evolution-pathogenesis-and-anti-cancer-potential\/#breadcrumb","itemListElement":[{"@type":"ListItem","position":1,"name":"Portada","item":"https:\/\/www.cbm.uam.es\/"},{"@type":"ListItem","position":2,"name":"Programas Cient\u00edficos","item":"https:\/\/www.cbm.uam.es\/index.php\/programas-cientificos\/?lang=es"},{"@type":"ListItem","position":3,"name":"Interacciones con el entorno","item":"https:\/\/www.cbm.uam.es\/index.php\/programas-cientificos\/interacciones-con-el-entorno\/?lang=es"},{"@type":"ListItem","position":4,"name":"Microorganismos en la salud y el bienestar","item":"https:\/\/www.cbm.uam.es\/index.php\/programas-cientificos\/interacciones-con-el-entorno\/microorganismos-en-la-salud-y-el-bienestar\/?lang=es"},{"@type":"ListItem","position":5,"name":"Evoluci\u00f3n de virus de ADN de cadena sencilla, patog\u00e9nesis y potencial anti-c\u00e1ncer"}]},{"@type":"WebSite","@id":"https:\/\/www.cbm.uam.es\/?lang=es\/#website","url":"https:\/\/www.cbm.uam.es\/?lang=es\/","name":"Centro de Biolog\u00eda Molecular Severo Ochoa","description":"Official website of the CBM, CSIC - UAM. Biomedical research centre.","publisher":{"@id":"https:\/\/www.cbm.uam.es\/?lang=es\/#organization"},"potentialAction":[{"@type":"SearchAction","target":{"@type":"EntryPoint","urlTemplate":"https:\/\/www.cbm.uam.es\/?lang=es\/?s={search_term_string}"},"query-input":{"@type":"PropertyValueSpecification","valueRequired":true,"valueName":"search_term_string"}}],"inLanguage":"en-US"},{"@type":"Organization","@id":"https:\/\/www.cbm.uam.es\/?lang=es\/#organization","name":"Centro de Biolog\u00eda Molecular Severo Ochoa","url":"https:\/\/www.cbm.uam.es\/?lang=es\/","logo":{"@type":"ImageObject","inLanguage":"en-US","@id":"https:\/\/www.cbm.uam.es\/?lang=es\/#\/schema\/logo\/image\/","url":"https:\/\/www.cbm.uam.es\/wp-content\/uploads\/2024\/11\/Logo-CBM-color-fondo-transparente.png","contentUrl":"https:\/\/www.cbm.uam.es\/wp-content\/uploads\/2024\/11\/Logo-CBM-color-fondo-transparente.png","width":800,"height":342,"caption":"Centro de Biolog\u00eda Molecular Severo Ochoa"},"image":{"@id":"https:\/\/www.cbm.uam.es\/?lang=es\/#\/schema\/logo\/image\/"}}]}},"_links":{"self":[{"href":"https:\/\/www.cbm.uam.es\/index.php\/wp-json\/wp\/v2\/pages\/284223","targetHints":{"allow":["GET"]}}],"collection":[{"href":"https:\/\/www.cbm.uam.es\/index.php\/wp-json\/wp\/v2\/pages"}],"about":[{"href":"https:\/\/www.cbm.uam.es\/index.php\/wp-json\/wp\/v2\/types\/page"}],"author":[{"embeddable":true,"href":"https:\/\/www.cbm.uam.es\/index.php\/wp-json\/wp\/v2\/users\/11"}],"replies":[{"embeddable":true,"href":"https:\/\/www.cbm.uam.es\/index.php\/wp-json\/wp\/v2\/comments?post=284223"}],"version-history":[{"count":5,"href":"https:\/\/www.cbm.uam.es\/index.php\/wp-json\/wp\/v2\/pages\/284223\/revisions"}],"predecessor-version":[{"id":293882,"href":"https:\/\/www.cbm.uam.es\/index.php\/wp-json\/wp\/v2\/pages\/284223\/revisions\/293882"}],"up":[{"embeddable":true,"href":"https:\/\/www.cbm.uam.es\/index.php\/wp-json\/wp\/v2\/pages\/283166"}],"wp:attachment":[{"href":"https:\/\/www.cbm.uam.es\/index.php\/wp-json\/wp\/v2\/media?parent=284223"}],"curies":[{"name":"wp","href":"https:\/\/api.w.org\/{rel}","templated":true}]}}