{"id":293037,"date":"2025-12-03T09:04:59","date_gmt":"2025-12-03T08:04:59","guid":{"rendered":"https:\/\/www.cbm.uam.es\/?page_id=293037"},"modified":"2025-12-15T11:00:47","modified_gmt":"2025-12-15T10:00:47","slug":"modulacion-de-la-respuesta-inmunitaria-innata-y-adaptativa-en-infeccion-viral-y-enfermedades-inflamatorias","status":"publish","type":"page","link":"https:\/\/www.cbm.uam.es\/index.php\/programas-cientificos\/interacciones-con-el-entorno\/modulacion-de-la-respuesta-inmunitaria-innata-y-adaptativa-en-infeccion-viral-y-enfermedades-inflamatorias\/?lang=es","title":{"rendered":"Modulaci\u00f3n de la respuesta inmunitaria innata y adaptativa en infecci\u00f3n viral y enfermedades inflamatorias"},"content":{"rendered":"<p>[et_pb_section fb_built=&#8221;1&#8243; _builder_version=&#8221;4.27.4&#8243; _module_preset=&#8221;default&#8221; background_color=&#8221;#34609B&#8221; background_image=&#8221;https:\/\/www.cbm.uam.es\/wp-content\/uploads\/2024\/07\/iStock-1477214805small-scaled.jpg&#8221; background_position=&#8221;bottom_center&#8221; background_vertical_offset=&#8221;32%&#8221; min_height=&#8221;352px&#8221; height=&#8221;294px&#8221; da_disable_devices=&#8221;off|off|off&#8221; global_colors_info=&#8221;{}&#8221; da_is_popup=&#8221;off&#8221; da_exit_intent=&#8221;off&#8221; da_has_close=&#8221;on&#8221; da_alt_close=&#8221;off&#8221; da_dark_close=&#8221;off&#8221; da_not_modal=&#8221;on&#8221; da_is_singular=&#8221;off&#8221; da_with_loader=&#8221;off&#8221; da_has_shadow=&#8221;on&#8221;][et_pb_row column_structure=&#8221;2_5,3_5&#8243; use_custom_gutter=&#8221;on&#8221; gutter_width=&#8221;4&#8243; _builder_version=&#8221;4.23.4&#8243; _module_preset=&#8221;default&#8221; background_color=&#8221;RGBA(255,255,255,0)&#8221; custom_margin=&#8221;61px||||false|false&#8221; custom_padding=&#8221;||0px|||&#8221; global_colors_info=&#8221;{}&#8221;][et_pb_column type=&#8221;2_5&#8243; _builder_version=&#8221;4.23.4&#8243; _module_preset=&#8221;default&#8221; background_color=&#8221;rgba(52,96,155,0.83)&#8221; custom_padding=&#8221;50px||50px|50px|false|false&#8221; border_radii=&#8221;on|15px|15px|15px|15px&#8221; global_colors_info=&#8221;{}&#8221;][et_pb_text _builder_version=&#8221;4.25.0&#8243; _module_preset=&#8221;default&#8221; text_text_color=&#8221;#FFFFFF&#8221; custom_margin=&#8221;0px||10px||false|false&#8221; custom_padding=&#8221;0px||0px||false|false&#8221; global_colors_info=&#8221;{}&#8221;]<\/p>\n<p>Programa Cient\u00edfico<\/p>\n<p>[\/et_pb_text][et_pb_heading title=&#8221;Interacciones con el entorno&#8221; _builder_version=&#8221;4.27.4&#8243; _module_preset=&#8221;default&#8221; title_font=&#8221;Montserrat||||||||&#8221; title_text_color=&#8221;#FFFFFF&#8221; title_font_size=&#8221;43px&#8221; global_colors_info=&#8221;{}&#8221;][\/et_pb_heading][\/et_pb_column][et_pb_column type=&#8221;3_5&#8243; _builder_version=&#8221;4.23.4&#8243; _module_preset=&#8221;default&#8221; custom_padding=&#8221;157px||||false|false&#8221; global_colors_info=&#8221;{}&#8221;][et_pb_text _builder_version=&#8221;4.25.0&#8243; _module_preset=&#8221;default&#8221; global_colors_info=&#8221;{}&#8221;]<\/p>\n<h4 style=\"text-align: center;\"><span style=\"color: #13b5bd;\">UNIDADES EN ESTE PROGRAMA<br \/>\n<\/span><\/h4>\n<hr>\n<h6 style=\"text-align: center;\"><span style=\"color: #abb8c3;\"><br \/>\n <a href=\"https:\/\/www.cbm.uam.es\/index.php\/programas-cientificos\/interacciones-con-el-entorno\/microorganismos-en-la-salud-y-el-bienestar\/?lang=es\">Microorganismos en la salud y el bienestar<\/a><\/span> <span style=\"color: #13b5bd;\"><a href=\"https:\/\/www.cbm.uam.es\/index.php\/programas-cientificos\/interacciones-con-el-entorno\/desarrollo-y-funcion-del-sistema-inmunitario\/?lang=es\">Desarrollo y funci\u00f3n del sistema inmunitario <\/a><\/span><\/h6>\n<p>[\/et_pb_text][\/et_pb_column][\/et_pb_row][\/et_pb_section][et_pb_section fb_built=&#8221;1&#8243; _builder_version=&#8221;4.23.4&#8243; _module_preset=&#8221;default&#8221; background_enable_image=&#8221;off&#8221; background_size=&#8221;custom&#8221; background_image_height=&#8221;84%&#8221; background_position=&#8221;bottom_right&#8221; custom_margin=&#8221;||0px||false|false&#8221; custom_padding=&#8221;||0px||false|false&#8221; da_disable_devices=&#8221;off|off|off&#8221; global_colors_info=&#8221;{}&#8221; da_is_popup=&#8221;off&#8221; da_exit_intent=&#8221;off&#8221; da_has_close=&#8221;on&#8221; da_alt_close=&#8221;off&#8221; da_dark_close=&#8221;off&#8221; da_not_modal=&#8221;on&#8221; da_is_singular=&#8221;off&#8221; da_with_loader=&#8221;off&#8221; da_has_shadow=&#8221;on&#8221;][et_pb_row _builder_version=&#8221;4.23.4&#8243; _module_preset=&#8221;default&#8221; custom_margin=&#8221;||0px||false|false&#8221; custom_padding=&#8221;||0px||false|false&#8221; global_colors_info=&#8221;{}&#8221;][et_pb_column type=&#8221;4_4&#8243; _builder_version=&#8221;4.23.4&#8243; _module_preset=&#8221;default&#8221; global_colors_info=&#8221;{}&#8221;][et_pb_heading title=&#8221;GRUPO DE INVESTIGACI\u00d3N&#8221; _builder_version=&#8221;4.25.0&#8243; _module_preset=&#8221;default&#8221; title_level=&#8221;h5&#8243; title_text_color=&#8221;#13B5BD&#8221; custom_margin=&#8221;50px||0px||false|false&#8221; global_colors_info=&#8221;{}&#8221;][\/et_pb_heading][et_pb_blurb title=&#8221;Modulaci\u00f3n de la respuesta inmunitaria innata y adaptativa en infecci\u00f3n viral y enfermedades inflamatorias&#8221; use_icon=&#8221;on&#8221; font_icon=&#8221;&#xe046;||divi||400&#8243; icon_color=&#8221;#13B5BD&#8221; icon_placement=&#8221;left&#8221; image_icon_width=&#8221;26px&#8221; content_max_width=&#8221;1100px&#8221; content_max_width_tablet=&#8221;1100px&#8221; content_max_width_last_edited=&#8221;off|desktop&#8221; _builder_version=&#8221;4.27.5&#8243; header_level=&#8221;h1&#8243; header_font=&#8221;Montserrat||||||||&#8221; header_text_color=&#8221;#000000&#8243; header_font_size=&#8221;29px&#8221; header_line_height=&#8221;1.4em&#8221; body_font=&#8221;||||||||&#8221; body_font_size=&#8221;15px&#8221; body_line_height=&#8221;1.8em&#8221; image_icon_custom_margin=&#8221;6px||||false|false&#8221; background_layout=&#8221;dark&#8221; custom_margin=&#8221;|||&#8221; custom_padding=&#8221;||14px||false|false&#8221; animation_style=&#8221;slide&#8221; animation_direction=&#8221;right&#8221; animation_intensity_slide=&#8221;10%&#8221; animation=&#8221;off&#8221; image_max_width=&#8221;64px&#8221; global_colors_info=&#8221;{}&#8221;][\/et_pb_blurb][\/et_pb_column][\/et_pb_row][\/et_pb_section][et_pb_section fb_built=&#8221;1&#8243; _builder_version=&#8221;4.23.4&#8243; _module_preset=&#8221;default&#8221; background_color=&#8221;rgba(175,218,249,0.18)&#8221; custom_padding=&#8221;0px||0px||false|false&#8221; da_disable_devices=&#8221;off|off|off&#8221; global_colors_info=&#8221;{}&#8221; da_is_popup=&#8221;off&#8221; da_exit_intent=&#8221;off&#8221; da_has_close=&#8221;on&#8221; da_alt_close=&#8221;off&#8221; da_dark_close=&#8221;off&#8221; da_not_modal=&#8221;on&#8221; da_is_singular=&#8221;off&#8221; da_with_loader=&#8221;off&#8221; da_has_shadow=&#8221;on&#8221;][et_pb_row column_structure=&#8221;1_4,3_4&#8243; _builder_version=&#8221;4.23.4&#8243; _module_preset=&#8221;default&#8221; global_colors_info=&#8221;{}&#8221;][et_pb_column type=&#8221;1_4&#8243; _builder_version=&#8221;4.23.4&#8243; _module_preset=&#8221;default&#8221; global_colors_info=&#8221;{}&#8221;][et_pb_image src=&#8221;\/imgs\/412.jpg&#8221; title_text=&#8221;logoRecurso 7&#8243; align=&#8221;right&#8221; module_class=&#8221;roundedImg&#8221; _builder_version=&#8221;4.27.5&#8243; _module_preset=&#8221;default&#8221; global_colors_info=&#8221;{}&#8221;][\/et_pb_image][\/et_pb_column][et_pb_column type=&#8221;3_4&#8243; _builder_version=&#8221;4.23.4&#8243; _module_preset=&#8221;default&#8221; global_colors_info=&#8221;{}&#8221;][et_pb_heading title=&#8221;Enrique Mart\u00edn Gayo&#8221; _builder_version=&#8221;4.27.4&#8243; _module_preset=&#8221;default&#8221; title_level=&#8221;h3&#8243; title_text_align=&#8221;left&#8221; title_text_color=&#8221;#008C93&#8243; global_colors_info=&#8221;{}&#8221;][\/et_pb_heading][et_pb_text _builder_version=&#8221;4.27.4&#8243; _module_preset=&#8221;default&#8221; custom_margin=&#8221;-27px||||false|false&#8221; link_option_url_new_window=&#8221;on&#8221; global_colors_info=&#8221;{}&#8221;]<\/p>\n<p style=\"text-align: left;\"><a href=\"https:\/\/orcid.org\/0000-0002-2619-6086\" target=\"_blank\" rel=\"noopener\">ORCID<\/a><\/p>\n<p>[\/et_pb_text][\/et_pb_column][\/et_pb_row][\/et_pb_section][et_pb_section fb_built=&#8221;1&#8243; _builder_version=&#8221;4.23.4&#8243; _module_preset=&#8221;default&#8221; background_color=&#8221;#13B5BD&#8221; custom_margin=&#8221;0px||0px||false|false&#8221; custom_padding=&#8221;0px||0px||false|false&#8221; da_disable_devices=&#8221;off|off|off&#8221; global_colors_info=&#8221;{}&#8221; da_is_popup=&#8221;off&#8221; da_exit_intent=&#8221;off&#8221; da_has_close=&#8221;on&#8221; da_alt_close=&#8221;off&#8221; da_dark_close=&#8221;off&#8221; da_not_modal=&#8221;on&#8221; da_is_singular=&#8221;off&#8221; da_with_loader=&#8221;off&#8221; da_has_shadow=&#8221;on&#8221;][et_pb_row column_structure=&#8221;1_3,1_3,1_3&#8243; _builder_version=&#8221;4.23.4&#8243; _module_preset=&#8221;default&#8221; global_colors_info=&#8221;{}&#8221;][et_pb_column type=&#8221;1_3&#8243; _builder_version=&#8221;4.23.4&#8243; _module_preset=&#8221;default&#8221; global_colors_info=&#8221;{}&#8221;][et_pb_button button_url=&#8221;#investiga&#8221; button_text=&#8221;Investigaci\u00f3n&#8221; button_alignment=&#8221;center&#8221; _builder_version=&#8221;4.25.0&#8243; _module_preset=&#8221;default&#8221; custom_button=&#8221;on&#8221; button_bg_color=&#8221;#34609B&#8221; animation_style=&#8221;zoom&#8221; global_colors_info=&#8221;{}&#8221;][\/et_pb_button][\/et_pb_column][et_pb_column type=&#8221;1_3&#8243; _builder_version=&#8221;4.23.4&#8243; _module_preset=&#8221;default&#8221; global_colors_info=&#8221;{}&#8221;][et_pb_button button_url=&#8221;#personal&#8221; button_text=&#8221;Miembros del grupo&#8221; button_alignment=&#8221;center&#8221; _builder_version=&#8221;4.25.0&#8243; _module_preset=&#8221;default&#8221; custom_button=&#8221;on&#8221; button_bg_color=&#8221;#34609B&#8221; custom_padding=&#8221;|44px||44px|false|true&#8221; animation_style=&#8221;zoom&#8221; global_colors_info=&#8221;{}&#8221;][\/et_pb_button][\/et_pb_column][et_pb_column type=&#8221;1_3&#8243; _builder_version=&#8221;4.23.4&#8243; _module_preset=&#8221;default&#8221; global_colors_info=&#8221;{}&#8221;][et_pb_button button_url=&#8221;#publica&#8221; button_text=&#8221;Publicaciones&#8221; button_alignment=&#8221;center&#8221; _builder_version=&#8221;4.25.0&#8243; _module_preset=&#8221;default&#8221; custom_button=&#8221;on&#8221; button_bg_color=&#8221;#34609B&#8221; animation_style=&#8221;zoom&#8221; global_colors_info=&#8221;{}&#8221;][\/et_pb_button][\/et_pb_column][\/et_pb_row][\/et_pb_section][et_pb_section fb_built=&#8221;1&#8243; _builder_version=&#8221;4.23.4&#8243; _module_preset=&#8221;default&#8221; background_enable_image=&#8221;off&#8221; background_size=&#8221;custom&#8221; background_image_height=&#8221;84%&#8221; background_position=&#8221;bottom_right&#8221; custom_margin=&#8221;0px||0px||false|false&#8221; custom_padding=&#8221;0px||15px||false|false&#8221; da_disable_devices=&#8221;off|off|off&#8221; global_colors_info=&#8221;{}&#8221; da_is_popup=&#8221;off&#8221; da_exit_intent=&#8221;off&#8221; da_has_close=&#8221;on&#8221; da_alt_close=&#8221;off&#8221; da_dark_close=&#8221;off&#8221; da_not_modal=&#8221;on&#8221; da_is_singular=&#8221;off&#8221; da_with_loader=&#8221;off&#8221; da_has_shadow=&#8221;on&#8221;][et_pb_row column_structure=&#8221;1_2,1_2&#8243; use_custom_gutter=&#8221;on&#8221; gutter_width=&#8221;2&#8243; _builder_version=&#8221;4.23.4&#8243; _module_preset=&#8221;default&#8221; custom_margin=&#8221;20px||||false|false&#8221; custom_padding=&#8221;||||false|false&#8221; global_colors_info=&#8221;{}&#8221;][et_pb_column type=&#8221;1_2&#8243; _builder_version=&#8221;4.23.4&#8243; _module_preset=&#8221;default&#8221; global_colors_info=&#8221;{}&#8221;][et_pb_text admin_label=&#8221;resumen&#8221; module_id=&#8221;resumen&#8221; module_class=&#8221;resumen&#8221; _builder_version=&#8221;4.27.4&#8243; _module_preset=&#8221;default&#8221; text_font_size=&#8221;15px&#8221; text_line_height=&#8221;1.8em&#8221; background_color=&#8221;#f1f8fe&#8221; custom_padding=&#8221;20px|20px|20px|20px|true|false&#8221; border_width_top=&#8221;1px&#8221; border_color_top=&#8221;#008C93&#8243; border_width_bottom=&#8221;1px&#8221; border_color_bottom=&#8221;#008C93&#8243; global_colors_info=&#8221;{}&#8221;]<\/p>\n<p style=\"text-align: justify;\">Nuestro laboratorio investiga el di\u00e1logo bidireccional entre c\u00e9lulas del sistema inmunitario innato y adaptativo en infecciones virales (VIH, SARS-CoV-2, CMV) y enfermedades autoinmunes (Sjogren, Artritis Reumatoide) utilizando \u00f3micas a nivel de una c\u00e9lula y espacial, histolog\u00eda, modelos in vitro y animales para crear terapias celulares que refuercen la inmunidad y reduzcan la inflamaci\u00f3n.<\/p>\n<p>[\/et_pb_text][\/et_pb_column][et_pb_column type=&#8221;1_2&#8243; _builder_version=&#8221;4.23.4&#8243; _module_preset=&#8221;default&#8221; custom_padding=&#8221;||||false|false&#8221; global_colors_info=&#8221;{}&#8221;][et_pb_image src=&#8221;https:\/\/www.cbm.uam.es\/wp-content\/uploads\/2025\/12\/PotencialFiguraTejidoSpatialCropped-Kike-Martin.png&#8221; title_text=&#8221;Imagen representativa del grupo de Enrique Mart\u00edn Gayo&#8221; _builder_version=&#8221;4.27.4&#8243; _module_preset=&#8221;default&#8221; animation_style=&#8221;zoom&#8221; global_colors_info=&#8221;{}&#8221;][\/et_pb_image][\/et_pb_column][\/et_pb_row][et_pb_row column_structure=&#8221;3_5,2_5&#8243; _builder_version=&#8221;4.23.4&#8243; _module_preset=&#8221;default&#8221; custom_margin=&#8221;||||false|false&#8221; custom_padding=&#8221;0px||||false|false&#8221; global_colors_info=&#8221;{}&#8221;][et_pb_column type=&#8221;3_5&#8243; _builder_version=&#8221;4.23.4&#8243; _module_preset=&#8221;default&#8221; global_colors_info=&#8221;{}&#8221;][et_pb_heading title=&#8221;Investigaci\u00f3n&#8221; module_id=&#8221;investiga&#8221; _builder_version=&#8221;4.25.0&#8243; _module_preset=&#8221;default&#8221; custom_margin=&#8221;0px|||0px|false|false&#8221; custom_padding=&#8221;3px|||8px|false|false&#8221; border_width_left=&#8221;6px&#8221; border_color_left=&#8221;#34609B&#8221; global_colors_info=&#8221;{}&#8221;][\/et_pb_heading][et_pb_text _builder_version=&#8221;4.27.4&#8243; _module_preset=&#8221;default&#8221; global_colors_info=&#8221;{}&#8221;]<\/p>\n<p style=\"text-align: justify;\">Nuestro grupo est\u00e1 centrado en distintos proyectos dirigidos a estudiar el impacto funcional de la activaci\u00f3n innata de c\u00e9lula mieloides como las c\u00e9lulas dendr\u00edticas y los monocitos, y c\u00f3mo el di\u00e1logo entre estas c\u00e9lulas con otros componentes del sistema inmunitario como los linfocitos T y c\u00e9lulas NK. Estamos estudiando c\u00f3mo estas interacciones son relevantes en infecciones virales como el VIH-1, SARS-Co-V2, y c\u00f3mo revertir el agotamiento inmunitario y reactivar el metabolismo para potenciar la respuesta antiviral y desarrollar nuevas inmunoterapias. <\/p>\n<p style=\"text-align: justify;\">Hemos identificado diferentes subpoblaciones de linfocitos T CD8+ en personas con VIH caracterizadas por la expresi\u00f3n diferencial de los receptores inmunomoduladores, que poseen distintas capacidades funcionales y metab\u00f3licas. Estamos estudiando la regulaci\u00f3n de la expresi\u00f3n de los ligandos de estos receptores en c\u00e9lulas mieloides. Asimismo, hemos identificado c\u00e9lulas NK NKG2C+ \u201cadaptativas\u201d como herramientas prometedoras para la inmunoterapia contra el VIH-1.  <\/p>\n<p>[\/et_pb_text][\/et_pb_column][et_pb_column type=&#8221;2_5&#8243; _builder_version=&#8221;4.23.4&#8243; _module_preset=&#8221;default&#8221; global_colors_info=&#8221;{}&#8221;][et_pb_image src=&#8221;https:\/\/www.cbm.uam.es\/wp-content\/uploads\/2025\/12\/2025-12-02-GrupoEnriqueMartinGayo04S-1000px.jpg&#8221; title_text=&#8221;2025-12-02-GrupoEnriqueMartinGayo04S-1000px&#8221; _builder_version=&#8221;4.27.5&#8243; _module_preset=&#8221;default&#8221; custom_margin=&#8221;60px||||false|false&#8221; custom_padding=&#8221;|||27px||&#8221; animation_style=&#8221;zoom&#8221; hover_enabled=&#8221;0&#8243; border_width_all=&#8221;3px&#8221; border_color_all=&#8221;#13B5BD&#8221; box_shadow_style=&#8221;preset3&#8243; global_colors_info=&#8221;{}&#8221; sticky_enabled=&#8221;0&#8243;][\/et_pb_image][\/et_pb_column][\/et_pb_row][et_pb_row _builder_version=&#8221;4.23.4&#8243; _module_preset=&#8221;default&#8221; custom_padding=&#8221;0px||||false|false&#8221; global_colors_info=&#8221;{}&#8221;][et_pb_column type=&#8221;4_4&#8243; _builder_version=&#8221;4.23.4&#8243; _module_preset=&#8221;default&#8221; global_colors_info=&#8221;{}&#8221;][et_pb_text _builder_version=&#8221;4.27.4&#8243; _module_preset=&#8221;default&#8221; global_colors_info=&#8221;{}&#8221;]<\/p>\n<p style=\"text-align: justify;\">Hemos sido pioneros en Espa\u00f1a poniendo a punto modelos animales humanizados e infecci\u00f3n por VIH-1 donde estamos testando estas diferentes inmunoterapias celulares combinadas con bloqueo de receptores \u201ccheckpoint\u201d y moduladores inmunometab\u00f3licos.<\/p>\n<p style=\"text-align: justify;\">Hemos sido tambi\u00e9n uno de los grupos que caracteriz\u00f3 poblaciones mieloides que son reclutadas al pulm\u00f3n en pacientes COVID-19 cr\u00edticos, y hemos descrito como distintos componentes del SARS-Co-V2 inducen activaci\u00f3n y diferenciaci\u00f3n de monocitos, induciendo la generaci\u00f3n de c\u00e9lulas Th17. Estamos actualmente estudiando la potencial contribuci\u00f3n de las c\u00e9lulas NK adaptativas a la patog\u00e9nesis en el pulm\u00f3n de pacientes COVID-19 cr\u00edtico. <\/p>\n<p style=\"text-align: justify;\">Por \u00faltimo, en nuestros proyectos m\u00e1s recientes estamos utilizando t\u00e9cnicas de single-cell RNAseq y Spatial Transcriptomics estidiamos mecanismos de inflamaci\u00f3n cr\u00f3nica y patog\u00e9nica, as\u00ed como moduladores del stress oxidativo en c\u00e9lulas y en tejidos de personas con VIH y en enfermedades autoinmunes, identificando alteraciones en diferentes v\u00edas de reconocimiento de \u00e1cidos nucleicos citoplasm\u00e1tico como los sensores de RNA\/DNA y la v\u00eda del inflamasoma. <\/p>\n<p>[\/et_pb_text][\/et_pb_column][\/et_pb_row][\/et_pb_section][et_pb_section fb_built=&#8221;1&#8243; _builder_version=&#8221;4.23.4&#8243; _module_preset=&#8221;default&#8221; background_color=&#8221;rgba(0,0,0,0.04)&#8221; da_disable_devices=&#8221;off|off|off&#8221; global_colors_info=&#8221;{}&#8221; da_is_popup=&#8221;off&#8221; da_exit_intent=&#8221;off&#8221; da_has_close=&#8221;on&#8221; da_alt_close=&#8221;off&#8221; da_dark_close=&#8221;off&#8221; da_not_modal=&#8221;on&#8221; da_is_singular=&#8221;off&#8221; da_with_loader=&#8221;off&#8221; da_has_shadow=&#8221;on&#8221;][et_pb_row _builder_version=&#8221;4.23.4&#8243; _module_preset=&#8221;default&#8221; global_colors_info=&#8221;{}&#8221;][et_pb_column type=&#8221;4_4&#8243; _builder_version=&#8221;4.23.4&#8243; _module_preset=&#8221;default&#8221; global_colors_info=&#8221;{}&#8221;][et_pb_heading title=&#8221;Miembros del grupo&#8221; module_id=&#8221;personal&#8221; _builder_version=&#8221;4.25.0&#8243; _module_preset=&#8221;default&#8221; custom_margin=&#8221;0px|||0px|false|false&#8221; custom_padding=&#8221;3px|||8px|false|false&#8221; border_width_left=&#8221;6px&#8221; border_color_left=&#8221;#34609B&#8221; global_colors_info=&#8221;{}&#8221;][\/et_pb_heading][\/et_pb_column][\/et_pb_row][et_pb_row _builder_version=&#8221;4.25.0&#8243; _module_preset=&#8221;default&#8221; max_width=&#8221;2560px&#8221; global_colors_info=&#8221;{}&#8221;][et_pb_column type=&#8221;4_4&#8243; _builder_version=&#8221;4.25.0&#8243; _module_preset=&#8221;default&#8221; global_colors_info=&#8221;{}&#8221;][et_pb_code _builder_version=&#8221;4.27.4&#8243; _module_preset=&#8221;default&#8221; global_colors_info=&#8221;{}&#8221;][et_pb_row _builder_version=\"4.25.0\" _module_preset=\"default\" column_structure=\"1_4,1_4,1_4,1_4\" hover_enabled=\"0\" sticky_enabled=\"0\"][et_pb_column _builder_version=\"4.25.0\" _module_preset=\"default\" type=\"1_4\"][et_pb_blurb title=\"Enrique Mart\u00edn Gayo\" image=\"\/imgs\/412.jpg\" _builder_version=\"4.25.0\" _module_preset=\"default\" header_text_align=\"center\" body_text_align=\"center\" global_colors_info=\"{}\" theme_builder_area=\"post_content\" module_class=\"roundedImg\"]<p>Lab.: 324 Ext.: 4614<br \/>emgayo(at)cbm.csic.es<\/p>[\/et_pb_blurb][\/et_pb_column][et_pb_column _builder_version=\"4.25.0\" _module_preset=\"default\" type=\"1_4\"][et_pb_blurb title=\"Ilya Tsukalov \" image=\"\/imgs\/6014.jpg\" _builder_version=\"4.25.0\" _module_preset=\"default\" header_text_align=\"center\" body_text_align=\"center\" global_colors_info=\"{}\" theme_builder_area=\"post_content\" module_class=\"roundedImg\"]<p>Lab.: 324 Ext.: 4645<br \/><\/p>[\/et_pb_blurb][\/et_pb_column][et_pb_column _builder_version=\"4.25.0\" _module_preset=\"default\" type=\"1_4\"][et_pb_blurb title=\"Mar\u00eda Agudo Lera\" image=\"\/imgs\/6015.jpg\" _builder_version=\"4.25.0\" _module_preset=\"default\" header_text_align=\"center\" body_text_align=\"center\" global_colors_info=\"{}\" theme_builder_area=\"post_content\" module_class=\"roundedImg\"]<p>Lab.: 324 Ext.: 4645<br \/><\/p>[\/et_pb_blurb][\/et_pb_column][et_pb_column _builder_version=\"4.25.0\" _module_preset=\"default\" type=\"1_4\"][et_pb_blurb title=\"Marina D\u00edaz S\u00e1nchez\" image=\"\/imgs\/6140.jpg\" _builder_version=\"4.25.0\" _module_preset=\"default\" header_text_align=\"center\" body_text_align=\"center\" global_colors_info=\"{}\" theme_builder_area=\"post_content\" module_class=\"roundedImg\"]<p>Lab.: 324 Ext.: 4614<br \/><\/p>[\/et_pb_blurb][\/et_pb_column][\/et_pb_row][et_pb_row _builder_version=\"4.25.0\" _module_preset=\"default\" column_structure=\"1_4,1_4,1_4,1_4\" hover_enabled=\"0\" sticky_enabled=\"0\"][et_pb_column _builder_version=\"4.25.0\" _module_preset=\"default\" type=\"1_4\"][et_pb_blurb title=\"Paul Nicholas Holmes Ant\u00f3n\" image=\"\/imgs\/6473.jpg\" _builder_version=\"4.25.0\" _module_preset=\"default\" header_text_align=\"center\" body_text_align=\"center\" global_colors_info=\"{}\" theme_builder_area=\"post_content\" module_class=\"roundedImg\"]<p>Lab.: 324 Ext.: 4645<br \/><\/p>[\/et_pb_blurb][\/et_pb_column][\/et_pb_row][\/et_pb_code][\/et_pb_column][\/et_pb_row][\/et_pb_section][et_pb_section fb_built=&#8221;1&#8243; _builder_version=&#8221;4.23.4&#8243; _module_preset=&#8221;default&#8221; background_color=&#8221;RGBA(255,255,255,0)&#8221; da_disable_devices=&#8221;off|off|off&#8221; global_colors_info=&#8221;{}&#8221; da_is_popup=&#8221;off&#8221; da_exit_intent=&#8221;off&#8221; da_has_close=&#8221;on&#8221; da_alt_close=&#8221;off&#8221; da_dark_close=&#8221;off&#8221; da_not_modal=&#8221;on&#8221; da_is_singular=&#8221;off&#8221; da_with_loader=&#8221;off&#8221; da_has_shadow=&#8221;on&#8221;][et_pb_row _builder_version=&#8221;4.23.4&#8243; _module_preset=&#8221;default&#8221; global_colors_info=&#8221;{}&#8221;][et_pb_column type=&#8221;4_4&#8243; _builder_version=&#8221;4.23.4&#8243; _module_preset=&#8221;default&#8221; global_colors_info=&#8221;{}&#8221;][et_pb_heading title=&#8221;Publicaciones representativas&#8221; module_id=&#8221;personal&#8221; _builder_version=&#8221;4.25.0&#8243; _module_preset=&#8221;default&#8221; custom_margin=&#8221;0px|||0px|false|false&#8221; custom_padding=&#8221;3px|||8px|false|false&#8221; border_width_left=&#8221;6px&#8221; border_color_left=&#8221;#34609B&#8221; global_colors_info=&#8221;{}&#8221;][\/et_pb_heading][\/et_pb_column][\/et_pb_row][et_pb_row column_structure=&#8221;1_4,1_4,1_4,1_4&#8243; _builder_version=&#8221;4.23.4&#8243; _module_preset=&#8221;default&#8221; animation_style=&#8221;zoom&#8221; global_colors_info=&#8221;{}&#8221;][et_pb_column type=&#8221;1_4&#8243; _builder_version=&#8221;4.23.4&#8243; _module_preset=&#8221;default&#8221; global_colors_info=&#8221;{}&#8221;][et_pb_image src=&#8221;https:\/\/www.cbm.uam.es\/wp-content\/uploads\/2025\/12\/Publication1-Kike-Martin.png&#8221; title_text=&#8221;Captura de Pantalla 2024-05-28 a las 1.22.50&#8243; url_new_window=&#8221;on&#8221; _builder_version=&#8221;4.27.4&#8243; _module_preset=&#8221;default&#8221; global_colors_info=&#8221;{}&#8221;][\/et_pb_image][\/et_pb_column][et_pb_column type=&#8221;1_4&#8243; _builder_version=&#8221;4.25.0&#8243; _module_preset=&#8221;default&#8221; global_colors_info=&#8221;{}&#8221;][et_pb_text _builder_version=&#8221;4.27.4&#8243; _module_preset=&#8221;default&#8221; link_option_url=&#8221;https:\/\/www.thelancet.com\/journals\/ebiom\/article\/PIIS2352-3964(22)00271-7\/fulltext&#8221; link_option_url_new_window=&#8221;on&#8221; global_colors_info=&#8221;{}&#8221;]<\/p>\n<h3><span>Antiretroviral therapy duration and immunometabolic state determine efficacy of ex vivo dendritic cell-based treatment restoring functional HIV-specific CD8+ T cells in people living with HIV<\/span><\/h3>\n<p>Marta Calvet-Mirabent et al.<\/p>\n<p>[\/et_pb_text][\/et_pb_column][et_pb_column type=&#8221;1_4&#8243; _builder_version=&#8221;4.23.4&#8243; _module_preset=&#8221;default&#8221; global_colors_info=&#8221;{}&#8221;][et_pb_image src=&#8221;https:\/\/www.cbm.uam.es\/wp-content\/uploads\/2025\/12\/Publication2-Kike-Martin-scaled.png&#8221; url_new_window=&#8221;on&#8221; _builder_version=&#8221;4.27.4&#8243; _module_preset=&#8221;default&#8221; global_colors_info=&#8221;{}&#8221;][\/et_pb_image][\/et_pb_column][et_pb_column type=&#8221;1_4&#8243; _builder_version=&#8221;4.25.0&#8243; _module_preset=&#8221;default&#8221; global_colors_info=&#8221;{}&#8221;][et_pb_text _builder_version=&#8221;4.27.4&#8243; _module_preset=&#8221;default&#8221; link_option_url=&#8221;https:\/\/link.springer.com\/article\/10.15252\/embj.2023113714&#8243; link_option_url_new_window=&#8221;on&#8221; global_colors_info=&#8221;{}&#8221;]<\/p>\n<h3>MICa\/b\u2010dependent activation of natural killer cells by CD64+ inflammatory type 2 dendritic cells contributes to autoimmunity<\/h3>\n<p>Ildefonso S\u00e1nchez\u2010Cerrillo et al.<\/p>\n<p>[\/et_pb_text][\/et_pb_column][\/et_pb_row][et_pb_row column_structure=&#8221;1_4,1_4,1_4,1_4&#8243; _builder_version=&#8221;4.23.4&#8243; _module_preset=&#8221;default&#8221; animation_style=&#8221;zoom&#8221; global_colors_info=&#8221;{}&#8221;][et_pb_column type=&#8221;1_4&#8243; _builder_version=&#8221;4.23.4&#8243; _module_preset=&#8221;default&#8221; global_colors_info=&#8221;{}&#8221;][et_pb_image src=&#8221;https:\/\/www.cbm.uam.es\/wp-content\/uploads\/2025\/12\/Publication3-Kike-Martin-scaled.png&#8221; url_new_window=&#8221;on&#8221; _builder_version=&#8221;4.27.4&#8243; _module_preset=&#8221;default&#8221; global_colors_info=&#8221;{}&#8221;][\/et_pb_image][\/et_pb_column][et_pb_column type=&#8221;1_4&#8243; _builder_version=&#8221;4.25.0&#8243; _module_preset=&#8221;default&#8221; global_colors_info=&#8221;{}&#8221;][et_pb_text _builder_version=&#8221;4.27.4&#8243; _module_preset=&#8221;default&#8221; link_option_url=&#8221;https:\/\/www.nature.com\/articles\/s41467-024-46322-8&#8243; link_option_url_new_window=&#8221;on&#8221; global_colors_info=&#8221;{}&#8221;]<\/p>\n<h3>NF\u03baB and NLRP3\/NLRC4 inflammasomes regulate differentiation, activation and functional properties of monocytes in response to distinct SARS-CoV-2 proteins<\/h3>\n<p>Ilya Tsukalov et al.<\/p>\n<p>[\/et_pb_text][\/et_pb_column][et_pb_column type=&#8221;1_4&#8243; _builder_version=&#8221;4.23.4&#8243; _module_preset=&#8221;default&#8221; global_colors_info=&#8221;{}&#8221;][et_pb_image src=&#8221;https:\/\/www.cbm.uam.es\/wp-content\/uploads\/2025\/12\/Publication4-Kike-Martin-scaled.png&#8221; url_new_window=&#8221;on&#8221; _builder_version=&#8221;4.27.4&#8243; _module_preset=&#8221;default&#8221; global_colors_info=&#8221;{}&#8221;][\/et_pb_image][\/et_pb_column][et_pb_column type=&#8221;1_4&#8243; _builder_version=&#8221;4.25.0&#8243; _module_preset=&#8221;default&#8221; global_colors_info=&#8221;{}&#8221;][et_pb_text _builder_version=&#8221;4.27.4&#8243; _module_preset=&#8221;default&#8221; link_option_url=&#8221;https:\/\/www.embopress.org\/doi\/full\/10.1038\/s44321-025-00255-x&#8221; link_option_url_new_window=&#8221;on&#8221; global_colors_info=&#8221;{}&#8221;]<\/p>\n<h3>Combined dendritic cell and anti-TIGIT immunotherapy potentiates adaptive NK cells against HIV-1<\/h3>\n<p>Ildefonso S\u00e1nchez-Cerrillo et al.<\/p>\n<p>[\/et_pb_text][\/et_pb_column][\/et_pb_row][\/et_pb_section][et_pb_section fb_built=&#8221;1&#8243; _builder_version=&#8221;4.23.4&#8243; _module_preset=&#8221;default&#8221; background_color=&#8221;rgba(0,0,0,0.04)&#8221; da_disable_devices=&#8221;off|off|off&#8221; global_colors_info=&#8221;{}&#8221; da_is_popup=&#8221;off&#8221; da_exit_intent=&#8221;off&#8221; da_has_close=&#8221;on&#8221; da_alt_close=&#8221;off&#8221; da_dark_close=&#8221;off&#8221; da_not_modal=&#8221;on&#8221; da_is_singular=&#8221;off&#8221; da_with_loader=&#8221;off&#8221; da_has_shadow=&#8221;on&#8221;][et_pb_row _builder_version=&#8221;4.23.4&#8243; _module_preset=&#8221;default&#8221; global_colors_info=&#8221;{}&#8221;][et_pb_column type=&#8221;4_4&#8243; _builder_version=&#8221;4.23.4&#8243; _module_preset=&#8221;default&#8221; global_colors_info=&#8221;{}&#8221;][et_pb_heading title=&#8221;\u00daltimas publicaciones&#8221; module_id=&#8221;publica&#8221; _builder_version=&#8221;4.25.0&#8243; _module_preset=&#8221;default&#8221; custom_margin=&#8221;0px|||0px|false|false&#8221; custom_padding=&#8221;3px|||8px|false|false&#8221; border_width_left=&#8221;6px&#8221; border_color_left=&#8221;#34609B&#8221; global_colors_info=&#8221;{}&#8221;][\/et_pb_heading][\/et_pb_column][\/et_pb_row][et_pb_row _builder_version=&#8221;4.25.0&#8243; _module_preset=&#8221;default&#8221; global_colors_info=&#8221;{}&#8221;][et_pb_column type=&#8221;4_4&#8243; _builder_version=&#8221;4.25.0&#8243; _module_preset=&#8221;default&#8221; global_colors_info=&#8221;{}&#8221;][et_pb_code _builder_version=&#8221;4.27.4&#8243; _module_preset=&#8221;default&#8221; global_colors_info=&#8221;{}&#8221;]<\/p>\n<div data-type=\"items\" data-id=\"1\" data-query=\"e3NvbG9QdWJsaWNhY2lvbmVzQ3NpYzpmYWxzZSx0aXBvbG9naWFzTm9ybWFsaXphZGFzOnRydWUsdGlwb2xvZ2lhc0FydGljdWxvOnRydWUsdGlwb2xvZ2lhc0FydGljdWxvRGVSZXZpc2lvbjp0cnVlLHRpcG9sb2dpYXNDYXBpdHVsb0RlTGlicm86dHJ1ZSx0aXBvbG9naWFzQ2FydGE6dHJ1ZSx0aXBvbG9naWFzTGlicm86dHJ1ZSxvY3VsdGFyRHVwbGljYWRvczp0cnVlLGZ1ZW50ZUZpbHRybzowLGNyaXRlcmlvc0F1dG9yQWZpbDpbImF1dG9yKDI5NjgxKSJdfQ==\" data-fields=\"year;titulo_doi;enlaces_aa;ndoctype;source_norm;cites;authors;publisher\" data-author-max-length=\"500\">Cargando publicaciones&#8230;<\/div>\n<p><!-- [et_pb_line_break_holder] --><script type=\"text\/javascript\" src=\"https:\/\/gesbib.urici.csic.es\/badge\/csi.min.js\"><\/script>[\/et_pb_code][\/et_pb_column][\/et_pb_row][\/et_pb_section][et_pb_section fb_built=&#8221;1&#8243; _builder_version=&#8221;4.23.4&#8243; _module_preset=&#8221;default&#8221; background_color=&#8221;#34609B&#8221; da_disable_devices=&#8221;off|off|off&#8221; global_colors_info=&#8221;{}&#8221; da_is_popup=&#8221;off&#8221; da_exit_intent=&#8221;off&#8221; da_has_close=&#8221;on&#8221; da_alt_close=&#8221;off&#8221; da_dark_close=&#8221;off&#8221; da_not_modal=&#8221;on&#8221; da_is_singular=&#8221;off&#8221; da_with_loader=&#8221;off&#8221; da_has_shadow=&#8221;on&#8221;][et_pb_row _builder_version=&#8221;4.23.4&#8243; _module_preset=&#8221;default&#8221; global_colors_info=&#8221;{}&#8221;][et_pb_column type=&#8221;4_4&#8243; _builder_version=&#8221;4.23.4&#8243; _module_preset=&#8221;default&#8221; global_colors_info=&#8221;{}&#8221;][et_pb_heading title=&#8221;Programas cient\u00edficos&#8221; _builder_version=&#8221;4.25.0&#8243; _module_preset=&#8221;default&#8221; title_text_color=&#8221;#FFFFFF&#8221; title_font_size=&#8221;26px&#8221; global_colors_info=&#8221;{}&#8221;][\/et_pb_heading][\/et_pb_column][\/et_pb_row][et_pb_row column_structure=&#8221;1_4,1_4,1_4,1_4&#8243; use_custom_gutter=&#8221;on&#8221; gutter_width=&#8221;2&#8243; _builder_version=&#8221;4.25.0&#8243; _module_preset=&#8221;default&#8221; custom_margin=&#8221;||||false|false&#8221; custom_padding=&#8221;0px|0px|0px|0px|false|true&#8221; global_colors_info=&#8221;{}&#8221;][et_pb_column type=&#8221;1_4&#8243; _builder_version=&#8221;4.23.4&#8243; _module_preset=&#8221;default&#8221; global_colors_info=&#8221;{}&#8221;][et_pb_image src=&#8221;https:\/\/www.cbm.uam.es\/wp-content\/uploads\/2024\/05\/areas_proyects1_sf.png&#8221; title_text=&#8221;areas_proyects1_sf&#8221; url=&#8221;https:\/\/www.cbm.uam.es\/index.php\/programas-cientificos\/dinamica-y-funcion-del-genoma\/?lang=es&#8221; _builder_version=&#8221;4.25.0&#8243; _module_preset=&#8221;default&#8221; animation_style=&#8221;zoom&#8221; global_colors_info=&#8221;{}&#8221;][\/et_pb_image][\/et_pb_column][et_pb_column type=&#8221;1_4&#8243; _builder_version=&#8221;4.23.4&#8243; _module_preset=&#8221;default&#8221; global_colors_info=&#8221;{}&#8221;][et_pb_image src=&#8221;https:\/\/www.cbm.uam.es\/wp-content\/uploads\/2024\/05\/areas_proyects2_sf.png&#8221; title_text=&#8221;areas_proyects2_sf&#8221; url=&#8221;https:\/\/www.cbm.uam.es\/index.php\/programas-cientificos\/homeostasis-de-tejidos-y-organos\/?lang=es&#8221; _builder_version=&#8221;4.25.0&#8243; _module_preset=&#8221;default&#8221; animation_style=&#8221;zoom&#8221; global_colors_info=&#8221;{}&#8221;][\/et_pb_image][\/et_pb_column][et_pb_column type=&#8221;1_4&#8243; _builder_version=&#8221;4.23.4&#8243; _module_preset=&#8221;default&#8221; global_colors_info=&#8221;{}&#8221;][et_pb_image src=&#8221;https:\/\/www.cbm.uam.es\/wp-content\/uploads\/2024\/05\/areas_proyects3_sf.png&#8221; title_text=&#8221;areas_proyects3_sf&#8221; url=&#8221;https:\/\/www.cbm.uam.es\/index.php\/programas-cientificos\/procesos-fisiologicos-y-patologicos\/?lang=es&#8221; _builder_version=&#8221;4.25.0&#8243; _module_preset=&#8221;default&#8221; animation_style=&#8221;zoom&#8221; global_colors_info=&#8221;{}&#8221;][\/et_pb_image][\/et_pb_column][et_pb_column type=&#8221;1_4&#8243; _builder_version=&#8221;4.23.4&#8243; _module_preset=&#8221;default&#8221; global_colors_info=&#8221;{}&#8221;][et_pb_image src=&#8221;https:\/\/www.cbm.uam.es\/wp-content\/uploads\/2024\/05\/areas_proyects4_sf.png&#8221; title_text=&#8221;areas_proyects4_sf&#8221; url=&#8221;https:\/\/www.cbm.uam.es\/index.php\/programas-cientificos\/interacciones-con-el-entorno\/?lang=es&#8221; _builder_version=&#8221;4.25.0&#8243; _module_preset=&#8221;default&#8221; animation_style=&#8221;zoom&#8221; global_colors_info=&#8221;{}&#8221;][\/et_pb_image][\/et_pb_column][\/et_pb_row][\/et_pb_section]<\/p>\n","protected":false},"excerpt":{"rendered":"<p>Programa Cient\u00edficoUNIDADES EN ESTE PROGRAMA Microorganismos en la salud y el bienestar Desarrollo y funci\u00f3n del sistema inmunitario ORCIDNuestro laboratorio investiga el di\u00e1logo bidireccional entre c\u00e9lulas del sistema inmunitario innato [&hellip;]<\/p>\n","protected":false},"author":11,"featured_media":0,"parent":281873,"menu_order":0,"comment_status":"closed","ping_status":"closed","template":"","meta":{"_et_pb_use_builder":"on","_et_pb_old_content":"","_et_gb_content_width":"","footnotes":""},"class_list":["post-293037","page","type-page","status-publish","hentry"],"yoast_head":"<!-- This site is optimized with the Yoast SEO plugin v27.4 - https:\/\/yoast.com\/product\/yoast-seo-wordpress\/ -->\n<title>Modulaci\u00f3n de la respuesta inmunitaria innata y adaptativa en infecci\u00f3n viral y enfermedades inflamatorias - Centro de Biolog\u00eda Molecular Severo Ochoa<\/title>\n<meta name=\"robots\" content=\"index, follow, max-snippet:-1, max-image-preview:large, max-video-preview:-1\" \/>\n<link rel=\"canonical\" href=\"https:\/\/www.cbm.uam.es\/index.php\/scientific-programs\/interactions-with-the-environment\/modulation-of-innate-and-adaptive-immune-responses-in-viral-infection-and-inflammatory-diseases\/\" \/>\n<meta property=\"og:locale\" content=\"en_US\" \/>\n<meta property=\"og:type\" content=\"article\" \/>\n<meta property=\"og:title\" content=\"Modulaci\u00f3n de la respuesta inmunitaria innata y adaptativa en infecci\u00f3n viral y enfermedades inflamatorias - Centro de Biolog\u00eda Molecular Severo Ochoa\" \/>\n<meta property=\"og:description\" content=\"Programa Cient\u00edficoUNIDADES EN ESTE PROGRAMA Microorganismos en la salud y el bienestar Desarrollo y funci\u00f3n del sistema inmunitario ORCIDNuestro laboratorio investiga el di\u00e1logo bidireccional entre c\u00e9lulas del sistema inmunitario innato [&hellip;]\" \/>\n<meta property=\"og:url\" content=\"https:\/\/www.cbm.uam.es\/index.php\/scientific-programs\/interactions-with-the-environment\/modulation-of-innate-and-adaptive-immune-responses-in-viral-infection-and-inflammatory-diseases\/\" \/>\n<meta property=\"og:site_name\" content=\"Centro de Biolog\u00eda Molecular Severo Ochoa\" \/>\n<meta property=\"article:modified_time\" content=\"2025-12-15T10:00:47+00:00\" \/>\n<meta name=\"twitter:card\" content=\"summary_large_image\" \/>\n<meta name=\"twitter:label1\" content=\"Est. reading time\" \/>\n\t<meta name=\"twitter:data1\" content=\"16 minutes\" \/>\n<script type=\"application\/ld+json\" class=\"yoast-schema-graph\">{\"@context\":\"https:\\\/\\\/schema.org\",\"@graph\":[{\"@type\":\"WebPage\",\"@id\":\"https:\\\/\\\/www.cbm.uam.es\\\/index.php\\\/scientific-programs\\\/interactions-with-the-environment\\\/modulation-of-innate-and-adaptive-immune-responses-in-viral-infection-and-inflammatory-diseases\\\/\",\"url\":\"https:\\\/\\\/www.cbm.uam.es\\\/index.php\\\/scientific-programs\\\/interactions-with-the-environment\\\/modulation-of-innate-and-adaptive-immune-responses-in-viral-infection-and-inflammatory-diseases\\\/\",\"name\":\"Modulaci\u00f3n de la respuesta inmunitaria innata y adaptativa en infecci\u00f3n viral y enfermedades inflamatorias - Centro de Biolog\u00eda Molecular Severo Ochoa\",\"isPartOf\":{\"@id\":\"https:\\\/\\\/www.cbm.uam.es\\\/?lang=es\\\/#website\"},\"datePublished\":\"2025-12-03T08:04:59+00:00\",\"dateModified\":\"2025-12-15T10:00:47+00:00\",\"breadcrumb\":{\"@id\":\"https:\\\/\\\/www.cbm.uam.es\\\/index.php\\\/scientific-programs\\\/interactions-with-the-environment\\\/modulation-of-innate-and-adaptive-immune-responses-in-viral-infection-and-inflammatory-diseases\\\/#breadcrumb\"},\"inLanguage\":\"en-US\",\"potentialAction\":[{\"@type\":\"ReadAction\",\"target\":[\"https:\\\/\\\/www.cbm.uam.es\\\/index.php\\\/scientific-programs\\\/interactions-with-the-environment\\\/modulation-of-innate-and-adaptive-immune-responses-in-viral-infection-and-inflammatory-diseases\\\/\"]}]},{\"@type\":\"BreadcrumbList\",\"@id\":\"https:\\\/\\\/www.cbm.uam.es\\\/index.php\\\/scientific-programs\\\/interactions-with-the-environment\\\/modulation-of-innate-and-adaptive-immune-responses-in-viral-infection-and-inflammatory-diseases\\\/#breadcrumb\",\"itemListElement\":[{\"@type\":\"ListItem\",\"position\":1,\"name\":\"Portada\",\"item\":\"https:\\\/\\\/www.cbm.uam.es\\\/\"},{\"@type\":\"ListItem\",\"position\":2,\"name\":\"Programas Cient\u00edficos\",\"item\":\"https:\\\/\\\/www.cbm.uam.es\\\/index.php\\\/programas-cientificos\\\/?lang=es\"},{\"@type\":\"ListItem\",\"position\":3,\"name\":\"Interacciones con el entorno\",\"item\":\"https:\\\/\\\/www.cbm.uam.es\\\/index.php\\\/programas-cientificos\\\/interacciones-con-el-entorno\\\/?lang=es\"},{\"@type\":\"ListItem\",\"position\":4,\"name\":\"Modulaci\u00f3n de la respuesta inmunitaria innata y adaptativa en infecci\u00f3n viral y enfermedades inflamatorias\"}]},{\"@type\":\"WebSite\",\"@id\":\"https:\\\/\\\/www.cbm.uam.es\\\/?lang=es\\\/#website\",\"url\":\"https:\\\/\\\/www.cbm.uam.es\\\/?lang=es\\\/\",\"name\":\"Centro de Biolog\u00eda Molecular Severo Ochoa\",\"description\":\"Official website of the CBM, CSIC - UAM. Biomedical research centre.\",\"publisher\":{\"@id\":\"https:\\\/\\\/www.cbm.uam.es\\\/?lang=es\\\/#organization\"},\"potentialAction\":[{\"@type\":\"SearchAction\",\"target\":{\"@type\":\"EntryPoint\",\"urlTemplate\":\"https:\\\/\\\/www.cbm.uam.es\\\/?lang=es\\\/?s={search_term_string}\"},\"query-input\":{\"@type\":\"PropertyValueSpecification\",\"valueRequired\":true,\"valueName\":\"search_term_string\"}}],\"inLanguage\":\"en-US\"},{\"@type\":\"Organization\",\"@id\":\"https:\\\/\\\/www.cbm.uam.es\\\/?lang=es\\\/#organization\",\"name\":\"Centro de Biolog\u00eda Molecular Severo Ochoa\",\"url\":\"https:\\\/\\\/www.cbm.uam.es\\\/?lang=es\\\/\",\"logo\":{\"@type\":\"ImageObject\",\"inLanguage\":\"en-US\",\"@id\":\"https:\\\/\\\/www.cbm.uam.es\\\/?lang=es\\\/#\\\/schema\\\/logo\\\/image\\\/\",\"url\":\"https:\\\/\\\/www.cbm.uam.es\\\/wp-content\\\/uploads\\\/2024\\\/11\\\/Logo-CBM-color-fondo-transparente.png\",\"contentUrl\":\"https:\\\/\\\/www.cbm.uam.es\\\/wp-content\\\/uploads\\\/2024\\\/11\\\/Logo-CBM-color-fondo-transparente.png\",\"width\":800,\"height\":342,\"caption\":\"Centro de Biolog\u00eda Molecular Severo Ochoa\"},\"image\":{\"@id\":\"https:\\\/\\\/www.cbm.uam.es\\\/?lang=es\\\/#\\\/schema\\\/logo\\\/image\\\/\"}}]}<\/script>\n<!-- \/ Yoast SEO plugin. -->","yoast_head_json":{"title":"Modulaci\u00f3n de la respuesta inmunitaria innata y adaptativa en infecci\u00f3n viral y enfermedades inflamatorias - Centro de Biolog\u00eda Molecular Severo Ochoa","robots":{"index":"index","follow":"follow","max-snippet":"max-snippet:-1","max-image-preview":"max-image-preview:large","max-video-preview":"max-video-preview:-1"},"canonical":"https:\/\/www.cbm.uam.es\/index.php\/scientific-programs\/interactions-with-the-environment\/modulation-of-innate-and-adaptive-immune-responses-in-viral-infection-and-inflammatory-diseases\/","og_locale":"en_US","og_type":"article","og_title":"Modulaci\u00f3n de la respuesta inmunitaria innata y adaptativa en infecci\u00f3n viral y enfermedades inflamatorias - Centro de Biolog\u00eda Molecular Severo Ochoa","og_description":"Programa Cient\u00edficoUNIDADES EN ESTE PROGRAMA Microorganismos en la salud y el bienestar Desarrollo y funci\u00f3n del sistema inmunitario ORCIDNuestro laboratorio investiga el di\u00e1logo bidireccional entre c\u00e9lulas del sistema inmunitario innato [&hellip;]","og_url":"https:\/\/www.cbm.uam.es\/index.php\/scientific-programs\/interactions-with-the-environment\/modulation-of-innate-and-adaptive-immune-responses-in-viral-infection-and-inflammatory-diseases\/","og_site_name":"Centro de Biolog\u00eda Molecular Severo Ochoa","article_modified_time":"2025-12-15T10:00:47+00:00","twitter_card":"summary_large_image","twitter_misc":{"Est. reading time":"16 minutes"},"schema":{"@context":"https:\/\/schema.org","@graph":[{"@type":"WebPage","@id":"https:\/\/www.cbm.uam.es\/index.php\/scientific-programs\/interactions-with-the-environment\/modulation-of-innate-and-adaptive-immune-responses-in-viral-infection-and-inflammatory-diseases\/","url":"https:\/\/www.cbm.uam.es\/index.php\/scientific-programs\/interactions-with-the-environment\/modulation-of-innate-and-adaptive-immune-responses-in-viral-infection-and-inflammatory-diseases\/","name":"Modulaci\u00f3n de la respuesta inmunitaria innata y adaptativa en infecci\u00f3n viral y enfermedades inflamatorias - Centro de Biolog\u00eda Molecular Severo Ochoa","isPartOf":{"@id":"https:\/\/www.cbm.uam.es\/?lang=es\/#website"},"datePublished":"2025-12-03T08:04:59+00:00","dateModified":"2025-12-15T10:00:47+00:00","breadcrumb":{"@id":"https:\/\/www.cbm.uam.es\/index.php\/scientific-programs\/interactions-with-the-environment\/modulation-of-innate-and-adaptive-immune-responses-in-viral-infection-and-inflammatory-diseases\/#breadcrumb"},"inLanguage":"en-US","potentialAction":[{"@type":"ReadAction","target":["https:\/\/www.cbm.uam.es\/index.php\/scientific-programs\/interactions-with-the-environment\/modulation-of-innate-and-adaptive-immune-responses-in-viral-infection-and-inflammatory-diseases\/"]}]},{"@type":"BreadcrumbList","@id":"https:\/\/www.cbm.uam.es\/index.php\/scientific-programs\/interactions-with-the-environment\/modulation-of-innate-and-adaptive-immune-responses-in-viral-infection-and-inflammatory-diseases\/#breadcrumb","itemListElement":[{"@type":"ListItem","position":1,"name":"Portada","item":"https:\/\/www.cbm.uam.es\/"},{"@type":"ListItem","position":2,"name":"Programas Cient\u00edficos","item":"https:\/\/www.cbm.uam.es\/index.php\/programas-cientificos\/?lang=es"},{"@type":"ListItem","position":3,"name":"Interacciones con el entorno","item":"https:\/\/www.cbm.uam.es\/index.php\/programas-cientificos\/interacciones-con-el-entorno\/?lang=es"},{"@type":"ListItem","position":4,"name":"Modulaci\u00f3n de la respuesta inmunitaria innata y adaptativa en infecci\u00f3n viral y enfermedades inflamatorias"}]},{"@type":"WebSite","@id":"https:\/\/www.cbm.uam.es\/?lang=es\/#website","url":"https:\/\/www.cbm.uam.es\/?lang=es\/","name":"Centro de Biolog\u00eda Molecular Severo Ochoa","description":"Official website of the CBM, CSIC - UAM. Biomedical research centre.","publisher":{"@id":"https:\/\/www.cbm.uam.es\/?lang=es\/#organization"},"potentialAction":[{"@type":"SearchAction","target":{"@type":"EntryPoint","urlTemplate":"https:\/\/www.cbm.uam.es\/?lang=es\/?s={search_term_string}"},"query-input":{"@type":"PropertyValueSpecification","valueRequired":true,"valueName":"search_term_string"}}],"inLanguage":"en-US"},{"@type":"Organization","@id":"https:\/\/www.cbm.uam.es\/?lang=es\/#organization","name":"Centro de Biolog\u00eda Molecular Severo Ochoa","url":"https:\/\/www.cbm.uam.es\/?lang=es\/","logo":{"@type":"ImageObject","inLanguage":"en-US","@id":"https:\/\/www.cbm.uam.es\/?lang=es\/#\/schema\/logo\/image\/","url":"https:\/\/www.cbm.uam.es\/wp-content\/uploads\/2024\/11\/Logo-CBM-color-fondo-transparente.png","contentUrl":"https:\/\/www.cbm.uam.es\/wp-content\/uploads\/2024\/11\/Logo-CBM-color-fondo-transparente.png","width":800,"height":342,"caption":"Centro de Biolog\u00eda Molecular Severo Ochoa"},"image":{"@id":"https:\/\/www.cbm.uam.es\/?lang=es\/#\/schema\/logo\/image\/"}}]}},"_links":{"self":[{"href":"https:\/\/www.cbm.uam.es\/index.php\/wp-json\/wp\/v2\/pages\/293037","targetHints":{"allow":["GET"]}}],"collection":[{"href":"https:\/\/www.cbm.uam.es\/index.php\/wp-json\/wp\/v2\/pages"}],"about":[{"href":"https:\/\/www.cbm.uam.es\/index.php\/wp-json\/wp\/v2\/types\/page"}],"author":[{"embeddable":true,"href":"https:\/\/www.cbm.uam.es\/index.php\/wp-json\/wp\/v2\/users\/11"}],"replies":[{"embeddable":true,"href":"https:\/\/www.cbm.uam.es\/index.php\/wp-json\/wp\/v2\/comments?post=293037"}],"version-history":[{"count":8,"href":"https:\/\/www.cbm.uam.es\/index.php\/wp-json\/wp\/v2\/pages\/293037\/revisions"}],"predecessor-version":[{"id":293140,"href":"https:\/\/www.cbm.uam.es\/index.php\/wp-json\/wp\/v2\/pages\/293037\/revisions\/293140"}],"up":[{"embeddable":true,"href":"https:\/\/www.cbm.uam.es\/index.php\/wp-json\/wp\/v2\/pages\/281873"}],"wp:attachment":[{"href":"https:\/\/www.cbm.uam.es\/index.php\/wp-json\/wp\/v2\/media?parent=293037"}],"curies":[{"name":"wp","href":"https:\/\/api.w.org\/{rel}","templated":true}]}}