{"id":294447,"date":"2026-04-09T09:52:21","date_gmt":"2026-04-09T07:52:21","guid":{"rendered":"https:\/\/www.cbm.uam.es\/index.php\/programas-cientificos\/procesos-fisiologicos-y-patologicos\/control-molecular-de-la-neurotransmision\/"},"modified":"2026-04-14T10:12:36","modified_gmt":"2026-04-14T08:12:36","slug":"control-molecular-de-la-neurotransmision","status":"publish","type":"page","link":"https:\/\/www.cbm.uam.es\/index.php\/programas-cientificos\/procesos-fisiologicos-y-patologicos\/control-molecular-de-la-neurotransmision\/?lang=es","title":{"rendered":"Control molecular de la neurotransmisi\u00f3n"},"content":{"rendered":"<p>[et_pb_section fb_built=&#8221;1&#8243; _builder_version=&#8221;4.27.6&#8243; _module_preset=&#8221;default&#8221; background_color=&#8221;#34609B&#8221; background_image=&#8221;https:\/\/www.cbm.uam.es\/wp-content\/uploads\/2024\/07\/iStock-1356994685small-scaled.jpg&#8221; background_position=&#8221;bottom_center&#8221; background_vertical_offset=&#8221;32%&#8221; min_height=&#8221;352px&#8221; height=&#8221;294px&#8221; da_disable_devices=&#8221;off|off|off&#8221; global_colors_info=&#8221;{}&#8221; da_is_popup=&#8221;off&#8221; da_exit_intent=&#8221;off&#8221; da_has_close=&#8221;on&#8221; da_alt_close=&#8221;off&#8221; da_dark_close=&#8221;off&#8221; da_not_modal=&#8221;on&#8221; da_is_singular=&#8221;off&#8221; da_with_loader=&#8221;off&#8221; da_has_shadow=&#8221;on&#8221;][et_pb_row column_structure=&#8221;2_5,3_5&#8243; use_custom_gutter=&#8221;on&#8221; gutter_width=&#8221;4&#8243; _builder_version=&#8221;4.23.4&#8243; _module_preset=&#8221;default&#8221; background_color=&#8221;RGBA(255,255,255,0)&#8221; custom_margin=&#8221;61px||||false|false&#8221; custom_padding=&#8221;||0px|||&#8221; global_colors_info=&#8221;{}&#8221;][et_pb_column type=&#8221;2_5&#8243; _builder_version=&#8221;4.23.4&#8243; _module_preset=&#8221;default&#8221; background_color=&#8221;rgba(52,96,155,0.83)&#8221; custom_padding=&#8221;50px||50px|50px|false|false&#8221; border_radii=&#8221;on|15px|15px|15px|15px&#8221; global_colors_info=&#8221;{}&#8221;][et_pb_text _builder_version=&#8221;4.25.0&#8243; _module_preset=&#8221;default&#8221; text_text_color=&#8221;#FFFFFF&#8221; custom_margin=&#8221;0px||10px||false|false&#8221; custom_padding=&#8221;0px||0px||false|false&#8221; global_colors_info=&#8221;{}&#8221;]<\/p>\n<p>Programa Cient\u00edfico<\/p>\n<p>[\/et_pb_text][et_pb_heading title=&#8221;Procesos fisiol\u00f3gicos y patol\u00f3gicos&#8221; _builder_version=&#8221;4.27.6&#8243; _module_preset=&#8221;default&#8221; title_font=&#8221;Montserrat||||||||&#8221; title_text_color=&#8221;#FFFFFF&#8221; title_font_size=&#8221;43px&#8221; global_colors_info=&#8221;{}&#8221;][\/et_pb_heading][\/et_pb_column][et_pb_column type=&#8221;3_5&#8243; _builder_version=&#8221;4.23.4&#8243; _module_preset=&#8221;default&#8221; custom_padding=&#8221;157px||||false|false&#8221; global_colors_info=&#8221;{}&#8221;][et_pb_text _builder_version=&#8221;4.25.0&#8243; _module_preset=&#8221;default&#8221; global_colors_info=&#8221;{}&#8221;]<\/p>\n<h4 style=\"text-align: center;\"><span style=\"color: #13b5bd;\">UNIDADES EN ESTE PROGRAMA<br \/>\n<\/span><\/h4>\n<hr>\n<h6 style=\"text-align: center;\"><span style=\"color: #13b5bd;\"><br \/>\n<a href=\"\/index.php\/scientific-programs\/physiological-and-pathological-processes\/molecular-neuropathology\/\">Neuropatolog\u00eda molecular<\/a><\/span> <span style=\"color: #abb8c3;\"><a href=\"\/index.php\/scientific-programs\/physiological-and-pathological-processes\/metabolic-and-signaling-networks-in-disease\/\">Redes metab\u00f3licas y se\u00f1alizadoras en la enfermedad<\/a><\/span><\/h6>\n<p>[\/et_pb_text][\/et_pb_column][\/et_pb_row][\/et_pb_section][et_pb_section fb_built=&#8221;1&#8243; _builder_version=&#8221;4.23.4&#8243; _module_preset=&#8221;default&#8221; background_enable_image=&#8221;off&#8221; background_size=&#8221;custom&#8221; background_image_height=&#8221;84%&#8221; background_position=&#8221;bottom_right&#8221; custom_margin=&#8221;||0px||false|false&#8221; custom_padding=&#8221;||0px||false|false&#8221; da_disable_devices=&#8221;off|off|off&#8221; global_colors_info=&#8221;{}&#8221; da_is_popup=&#8221;off&#8221; da_exit_intent=&#8221;off&#8221; da_has_close=&#8221;on&#8221; da_alt_close=&#8221;off&#8221; da_dark_close=&#8221;off&#8221; da_not_modal=&#8221;on&#8221; da_is_singular=&#8221;off&#8221; da_with_loader=&#8221;off&#8221; da_has_shadow=&#8221;on&#8221;][et_pb_row _builder_version=&#8221;4.23.4&#8243; _module_preset=&#8221;default&#8221; custom_margin=&#8221;||0px||false|false&#8221; custom_padding=&#8221;||0px||false|false&#8221; global_colors_info=&#8221;{}&#8221;][et_pb_column type=&#8221;4_4&#8243; _builder_version=&#8221;4.23.4&#8243; _module_preset=&#8221;default&#8221; global_colors_info=&#8221;{}&#8221;][et_pb_heading title=&#8221;GRUPO DE INVESTIGACI\u00d3N&#8221; _builder_version=&#8221;4.25.0&#8243; _module_preset=&#8221;default&#8221; title_level=&#8221;h5&#8243; title_text_color=&#8221;#13B5BD&#8221; custom_margin=&#8221;50px||0px||false|false&#8221; global_colors_info=&#8221;{}&#8221;][\/et_pb_heading][et_pb_blurb title=&#8221;Control molecular de la neurotransmisi\u00f3n&#8221; use_icon=&#8221;on&#8221; font_icon=&#8221;&#xe046;||divi||400&#8243; icon_color=&#8221;#13B5BD&#8221; icon_placement=&#8221;left&#8221; image_icon_width=&#8221;26px&#8221; content_max_width=&#8221;1100px&#8221; content_max_width_tablet=&#8221;1100px&#8221; content_max_width_last_edited=&#8221;off|desktop&#8221; _builder_version=&#8221;4.27.6&#8243; header_level=&#8221;h1&#8243; header_font=&#8221;Montserrat||||||||&#8221; header_text_color=&#8221;#000000&#8243; header_font_size=&#8221;29px&#8221; header_line_height=&#8221;1.4em&#8221; body_font=&#8221;||||||||&#8221; body_font_size=&#8221;15px&#8221; body_line_height=&#8221;1.8em&#8221; image_icon_custom_margin=&#8221;6px||||false|false&#8221; background_layout=&#8221;dark&#8221; custom_margin=&#8221;|||&#8221; custom_padding=&#8221;||14px||false|false&#8221; animation_style=&#8221;slide&#8221; animation_direction=&#8221;right&#8221; animation_intensity_slide=&#8221;10%&#8221; animation=&#8221;off&#8221; image_max_width=&#8221;64px&#8221; global_colors_info=&#8221;{}&#8221;][\/et_pb_blurb][\/et_pb_column][\/et_pb_row][\/et_pb_section][et_pb_section fb_built=&#8221;1&#8243; _builder_version=&#8221;4.23.4&#8243; _module_preset=&#8221;default&#8221; background_color=&#8221;rgba(175,218,249,0.18)&#8221; custom_padding=&#8221;0px||0px||false|false&#8221; da_disable_devices=&#8221;off|off|off&#8221; global_colors_info=&#8221;{}&#8221; da_is_popup=&#8221;off&#8221; da_exit_intent=&#8221;off&#8221; da_has_close=&#8221;on&#8221; da_alt_close=&#8221;off&#8221; da_dark_close=&#8221;off&#8221; da_not_modal=&#8221;on&#8221; da_is_singular=&#8221;off&#8221; da_with_loader=&#8221;off&#8221; da_has_shadow=&#8221;on&#8221;][et_pb_row column_structure=&#8221;1_4,3_4&#8243; _builder_version=&#8221;4.23.4&#8243; _module_preset=&#8221;default&#8221; global_colors_info=&#8221;{}&#8221;][et_pb_column type=&#8221;1_4&#8243; _builder_version=&#8221;4.23.4&#8243; _module_preset=&#8221;default&#8221; global_colors_info=&#8221;{}&#8221;][et_pb_image src=&#8221;http:\/\/150.244.205.2\/wp-content\/uploads\/2024\/01\/logoRecurso-7.png&#8221; title_text=&#8221;logoRecurso 7&#8243; align=&#8221;right&#8221; module_class=&#8221;roundedImg&#8221; _builder_version=&#8221;4.25.0&#8243; _module_preset=&#8221;default&#8221; global_colors_info=&#8221;{}&#8221;][\/et_pb_image][\/et_pb_column][et_pb_column type=&#8221;3_4&#8243; _builder_version=&#8221;4.23.4&#8243; _module_preset=&#8221;default&#8221; global_colors_info=&#8221;{}&#8221;][et_pb_heading title=&#8221;Jaime de Juan Sanz&#8221; _builder_version=&#8221;4.27.6&#8243; _module_preset=&#8221;default&#8221; title_level=&#8221;h3&#8243; title_text_align=&#8221;left&#8221; title_text_color=&#8221;#008C93&#8243; global_colors_info=&#8221;{}&#8221;][\/et_pb_heading][et_pb_text _builder_version=&#8221;4.27.6&#8243; _module_preset=&#8221;default&#8221; custom_margin=&#8221;-27px||||false|false&#8221; link_option_url_new_window=&#8221;on&#8221; global_colors_info=&#8221;{}&#8221;]<\/p>\n<p style=\"text-align: left;\"><a href=\"https:\/\/orcid.org\/0000-0002-1212-5623\" target=\"_blank\" rel=\"noopener\">ORCID<\/a><\/p>\n<p>[\/et_pb_text][\/et_pb_column][\/et_pb_row][\/et_pb_section][et_pb_section fb_built=&#8221;1&#8243; _builder_version=&#8221;4.23.4&#8243; _module_preset=&#8221;default&#8221; background_color=&#8221;#13B5BD&#8221; custom_margin=&#8221;0px||0px||false|false&#8221; custom_padding=&#8221;0px||0px||false|false&#8221; da_disable_devices=&#8221;off|off|off&#8221; global_colors_info=&#8221;{}&#8221; da_is_popup=&#8221;off&#8221; da_exit_intent=&#8221;off&#8221; da_has_close=&#8221;on&#8221; da_alt_close=&#8221;off&#8221; da_dark_close=&#8221;off&#8221; da_not_modal=&#8221;on&#8221; da_is_singular=&#8221;off&#8221; da_with_loader=&#8221;off&#8221; da_has_shadow=&#8221;on&#8221;][et_pb_row column_structure=&#8221;1_3,1_3,1_3&#8243; _builder_version=&#8221;4.23.4&#8243; _module_preset=&#8221;default&#8221; global_colors_info=&#8221;{}&#8221;][et_pb_column type=&#8221;1_3&#8243; _builder_version=&#8221;4.23.4&#8243; _module_preset=&#8221;default&#8221; global_colors_info=&#8221;{}&#8221;][et_pb_button button_url=&#8221;#investiga&#8221; button_text=&#8221;Investigaci\u00f3n&#8221; button_alignment=&#8221;center&#8221; _builder_version=&#8221;4.25.0&#8243; _module_preset=&#8221;default&#8221; custom_button=&#8221;on&#8221; button_bg_color=&#8221;#34609B&#8221; animation_style=&#8221;zoom&#8221; global_colors_info=&#8221;{}&#8221;][\/et_pb_button][\/et_pb_column][et_pb_column type=&#8221;1_3&#8243; _builder_version=&#8221;4.23.4&#8243; _module_preset=&#8221;default&#8221; global_colors_info=&#8221;{}&#8221;][et_pb_button button_url=&#8221;#personal&#8221; button_text=&#8221;Miembros del grupo&#8221; button_alignment=&#8221;center&#8221; _builder_version=&#8221;4.25.0&#8243; _module_preset=&#8221;default&#8221; custom_button=&#8221;on&#8221; button_bg_color=&#8221;#34609B&#8221; custom_padding=&#8221;|44px||44px|false|true&#8221; animation_style=&#8221;zoom&#8221; global_colors_info=&#8221;{}&#8221;][\/et_pb_button][\/et_pb_column][et_pb_column type=&#8221;1_3&#8243; _builder_version=&#8221;4.23.4&#8243; _module_preset=&#8221;default&#8221; global_colors_info=&#8221;{}&#8221;][et_pb_button button_url=&#8221;#publica&#8221; button_text=&#8221;Publicaciones&#8221; button_alignment=&#8221;center&#8221; _builder_version=&#8221;4.25.0&#8243; _module_preset=&#8221;default&#8221; custom_button=&#8221;on&#8221; button_bg_color=&#8221;#34609B&#8221; animation_style=&#8221;zoom&#8221; global_colors_info=&#8221;{}&#8221;][\/et_pb_button][\/et_pb_column][\/et_pb_row][\/et_pb_section][et_pb_section fb_built=&#8221;1&#8243; _builder_version=&#8221;4.23.4&#8243; _module_preset=&#8221;default&#8221; background_enable_image=&#8221;off&#8221; background_size=&#8221;custom&#8221; background_image_height=&#8221;84%&#8221; background_position=&#8221;bottom_right&#8221; custom_margin=&#8221;0px||0px||false|false&#8221; custom_padding=&#8221;0px||15px||false|false&#8221; da_disable_devices=&#8221;off|off|off&#8221; global_colors_info=&#8221;{}&#8221; da_is_popup=&#8221;off&#8221; da_exit_intent=&#8221;off&#8221; da_has_close=&#8221;on&#8221; da_alt_close=&#8221;off&#8221; da_dark_close=&#8221;off&#8221; da_not_modal=&#8221;on&#8221; da_is_singular=&#8221;off&#8221; da_with_loader=&#8221;off&#8221; da_has_shadow=&#8221;on&#8221;][et_pb_row column_structure=&#8221;1_2,1_2&#8243; use_custom_gutter=&#8221;on&#8221; gutter_width=&#8221;2&#8243; _builder_version=&#8221;4.23.4&#8243; _module_preset=&#8221;default&#8221; custom_margin=&#8221;20px||||false|false&#8221; custom_padding=&#8221;||||false|false&#8221; global_colors_info=&#8221;{}&#8221;][et_pb_column type=&#8221;1_2&#8243; _builder_version=&#8221;4.23.4&#8243; _module_preset=&#8221;default&#8221; global_colors_info=&#8221;{}&#8221;][et_pb_text admin_label=&#8221;resumen&#8221; module_id=&#8221;resumen&#8221; module_class=&#8221;resumen&#8221; _builder_version=&#8221;4.27.6&#8243; _module_preset=&#8221;default&#8221; text_font_size=&#8221;15px&#8221; text_line_height=&#8221;1.8em&#8221; background_color=&#8221;#f1f8fe&#8221; custom_padding=&#8221;20px|20px|20px|20px|true|false&#8221; border_width_top=&#8221;1px&#8221; border_color_top=&#8221;#008C93&#8243; border_width_bottom=&#8221;1px&#8221; border_color_bottom=&#8221;#008C93&#8243; global_colors_info=&#8221;{}&#8221;]<\/p>\n<p style=\"text-align: justify;\">Investigamos los mecanismos moleculares que permiten la comunicaci\u00f3n entre neuronas. Para ello desarrollamos nuevas herramientas moleculares e im\u00e1genes funcionales que permiten medir procesos antes inaccesibles en conexiones neuronales. Comprender estos mecanismos es clave para revelar principios b\u00e1sicos del cerebro y abrir nuevas v\u00edas frente a enfermedades neurol\u00f3gicas.  <\/p>\n<p>[\/et_pb_text][\/et_pb_column][et_pb_column type=&#8221;1_2&#8243; _builder_version=&#8221;4.23.4&#8243; _module_preset=&#8221;default&#8221; custom_padding=&#8221;||||false|false&#8221; global_colors_info=&#8221;{}&#8221;][et_pb_image src=&#8221;https:\/\/www.cbm.uam.es\/wp-content\/uploads\/2026\/04\/cbmso-website-Jaime-de-Juan.png&#8221; title_text=&#8221;cbmso website &#8211; Jaime de Juan&#8221; _builder_version=&#8221;4.27.6&#8243; _module_preset=&#8221;default&#8221; animation_style=&#8221;zoom&#8221; global_colors_info=&#8221;{}&#8221;][\/et_pb_image][\/et_pb_column][\/et_pb_row][et_pb_row column_structure=&#8221;3_5,2_5&#8243; _builder_version=&#8221;4.23.4&#8243; _module_preset=&#8221;default&#8221; custom_margin=&#8221;||||false|false&#8221; custom_padding=&#8221;0px||||false|false&#8221; global_colors_info=&#8221;{}&#8221;][et_pb_column type=&#8221;3_5&#8243; _builder_version=&#8221;4.23.4&#8243; _module_preset=&#8221;default&#8221; global_colors_info=&#8221;{}&#8221;][et_pb_heading title=&#8221;Investigaci\u00f3n&#8221; module_id=&#8221;investiga&#8221; _builder_version=&#8221;4.25.0&#8243; _module_preset=&#8221;default&#8221; custom_margin=&#8221;0px|||0px|false|false&#8221; custom_padding=&#8221;3px|||8px|false|false&#8221; border_width_left=&#8221;6px&#8221; border_color_left=&#8221;#34609B&#8221; global_colors_info=&#8221;{}&#8221;][\/et_pb_heading][et_pb_text _builder_version=&#8221;4.27.6&#8243; _module_preset=&#8221;default&#8221; global_colors_info=&#8221;{}&#8221;]<\/p>\n<p style=\"text-align: justify;\">Nuestra investigaci\u00f3n se centra en comprender los mecanismos moleculares que regulan la comunicaci\u00f3n entre neuronas, con especial \u00e9nfasis en la funci\u00f3n presin\u00e1ptica. Las sinapsis constituyen la unidad b\u00e1sica de transmisi\u00f3n de informaci\u00f3n en el cerebro, pero muchos de los procesos que determinan su eficacia, precisi\u00f3n y plasticidad siguen siendo poco conocidos. Nuestro objetivo es desentra\u00f1ar c\u00f3mo interact\u00faan los org\u00e1nulos intracelulares, la se\u00f1alizaci\u00f3n por calcio, el tr\u00e1fico de membranas y las prote\u00ednas trans-sin\u00e1pticas para controlar la neurotransmisi\u00f3n.  <\/p>\n<p style=\"text-align: justify;\">Para abordarlo, combinamos biolog\u00eda celular con el desarrollo de nuevas herramientas moleculares y \u00f3pticas. Una estrategia central del laboratorio es dise\u00f1ar y generar tecnolog\u00edas que permitan medir directamente procesos que hasta ahora no pod\u00edan estudiarse en sistemas neuronales intactos. Entre ellas se incluyen herramientas para monitorizar el calcio en org\u00e1nulos, seguir el tr\u00e1fico dependiente de la actividad de prote\u00ednas end\u00f3genas y cuantificar en tiempo real la composici\u00f3n molecular de la superficie sin\u00e1ptica.  <\/p>\n<p>[\/et_pb_text][\/et_pb_column][et_pb_column type=&#8221;2_5&#8243; _builder_version=&#8221;4.23.4&#8243; _module_preset=&#8221;default&#8221; global_colors_info=&#8221;{}&#8221;][et_pb_image src=&#8221;data:image\/svg+xml;base64,PHN2ZyB3aWR0aD0iMTA4MCIgaGVpZ2h0PSI1NDAiIHZpZXdCb3g9IjAgMCAxMDgwIDU0MCIgeG1sbnM9Imh0dHA6Ly93d3cudzMub3JnLzIwMDAvc3ZnIj4KICAgIDxnIGZpbGw9Im5vbmUiIGZpbGwtcnVsZT0iZXZlbm9kZCI+CiAgICAgICAgPHBhdGggZmlsbD0iI0VCRUJFQiIgZD0iTTAgMGgxMDgwdjU0MEgweiIvPgogICAgICAgIDxwYXRoIGQ9Ik00NDUuNjQ5IDU0MGgtOTguOTk1TDE0NC42NDkgMzM3Ljk5NSAwIDQ4Mi42NDR2LTk4Ljk5NWwxMTYuMzY1LTExNi4zNjVjMTUuNjItMTUuNjIgNDAuOTQ3LTE1LjYyIDU2LjU2OCAwTDQ0NS42NSA1NDB6IiBmaWxsLW9wYWNpdHk9Ii4xIiBmaWxsPSIjMDAwIiBmaWxsLXJ1bGU9Im5vbnplcm8iLz4KICAgICAgICA8Y2lyY2xlIGZpbGwtb3BhY2l0eT0iLjA1IiBmaWxsPSIjMDAwIiBjeD0iMzMxIiBjeT0iMTQ4IiByPSI3MCIvPgogICAgICAgIDxwYXRoIGQ9Ik0xMDgwIDM3OXYxMTMuMTM3TDcyOC4xNjIgMTQwLjMgMzI4LjQ2MiA1NDBIMjE1LjMyNEw2OTkuODc4IDU1LjQ0NmMxNS42Mi0xNS42MiA0MC45NDgtMTUuNjIgNTYuNTY4IDBMMTA4MCAzNzl6IiBmaWxsLW9wYWNpdHk9Ii4yIiBmaWxsPSIjMDAwIiBmaWxsLXJ1bGU9Im5vbnplcm8iLz4KICAgIDwvZz4KPC9zdmc+Cg==&#8221; title_text=&#8221; &#8221; _builder_version=&#8221;4.25.0&#8243; _module_preset=&#8221;default&#8221; custom_margin=&#8221;60px||||false|false&#8221; custom_padding=&#8221;|||27px||&#8221; animation_style=&#8221;zoom&#8221; border_width_all=&#8221;3px&#8221; border_color_all=&#8221;#13B5BD&#8221; box_shadow_style=&#8221;preset3&#8243; global_colors_info=&#8221;{}&#8221;][\/et_pb_image][\/et_pb_column][\/et_pb_row][et_pb_row _builder_version=&#8221;4.23.4&#8243; _module_preset=&#8221;default&#8221; custom_padding=&#8221;0px||||false|false&#8221; global_colors_info=&#8221;{}&#8221;][et_pb_column type=&#8221;4_4&#8243; _builder_version=&#8221;4.23.4&#8243; _module_preset=&#8221;default&#8221; global_colors_info=&#8221;{}&#8221;][et_pb_text _builder_version=&#8221;4.27.6&#8243; _module_preset=&#8221;default&#8221; global_colors_info=&#8221;{}&#8221;]<\/p>\n<p style=\"text-align: justify;\">Nuestro trabajo se organiza en tres l\u00edneas principales. En primer lugar, estudiamos c\u00f3mo org\u00e1nulos como el ret\u00edculo endopl\u00e1smico y las mitocondrias regulan la se\u00f1alizaci\u00f3n de calcio presin\u00e1ptica y el soporte metab\u00f3lico de la neurotransmisi\u00f3n. En segundo lugar, investigamos c\u00f3mo el la composici\u00f3n molecular de la hendidura sin\u00e1ptica se remodela de forma din\u00e1mica mediante el tr\u00e1fico dependiente de la actividad de prote\u00ednas trans-sin\u00e1pticas. En tercer lugar, analizamos c\u00f3mo las v\u00edas metab\u00f3licas en los terminales presin\u00e1pticos influyen en la s\u00edntesis de neurotransmisores y en la eficacia sin\u00e1ptica.   <\/p>\n<p style=\"text-align: justify;\">By integrating tool development with fundamental discovery, our work seeks not only to answer key questions in neuroscience, but also to open new experimental avenues for the field. Understanding these mechanisms is essential to define the principles of brain function and to identify novel targets and strategies for neurological disorders. <\/p>\n<p>[\/et_pb_text][\/et_pb_column][\/et_pb_row][\/et_pb_section][et_pb_section fb_built=&#8221;1&#8243; _builder_version=&#8221;4.23.4&#8243; _module_preset=&#8221;default&#8221; background_color=&#8221;rgba(0,0,0,0.04)&#8221; da_disable_devices=&#8221;off|off|off&#8221; global_colors_info=&#8221;{}&#8221; da_is_popup=&#8221;off&#8221; da_exit_intent=&#8221;off&#8221; da_has_close=&#8221;on&#8221; da_alt_close=&#8221;off&#8221; da_dark_close=&#8221;off&#8221; da_not_modal=&#8221;on&#8221; da_is_singular=&#8221;off&#8221; da_with_loader=&#8221;off&#8221; da_has_shadow=&#8221;on&#8221;][et_pb_row _builder_version=&#8221;4.23.4&#8243; _module_preset=&#8221;default&#8221; global_colors_info=&#8221;{}&#8221;][et_pb_column type=&#8221;4_4&#8243; _builder_version=&#8221;4.23.4&#8243; _module_preset=&#8221;default&#8221; global_colors_info=&#8221;{}&#8221;][et_pb_heading title=&#8221;Miembros del grupo&#8221; module_id=&#8221;personal&#8221; _builder_version=&#8221;4.25.0&#8243; _module_preset=&#8221;default&#8221; custom_margin=&#8221;0px|||0px|false|false&#8221; custom_padding=&#8221;3px|||8px|false|false&#8221; border_width_left=&#8221;6px&#8221; border_color_left=&#8221;#34609B&#8221; global_colors_info=&#8221;{}&#8221;][\/et_pb_heading][\/et_pb_column][\/et_pb_row][et_pb_row _builder_version=&#8221;4.25.0&#8243; _module_preset=&#8221;default&#8221; max_width=&#8221;2560px&#8221; global_colors_info=&#8221;{}&#8221;][et_pb_column type=&#8221;4_4&#8243; _builder_version=&#8221;4.25.0&#8243; _module_preset=&#8221;default&#8221; global_colors_info=&#8221;{}&#8221;][et_pb_code _builder_version=&#8221;4.27.6&#8243; _module_preset=&#8221;default&#8221; global_colors_info=&#8221;{}&#8221;][et_pb_row _builder_version=\"4.25.0\" _module_preset=\"default\" column_structure=\"1_4,1_4,1_4,1_4\" hover_enabled=\"0\" sticky_enabled=\"0\"][et_pb_column _builder_version=\"4.25.0\" _module_preset=\"default\" type=\"1_4\"][et_pb_blurb title=\"Jaime de Juan Sanz\" image=\"\/imgs\/default.jpg\" _builder_version=\"4.25.0\" _module_preset=\"default\" header_text_align=\"center\" body_text_align=\"center\" global_colors_info=\"{}\" theme_builder_area=\"post_content\" module_class=\"roundedImg\"]<p>Lab.:  Ext.: 4701<br \/>jaime.dejuansanz(at)cbm.csic.es<\/p>[\/et_pb_blurb][\/et_pb_column][\/et_pb_row][\/et_pb_code][\/et_pb_column][\/et_pb_row][\/et_pb_section][et_pb_section fb_built=&#8221;1&#8243; _builder_version=&#8221;4.23.4&#8243; _module_preset=&#8221;default&#8221; background_color=&#8221;RGBA(255,255,255,0)&#8221; da_disable_devices=&#8221;off|off|off&#8221; global_colors_info=&#8221;{}&#8221; da_is_popup=&#8221;off&#8221; da_exit_intent=&#8221;off&#8221; da_has_close=&#8221;on&#8221; da_alt_close=&#8221;off&#8221; da_dark_close=&#8221;off&#8221; da_not_modal=&#8221;on&#8221; da_is_singular=&#8221;off&#8221; da_with_loader=&#8221;off&#8221; da_has_shadow=&#8221;on&#8221;][et_pb_row _builder_version=&#8221;4.23.4&#8243; _module_preset=&#8221;default&#8221; global_colors_info=&#8221;{}&#8221;][et_pb_column type=&#8221;4_4&#8243; _builder_version=&#8221;4.23.4&#8243; _module_preset=&#8221;default&#8221; global_colors_info=&#8221;{}&#8221;][et_pb_heading title=&#8221;Publicaciones representativas&#8221; module_id=&#8221;personal&#8221; _builder_version=&#8221;4.25.0&#8243; _module_preset=&#8221;default&#8221; custom_margin=&#8221;0px|||0px|false|false&#8221; custom_padding=&#8221;3px|||8px|false|false&#8221; border_width_left=&#8221;6px&#8221; border_color_left=&#8221;#34609B&#8221; global_colors_info=&#8221;{}&#8221;][\/et_pb_heading][\/et_pb_column][\/et_pb_row][et_pb_row column_structure=&#8221;1_4,1_4,1_4,1_4&#8243; _builder_version=&#8221;4.23.4&#8243; _module_preset=&#8221;default&#8221; animation_style=&#8221;zoom&#8221; global_colors_info=&#8221;{}&#8221;][et_pb_column type=&#8221;1_4&#8243; _builder_version=&#8221;4.23.4&#8243; _module_preset=&#8221;default&#8221; global_colors_info=&#8221;{}&#8221;][et_pb_image src=&#8221;data:image\/svg+xml;base64,PHN2ZyB3aWR0aD0iMTA4MCIgaGVpZ2h0PSI1NDAiIHZpZXdCb3g9IjAgMCAxMDgwIDU0MCIgeG1sbnM9Imh0dHA6Ly93d3cudzMub3JnLzIwMDAvc3ZnIj4KICAgIDxnIGZpbGw9Im5vbmUiIGZpbGwtcnVsZT0iZXZlbm9kZCI+CiAgICAgICAgPHBhdGggZmlsbD0iI0VCRUJFQiIgZD0iTTAgMGgxMDgwdjU0MEgweiIvPgogICAgICAgIDxwYXRoIGQ9Ik00NDUuNjQ5IDU0MGgtOTguOTk1TDE0NC42NDkgMzM3Ljk5NSAwIDQ4Mi42NDR2LTk4Ljk5NWwxMTYuMzY1LTExNi4zNjVjMTUuNjItMTUuNjIgNDAuOTQ3LTE1LjYyIDU2LjU2OCAwTDQ0NS42NSA1NDB6IiBmaWxsLW9wYWNpdHk9Ii4xIiBmaWxsPSIjMDAwIiBmaWxsLXJ1bGU9Im5vbnplcm8iLz4KICAgICAgICA8Y2lyY2xlIGZpbGwtb3BhY2l0eT0iLjA1IiBmaWxsPSIjMDAwIiBjeD0iMzMxIiBjeT0iMTQ4IiByPSI3MCIvPgogICAgICAgIDxwYXRoIGQ9Ik0xMDgwIDM3OXYxMTMuMTM3TDcyOC4xNjIgMTQwLjMgMzI4LjQ2MiA1NDBIMjE1LjMyNEw2OTkuODc4IDU1LjQ0NmMxNS42Mi0xNS42MiA0MC45NDgtMTUuNjIgNTYuNTY4IDBMMTA4MCAzNzl6IiBmaWxsLW9wYWNpdHk9Ii4yIiBmaWxsPSIjMDAwIiBmaWxsLXJ1bGU9Im5vbnplcm8iLz4KICAgIDwvZz4KPC9zdmc+Cg==&#8221; title_text=&#8221;Captura de Pantalla 2024-05-28 a las 1.22.50&#8243; url_new_window=&#8221;on&#8221; _builder_version=&#8221;4.25.0&#8243; _module_preset=&#8221;default&#8221; global_colors_info=&#8221;{}&#8221;][\/et_pb_image][\/et_pb_column][et_pb_column type=&#8221;1_4&#8243; _builder_version=&#8221;4.25.0&#8243; _module_preset=&#8221;default&#8221; global_colors_info=&#8221;{}&#8221;][et_pb_text _builder_version=&#8221;4.27.6&#8243; _module_preset=&#8221;default&#8221; link_option_url=&#8221;https:\/\/www.nature.com\/articles\/s42255-026-01451-w&#8221; link_option_url_new_window=&#8221;on&#8221; global_colors_info=&#8221;{}&#8221;]<\/p>\n<h3>Mitochondrial Ca2+ efflux controls neuronal metabolism and long-term memory across species<\/h3>\n<p>Anjali Amrapali Vishwanath et al.<\/p>\n<p>[\/et_pb_text][\/et_pb_column][et_pb_column type=&#8221;1_4&#8243; _builder_version=&#8221;4.23.4&#8243; _module_preset=&#8221;default&#8221; global_colors_info=&#8221;{}&#8221;][et_pb_image src=&#8221;data:image\/svg+xml;base64,PHN2ZyB3aWR0aD0iMTA4MCIgaGVpZ2h0PSI1NDAiIHZpZXdCb3g9IjAgMCAxMDgwIDU0MCIgeG1sbnM9Imh0dHA6Ly93d3cudzMub3JnLzIwMDAvc3ZnIj4KICAgIDxnIGZpbGw9Im5vbmUiIGZpbGwtcnVsZT0iZXZlbm9kZCI+CiAgICAgICAgPHBhdGggZmlsbD0iI0VCRUJFQiIgZD0iTTAgMGgxMDgwdjU0MEgweiIvPgogICAgICAgIDxwYXRoIGQ9Ik00NDUuNjQ5IDU0MGgtOTguOTk1TDE0NC42NDkgMzM3Ljk5NSAwIDQ4Mi42NDR2LTk4Ljk5NWwxMTYuMzY1LTExNi4zNjVjMTUuNjItMTUuNjIgNDAuOTQ3LTE1LjYyIDU2LjU2OCAwTDQ0NS42NSA1NDB6IiBmaWxsLW9wYWNpdHk9Ii4xIiBmaWxsPSIjMDAwIiBmaWxsLXJ1bGU9Im5vbnplcm8iLz4KICAgICAgICA8Y2lyY2xlIGZpbGwtb3BhY2l0eT0iLjA1IiBmaWxsPSIjMDAwIiBjeD0iMzMxIiBjeT0iMTQ4IiByPSI3MCIvPgogICAgICAgIDxwYXRoIGQ9Ik0xMDgwIDM3OXYxMTMuMTM3TDcyOC4xNjIgMTQwLjMgMzI4LjQ2MiA1NDBIMjE1LjMyNEw2OTkuODc4IDU1LjQ0NmMxNS42Mi0xNS42MiA0MC45NDgtMTUuNjIgNTYuNTY4IDBMMTA4MCAzNzl6IiBmaWxsLW9wYWNpdHk9Ii4yIiBmaWxsPSIjMDAwIiBmaWxsLXJ1bGU9Im5vbnplcm8iLz4KICAgIDwvZz4KPC9zdmc+Cg==&#8221; url_new_window=&#8221;on&#8221; _builder_version=&#8221;4.25.0&#8243; _module_preset=&#8221;default&#8221; global_colors_info=&#8221;{}&#8221;][\/et_pb_image][\/et_pb_column][et_pb_column type=&#8221;1_4&#8243; _builder_version=&#8221;4.25.0&#8243; _module_preset=&#8221;default&#8221; global_colors_info=&#8221;{}&#8221;][et_pb_text _builder_version=&#8221;4.27.6&#8243; _module_preset=&#8221;default&#8221; link_option_url=&#8221;https:\/\/elifesciences.org\/reviewed-preprints\/107845&#8243; link_option_url_new_window=&#8221;on&#8221; global_colors_info=&#8221;{}&#8221;]<\/p>\n<h3>An expanded palette of bright and photostable organellar Ca2+ sensors<\/h3>\n<p>Agathe Moret et al.<\/p>\n<p>[\/et_pb_text][\/et_pb_column][\/et_pb_row][et_pb_row column_structure=&#8221;1_4,1_4,1_4,1_4&#8243; _builder_version=&#8221;4.23.4&#8243; _module_preset=&#8221;default&#8221; animation_style=&#8221;zoom&#8221; global_colors_info=&#8221;{}&#8221;][et_pb_column type=&#8221;1_4&#8243; _builder_version=&#8221;4.23.4&#8243; _module_preset=&#8221;default&#8221; global_colors_info=&#8221;{}&#8221;][et_pb_image src=&#8221;data:image\/svg+xml;base64,PHN2ZyB3aWR0aD0iMTA4MCIgaGVpZ2h0PSI1NDAiIHZpZXdCb3g9IjAgMCAxMDgwIDU0MCIgeG1sbnM9Imh0dHA6Ly93d3cudzMub3JnLzIwMDAvc3ZnIj4KICAgIDxnIGZpbGw9Im5vbmUiIGZpbGwtcnVsZT0iZXZlbm9kZCI+CiAgICAgICAgPHBhdGggZmlsbD0iI0VCRUJFQiIgZD0iTTAgMGgxMDgwdjU0MEgweiIvPgogICAgICAgIDxwYXRoIGQ9Ik00NDUuNjQ5IDU0MGgtOTguOTk1TDE0NC42NDkgMzM3Ljk5NSAwIDQ4Mi42NDR2LTk4Ljk5NWwxMTYuMzY1LTExNi4zNjVjMTUuNjItMTUuNjIgNDAuOTQ3LTE1LjYyIDU2LjU2OCAwTDQ0NS42NSA1NDB6IiBmaWxsLW9wYWNpdHk9Ii4xIiBmaWxsPSIjMDAwIiBmaWxsLXJ1bGU9Im5vbnplcm8iLz4KICAgICAgICA8Y2lyY2xlIGZpbGwtb3BhY2l0eT0iLjA1IiBmaWxsPSIjMDAwIiBjeD0iMzMxIiBjeT0iMTQ4IiByPSI3MCIvPgogICAgICAgIDxwYXRoIGQ9Ik0xMDgwIDM3OXYxMTMuMTM3TDcyOC4xNjIgMTQwLjMgMzI4LjQ2MiA1NDBIMjE1LjMyNEw2OTkuODc4IDU1LjQ0NmMxNS42Mi0xNS42MiA0MC45NDgtMTUuNjIgNTYuNTY4IDBMMTA4MCAzNzl6IiBmaWxsLW9wYWNpdHk9Ii4yIiBmaWxsPSIjMDAwIiBmaWxsLXJ1bGU9Im5vbnplcm8iLz4KICAgIDwvZz4KPC9zdmc+Cg==&#8221; url_new_window=&#8221;on&#8221; _builder_version=&#8221;4.25.0&#8243; _module_preset=&#8221;default&#8221; global_colors_info=&#8221;{}&#8221;][\/et_pb_image][\/et_pb_column][et_pb_column type=&#8221;1_4&#8243; _builder_version=&#8221;4.25.0&#8243; _module_preset=&#8221;default&#8221; global_colors_info=&#8221;{}&#8221;][et_pb_text _builder_version=&#8221;4.27.6&#8243; _module_preset=&#8221;default&#8221; link_option_url=&#8221;https:\/\/journals.plos.org\/plosbiology\/article?id=10.1371\/journal.pbio.3002860&#8243; link_option_url_new_window=&#8221;on&#8221; global_colors_info=&#8221;{}&#8221;]<\/p>\n<h3>Monitoring of activity-driven trafficking of endogenous synaptic proteins through proximity labeling<\/h3>\n<p>Carlos Pascual-Caro et al.<\/p>\n<p>[\/et_pb_text][\/et_pb_column][et_pb_column type=&#8221;1_4&#8243; _builder_version=&#8221;4.23.4&#8243; _module_preset=&#8221;default&#8221; global_colors_info=&#8221;{}&#8221;][et_pb_image src=&#8221;data:image\/svg+xml;base64,PHN2ZyB3aWR0aD0iMTA4MCIgaGVpZ2h0PSI1NDAiIHZpZXdCb3g9IjAgMCAxMDgwIDU0MCIgeG1sbnM9Imh0dHA6Ly93d3cudzMub3JnLzIwMDAvc3ZnIj4KICAgIDxnIGZpbGw9Im5vbmUiIGZpbGwtcnVsZT0iZXZlbm9kZCI+CiAgICAgICAgPHBhdGggZmlsbD0iI0VCRUJFQiIgZD0iTTAgMGgxMDgwdjU0MEgweiIvPgogICAgICAgIDxwYXRoIGQ9Ik00NDUuNjQ5IDU0MGgtOTguOTk1TDE0NC42NDkgMzM3Ljk5NSAwIDQ4Mi42NDR2LTk4Ljk5NWwxMTYuMzY1LTExNi4zNjVjMTUuNjItMTUuNjIgNDAuOTQ3LTE1LjYyIDU2LjU2OCAwTDQ0NS42NSA1NDB6IiBmaWxsLW9wYWNpdHk9Ii4xIiBmaWxsPSIjMDAwIiBmaWxsLXJ1bGU9Im5vbnplcm8iLz4KICAgICAgICA8Y2lyY2xlIGZpbGwtb3BhY2l0eT0iLjA1IiBmaWxsPSIjMDAwIiBjeD0iMzMxIiBjeT0iMTQ4IiByPSI3MCIvPgogICAgICAgIDxwYXRoIGQ9Ik0xMDgwIDM3OXYxMTMuMTM3TDcyOC4xNjIgMTQwLjMgMzI4LjQ2MiA1NDBIMjE1LjMyNEw2OTkuODc4IDU1LjQ0NmMxNS42Mi0xNS42MiA0MC45NDgtMTUuNjIgNTYuNTY4IDBMMTA4MCAzNzl6IiBmaWxsLW9wYWNpdHk9Ii4yIiBmaWxsPSIjMDAwIiBmaWxsLXJ1bGU9Im5vbnplcm8iLz4KICAgIDwvZz4KPC9zdmc+Cg==&#8221; url_new_window=&#8221;on&#8221; _builder_version=&#8221;4.25.0&#8243; _module_preset=&#8221;default&#8221; global_colors_info=&#8221;{}&#8221;][\/et_pb_image][\/et_pb_column][et_pb_column type=&#8221;1_4&#8243; _builder_version=&#8221;4.25.0&#8243; _module_preset=&#8221;default&#8221; global_colors_info=&#8221;{}&#8221;][et_pb_text _builder_version=&#8221;4.27.6&#8243; _module_preset=&#8221;default&#8221; link_option_url=&#8221;https:\/\/www.cell.com\/cell-reports\/fulltext\/S2211-1247(24)00514-X&#8221; link_option_url_new_window=&#8221;on&#8221; global_colors_info=&#8221;{}&#8221;]<\/p>\n<h3>Activity-driven synaptic translocation of LGI1 controls excitatory neurotransmission<\/h3>\n<p>Ulku Cuhadar et al.<\/p>\n<p>[\/et_pb_text][\/et_pb_column][\/et_pb_row][\/et_pb_section][et_pb_section fb_built=&#8221;1&#8243; _builder_version=&#8221;4.23.4&#8243; _module_preset=&#8221;default&#8221; background_color=&#8221;rgba(0,0,0,0.04)&#8221; da_disable_devices=&#8221;off|off|off&#8221; global_colors_info=&#8221;{}&#8221; da_is_popup=&#8221;off&#8221; da_exit_intent=&#8221;off&#8221; da_has_close=&#8221;on&#8221; da_alt_close=&#8221;off&#8221; da_dark_close=&#8221;off&#8221; da_not_modal=&#8221;on&#8221; da_is_singular=&#8221;off&#8221; da_with_loader=&#8221;off&#8221; da_has_shadow=&#8221;on&#8221;][et_pb_row _builder_version=&#8221;4.23.4&#8243; _module_preset=&#8221;default&#8221; global_colors_info=&#8221;{}&#8221;][et_pb_column type=&#8221;4_4&#8243; _builder_version=&#8221;4.23.4&#8243; _module_preset=&#8221;default&#8221; global_colors_info=&#8221;{}&#8221;][et_pb_heading title=&#8221;\u00daltimas publicaciones&#8221; module_id=&#8221;publica&#8221; _builder_version=&#8221;4.25.0&#8243; _module_preset=&#8221;default&#8221; custom_margin=&#8221;0px|||0px|false|false&#8221; custom_padding=&#8221;3px|||8px|false|false&#8221; border_width_left=&#8221;6px&#8221; border_color_left=&#8221;#34609B&#8221; global_colors_info=&#8221;{}&#8221;][\/et_pb_heading][\/et_pb_column][\/et_pb_row][et_pb_row _builder_version=&#8221;4.25.0&#8243; _module_preset=&#8221;default&#8221; global_colors_info=&#8221;{}&#8221;][et_pb_column type=&#8221;4_4&#8243; _builder_version=&#8221;4.25.0&#8243; _module_preset=&#8221;default&#8221; global_colors_info=&#8221;{}&#8221;][et_pb_code _builder_version=&#8221;4.27.6&#8243; _module_preset=&#8221;default&#8221; global_colors_info=&#8221;{}&#8221;]<\/p>\n<div data-type=\"items\" data-id=\"1\" data-query=\"e3NvbG9QdWJsaWNhY2lvbmVzQ3NpYzpmYWxzZSx0aXBvbG9naWFzTm9ybWFsaXphZGFzOnRydWUsdGlwb2xvZ2lhc0FydGljdWxvOnRydWUsdGlwb2xvZ2lhc0FydGljdWxvRGVSZXZpc2lvbjp0cnVlLHRpcG9sb2dpYXNDYXBpdHVsb0RlTGlicm86dHJ1ZSx0aXBvbG9naWFzQ2FydGE6dHJ1ZSx0aXBvbG9naWFzTGlicm86dHJ1ZSxvY3VsdGFyRHVwbGljYWRvczp0cnVlLGZ1ZW50ZUZpbHRybzowLGNyaXRlcmlvc0F1dG9yQWZpbDpbImF1dG9yKDE0MTE4NCkiXX0=\" data-fields=\"year;titulo_doi;enlaces_aa;ndoctype;source_norm;cites;authors;publisher\" data-author-max-length=\"500\">Cargando publicaciones&#8230;<\/div>\n<p><!-- [et_pb_line_break_holder] --><script type=\"text\/javascript\" src=\"https:\/\/gesbib.urici.csic.es\/badge\/csi.min.js\"><\/script>[\/et_pb_code][\/et_pb_column][\/et_pb_row][\/et_pb_section][et_pb_section fb_built=&#8221;1&#8243; _builder_version=&#8221;4.23.4&#8243; _module_preset=&#8221;default&#8221; background_color=&#8221;#34609B&#8221; da_disable_devices=&#8221;off|off|off&#8221; global_colors_info=&#8221;{}&#8221; da_is_popup=&#8221;off&#8221; da_exit_intent=&#8221;off&#8221; da_has_close=&#8221;on&#8221; da_alt_close=&#8221;off&#8221; da_dark_close=&#8221;off&#8221; da_not_modal=&#8221;on&#8221; da_is_singular=&#8221;off&#8221; da_with_loader=&#8221;off&#8221; da_has_shadow=&#8221;on&#8221;][et_pb_row _builder_version=&#8221;4.23.4&#8243; _module_preset=&#8221;default&#8221; global_colors_info=&#8221;{}&#8221;][et_pb_column type=&#8221;4_4&#8243; _builder_version=&#8221;4.23.4&#8243; _module_preset=&#8221;default&#8221; global_colors_info=&#8221;{}&#8221;][et_pb_heading title=&#8221;Programas cient\u00edficos&#8221; _builder_version=&#8221;4.25.0&#8243; _module_preset=&#8221;default&#8221; title_text_color=&#8221;#FFFFFF&#8221; title_font_size=&#8221;26px&#8221; global_colors_info=&#8221;{}&#8221;][\/et_pb_heading][\/et_pb_column][\/et_pb_row][et_pb_row column_structure=&#8221;1_4,1_4,1_4,1_4&#8243; use_custom_gutter=&#8221;on&#8221; gutter_width=&#8221;2&#8243; _builder_version=&#8221;4.25.0&#8243; _module_preset=&#8221;default&#8221; custom_margin=&#8221;||||false|false&#8221; custom_padding=&#8221;0px|0px|0px|0px|false|true&#8221; global_colors_info=&#8221;{}&#8221;][et_pb_column type=&#8221;1_4&#8243; _builder_version=&#8221;4.23.4&#8243; _module_preset=&#8221;default&#8221; global_colors_info=&#8221;{}&#8221;][et_pb_image src=&#8221;https:\/\/www.cbm.uam.es\/wp-content\/uploads\/2024\/05\/areas_proyects1_sf.png&#8221; title_text=&#8221;areas_proyects1_sf&#8221; url=&#8221;https:\/\/www.cbm.uam.es\/index.php\/programas-cientificos\/dinamica-y-funcion-del-genoma\/?lang=es&#8221; _builder_version=&#8221;4.25.0&#8243; _module_preset=&#8221;default&#8221; animation_style=&#8221;zoom&#8221; global_colors_info=&#8221;{}&#8221;][\/et_pb_image][\/et_pb_column][et_pb_column type=&#8221;1_4&#8243; _builder_version=&#8221;4.23.4&#8243; _module_preset=&#8221;default&#8221; global_colors_info=&#8221;{}&#8221;][et_pb_image src=&#8221;https:\/\/www.cbm.uam.es\/wp-content\/uploads\/2024\/05\/areas_proyects2_sf.png&#8221; title_text=&#8221;areas_proyects2_sf&#8221; url=&#8221;https:\/\/www.cbm.uam.es\/index.php\/programas-cientificos\/homeostasis-de-tejidos-y-organos\/?lang=es&#8221; _builder_version=&#8221;4.25.0&#8243; _module_preset=&#8221;default&#8221; animation_style=&#8221;zoom&#8221; global_colors_info=&#8221;{}&#8221;][\/et_pb_image][\/et_pb_column][et_pb_column type=&#8221;1_4&#8243; _builder_version=&#8221;4.23.4&#8243; _module_preset=&#8221;default&#8221; global_colors_info=&#8221;{}&#8221;][et_pb_image src=&#8221;https:\/\/www.cbm.uam.es\/wp-content\/uploads\/2024\/05\/areas_proyects3_sf.png&#8221; title_text=&#8221;areas_proyects3_sf&#8221; url=&#8221;https:\/\/www.cbm.uam.es\/index.php\/programas-cientificos\/procesos-fisiologicos-y-patologicos\/?lang=es&#8221; _builder_version=&#8221;4.25.0&#8243; _module_preset=&#8221;default&#8221; animation_style=&#8221;zoom&#8221; global_colors_info=&#8221;{}&#8221;][\/et_pb_image][\/et_pb_column][et_pb_column type=&#8221;1_4&#8243; _builder_version=&#8221;4.23.4&#8243; _module_preset=&#8221;default&#8221; global_colors_info=&#8221;{}&#8221;][et_pb_image src=&#8221;https:\/\/www.cbm.uam.es\/wp-content\/uploads\/2024\/05\/areas_proyects4_sf.png&#8221; title_text=&#8221;areas_proyects4_sf&#8221; url=&#8221;https:\/\/www.cbm.uam.es\/index.php\/programas-cientificos\/interacciones-con-el-entorno\/?lang=es&#8221; _builder_version=&#8221;4.25.0&#8243; _module_preset=&#8221;default&#8221; animation_style=&#8221;zoom&#8221; global_colors_info=&#8221;{}&#8221;][\/et_pb_image][\/et_pb_column][\/et_pb_row][\/et_pb_section]<\/p>\n","protected":false},"excerpt":{"rendered":"<p>Programa Cient\u00edficoUNIDADES EN ESTE PROGRAMA Neuropatolog\u00eda molecular Redes metab\u00f3licas y se\u00f1alizadoras en la enfermedadORCIDInvestigamos los mecanismos moleculares que permiten la comunicaci\u00f3n entre neuronas. Para ello desarrollamos nuevas herramientas moleculares e [&hellip;]<\/p>\n","protected":false},"author":4,"featured_media":0,"parent":283169,"menu_order":0,"comment_status":"closed","ping_status":"closed","template":"","meta":{"_et_pb_use_builder":"on","_et_pb_old_content":"","_et_gb_content_width":"","footnotes":""},"class_list":["post-294447","page","type-page","status-publish","hentry"],"yoast_head":"<!-- This site is optimized with the Yoast SEO plugin v27.4 - https:\/\/yoast.com\/product\/yoast-seo-wordpress\/ -->\n<title>Control molecular de la neurotransmisi\u00f3n - Centro de Biolog\u00eda Molecular Severo Ochoa<\/title>\n<meta name=\"robots\" content=\"index, follow, max-snippet:-1, max-image-preview:large, max-video-preview:-1\" \/>\n<link rel=\"canonical\" href=\"https:\/\/www.cbm.uam.es\/index.php\/scientific-programs\/physiological-and-pathological-processes\/molecular-control-of-neurotransmission\/\" \/>\n<meta property=\"og:locale\" content=\"en_US\" \/>\n<meta property=\"og:type\" content=\"article\" \/>\n<meta property=\"og:title\" content=\"Control molecular de la neurotransmisi\u00f3n - Centro de Biolog\u00eda Molecular Severo Ochoa\" \/>\n<meta property=\"og:description\" content=\"Programa Cient\u00edficoUNIDADES EN ESTE PROGRAMA Neuropatolog\u00eda molecular Redes metab\u00f3licas y se\u00f1alizadoras en la enfermedadORCIDInvestigamos los mecanismos moleculares que permiten la comunicaci\u00f3n entre neuronas. Para ello desarrollamos nuevas herramientas moleculares e [&hellip;]\" \/>\n<meta property=\"og:url\" content=\"https:\/\/www.cbm.uam.es\/index.php\/scientific-programs\/physiological-and-pathological-processes\/molecular-control-of-neurotransmission\/\" \/>\n<meta property=\"og:site_name\" content=\"Centro de Biolog\u00eda Molecular Severo Ochoa\" \/>\n<meta property=\"article:modified_time\" content=\"2026-04-14T08:12:36+00:00\" \/>\n<meta name=\"twitter:card\" content=\"summary_large_image\" \/>\n<meta name=\"twitter:label1\" content=\"Est. reading time\" \/>\n\t<meta name=\"twitter:data1\" content=\"18 minutes\" \/>\n<script type=\"application\/ld+json\" class=\"yoast-schema-graph\">{\"@context\":\"https:\\\/\\\/schema.org\",\"@graph\":[{\"@type\":\"WebPage\",\"@id\":\"https:\\\/\\\/www.cbm.uam.es\\\/index.php\\\/scientific-programs\\\/physiological-and-pathological-processes\\\/molecular-control-of-neurotransmission\\\/\",\"url\":\"https:\\\/\\\/www.cbm.uam.es\\\/index.php\\\/scientific-programs\\\/physiological-and-pathological-processes\\\/molecular-control-of-neurotransmission\\\/\",\"name\":\"Control molecular de la neurotransmisi\u00f3n - Centro de Biolog\u00eda Molecular Severo Ochoa\",\"isPartOf\":{\"@id\":\"https:\\\/\\\/www.cbm.uam.es\\\/?lang=es\\\/#website\"},\"datePublished\":\"2026-04-09T07:52:21+00:00\",\"dateModified\":\"2026-04-14T08:12:36+00:00\",\"breadcrumb\":{\"@id\":\"https:\\\/\\\/www.cbm.uam.es\\\/index.php\\\/scientific-programs\\\/physiological-and-pathological-processes\\\/molecular-control-of-neurotransmission\\\/#breadcrumb\"},\"inLanguage\":\"en-US\",\"potentialAction\":[{\"@type\":\"ReadAction\",\"target\":[\"https:\\\/\\\/www.cbm.uam.es\\\/index.php\\\/scientific-programs\\\/physiological-and-pathological-processes\\\/molecular-control-of-neurotransmission\\\/\"]}]},{\"@type\":\"BreadcrumbList\",\"@id\":\"https:\\\/\\\/www.cbm.uam.es\\\/index.php\\\/scientific-programs\\\/physiological-and-pathological-processes\\\/molecular-control-of-neurotransmission\\\/#breadcrumb\",\"itemListElement\":[{\"@type\":\"ListItem\",\"position\":1,\"name\":\"Portada\",\"item\":\"https:\\\/\\\/www.cbm.uam.es\\\/\"},{\"@type\":\"ListItem\",\"position\":2,\"name\":\"Programas Cient\u00edficos\",\"item\":\"https:\\\/\\\/www.cbm.uam.es\\\/index.php\\\/programas-cientificos\\\/?lang=es\"},{\"@type\":\"ListItem\",\"position\":3,\"name\":\"Procesos fisiol\u00f3gicos y patol\u00f3gicos\",\"item\":\"https:\\\/\\\/www.cbm.uam.es\\\/index.php\\\/programas-cientificos\\\/procesos-fisiologicos-y-patologicos\\\/?lang=es\"},{\"@type\":\"ListItem\",\"position\":4,\"name\":\"Control molecular de la neurotransmisi\u00f3n\"}]},{\"@type\":\"WebSite\",\"@id\":\"https:\\\/\\\/www.cbm.uam.es\\\/?lang=es\\\/#website\",\"url\":\"https:\\\/\\\/www.cbm.uam.es\\\/?lang=es\\\/\",\"name\":\"Centro de Biolog\u00eda Molecular Severo Ochoa\",\"description\":\"Official website of the CBM, CSIC - UAM. Biomedical research centre.\",\"publisher\":{\"@id\":\"https:\\\/\\\/www.cbm.uam.es\\\/?lang=es\\\/#organization\"},\"potentialAction\":[{\"@type\":\"SearchAction\",\"target\":{\"@type\":\"EntryPoint\",\"urlTemplate\":\"https:\\\/\\\/www.cbm.uam.es\\\/?lang=es\\\/?s={search_term_string}\"},\"query-input\":{\"@type\":\"PropertyValueSpecification\",\"valueRequired\":true,\"valueName\":\"search_term_string\"}}],\"inLanguage\":\"en-US\"},{\"@type\":\"Organization\",\"@id\":\"https:\\\/\\\/www.cbm.uam.es\\\/?lang=es\\\/#organization\",\"name\":\"Centro de Biolog\u00eda Molecular Severo Ochoa\",\"url\":\"https:\\\/\\\/www.cbm.uam.es\\\/?lang=es\\\/\",\"logo\":{\"@type\":\"ImageObject\",\"inLanguage\":\"en-US\",\"@id\":\"https:\\\/\\\/www.cbm.uam.es\\\/?lang=es\\\/#\\\/schema\\\/logo\\\/image\\\/\",\"url\":\"https:\\\/\\\/www.cbm.uam.es\\\/wp-content\\\/uploads\\\/2024\\\/11\\\/Logo-CBM-color-fondo-transparente.png\",\"contentUrl\":\"https:\\\/\\\/www.cbm.uam.es\\\/wp-content\\\/uploads\\\/2024\\\/11\\\/Logo-CBM-color-fondo-transparente.png\",\"width\":800,\"height\":342,\"caption\":\"Centro de Biolog\u00eda Molecular Severo Ochoa\"},\"image\":{\"@id\":\"https:\\\/\\\/www.cbm.uam.es\\\/?lang=es\\\/#\\\/schema\\\/logo\\\/image\\\/\"}}]}<\/script>\n<!-- \/ Yoast SEO plugin. -->","yoast_head_json":{"title":"Control molecular de la neurotransmisi\u00f3n - Centro de Biolog\u00eda Molecular Severo Ochoa","robots":{"index":"index","follow":"follow","max-snippet":"max-snippet:-1","max-image-preview":"max-image-preview:large","max-video-preview":"max-video-preview:-1"},"canonical":"https:\/\/www.cbm.uam.es\/index.php\/scientific-programs\/physiological-and-pathological-processes\/molecular-control-of-neurotransmission\/","og_locale":"en_US","og_type":"article","og_title":"Control molecular de la neurotransmisi\u00f3n - Centro de Biolog\u00eda Molecular Severo Ochoa","og_description":"Programa Cient\u00edficoUNIDADES EN ESTE PROGRAMA Neuropatolog\u00eda molecular Redes metab\u00f3licas y se\u00f1alizadoras en la enfermedadORCIDInvestigamos los mecanismos moleculares que permiten la comunicaci\u00f3n entre neuronas. Para ello desarrollamos nuevas herramientas moleculares e [&hellip;]","og_url":"https:\/\/www.cbm.uam.es\/index.php\/scientific-programs\/physiological-and-pathological-processes\/molecular-control-of-neurotransmission\/","og_site_name":"Centro de Biolog\u00eda Molecular Severo Ochoa","article_modified_time":"2026-04-14T08:12:36+00:00","twitter_card":"summary_large_image","twitter_misc":{"Est. reading time":"18 minutes"},"schema":{"@context":"https:\/\/schema.org","@graph":[{"@type":"WebPage","@id":"https:\/\/www.cbm.uam.es\/index.php\/scientific-programs\/physiological-and-pathological-processes\/molecular-control-of-neurotransmission\/","url":"https:\/\/www.cbm.uam.es\/index.php\/scientific-programs\/physiological-and-pathological-processes\/molecular-control-of-neurotransmission\/","name":"Control molecular de la neurotransmisi\u00f3n - Centro de Biolog\u00eda Molecular Severo Ochoa","isPartOf":{"@id":"https:\/\/www.cbm.uam.es\/?lang=es\/#website"},"datePublished":"2026-04-09T07:52:21+00:00","dateModified":"2026-04-14T08:12:36+00:00","breadcrumb":{"@id":"https:\/\/www.cbm.uam.es\/index.php\/scientific-programs\/physiological-and-pathological-processes\/molecular-control-of-neurotransmission\/#breadcrumb"},"inLanguage":"en-US","potentialAction":[{"@type":"ReadAction","target":["https:\/\/www.cbm.uam.es\/index.php\/scientific-programs\/physiological-and-pathological-processes\/molecular-control-of-neurotransmission\/"]}]},{"@type":"BreadcrumbList","@id":"https:\/\/www.cbm.uam.es\/index.php\/scientific-programs\/physiological-and-pathological-processes\/molecular-control-of-neurotransmission\/#breadcrumb","itemListElement":[{"@type":"ListItem","position":1,"name":"Portada","item":"https:\/\/www.cbm.uam.es\/"},{"@type":"ListItem","position":2,"name":"Programas Cient\u00edficos","item":"https:\/\/www.cbm.uam.es\/index.php\/programas-cientificos\/?lang=es"},{"@type":"ListItem","position":3,"name":"Procesos fisiol\u00f3gicos y patol\u00f3gicos","item":"https:\/\/www.cbm.uam.es\/index.php\/programas-cientificos\/procesos-fisiologicos-y-patologicos\/?lang=es"},{"@type":"ListItem","position":4,"name":"Control molecular de la neurotransmisi\u00f3n"}]},{"@type":"WebSite","@id":"https:\/\/www.cbm.uam.es\/?lang=es\/#website","url":"https:\/\/www.cbm.uam.es\/?lang=es\/","name":"Centro de Biolog\u00eda Molecular Severo Ochoa","description":"Official website of the CBM, CSIC - UAM. Biomedical research centre.","publisher":{"@id":"https:\/\/www.cbm.uam.es\/?lang=es\/#organization"},"potentialAction":[{"@type":"SearchAction","target":{"@type":"EntryPoint","urlTemplate":"https:\/\/www.cbm.uam.es\/?lang=es\/?s={search_term_string}"},"query-input":{"@type":"PropertyValueSpecification","valueRequired":true,"valueName":"search_term_string"}}],"inLanguage":"en-US"},{"@type":"Organization","@id":"https:\/\/www.cbm.uam.es\/?lang=es\/#organization","name":"Centro de Biolog\u00eda Molecular Severo Ochoa","url":"https:\/\/www.cbm.uam.es\/?lang=es\/","logo":{"@type":"ImageObject","inLanguage":"en-US","@id":"https:\/\/www.cbm.uam.es\/?lang=es\/#\/schema\/logo\/image\/","url":"https:\/\/www.cbm.uam.es\/wp-content\/uploads\/2024\/11\/Logo-CBM-color-fondo-transparente.png","contentUrl":"https:\/\/www.cbm.uam.es\/wp-content\/uploads\/2024\/11\/Logo-CBM-color-fondo-transparente.png","width":800,"height":342,"caption":"Centro de Biolog\u00eda Molecular Severo Ochoa"},"image":{"@id":"https:\/\/www.cbm.uam.es\/?lang=es\/#\/schema\/logo\/image\/"}}]}},"_links":{"self":[{"href":"https:\/\/www.cbm.uam.es\/index.php\/wp-json\/wp\/v2\/pages\/294447","targetHints":{"allow":["GET"]}}],"collection":[{"href":"https:\/\/www.cbm.uam.es\/index.php\/wp-json\/wp\/v2\/pages"}],"about":[{"href":"https:\/\/www.cbm.uam.es\/index.php\/wp-json\/wp\/v2\/types\/page"}],"author":[{"embeddable":true,"href":"https:\/\/www.cbm.uam.es\/index.php\/wp-json\/wp\/v2\/users\/4"}],"replies":[{"embeddable":true,"href":"https:\/\/www.cbm.uam.es\/index.php\/wp-json\/wp\/v2\/comments?post=294447"}],"version-history":[{"count":5,"href":"https:\/\/www.cbm.uam.es\/index.php\/wp-json\/wp\/v2\/pages\/294447\/revisions"}],"predecessor-version":[{"id":294493,"href":"https:\/\/www.cbm.uam.es\/index.php\/wp-json\/wp\/v2\/pages\/294447\/revisions\/294493"}],"up":[{"embeddable":true,"href":"https:\/\/www.cbm.uam.es\/index.php\/wp-json\/wp\/v2\/pages\/283169"}],"wp:attachment":[{"href":"https:\/\/www.cbm.uam.es\/index.php\/wp-json\/wp\/v2\/media?parent=294447"}],"curies":[{"name":"wp","href":"https:\/\/api.w.org\/{rel}","templated":true}]}}