{"id":290757,"date":"2025-06-11T11:48:01","date_gmt":"2025-06-11T09:48:01","guid":{"rendered":"https:\/\/www.cbm.uam.es\/?post_type=tribe_events&#038;p=290757"},"modified":"2025-06-11T11:48:01","modified_gmt":"2025-06-11T09:48:01","slug":"oxidacion-anaerobia-de-hierro-por-microorganismos-aislados-del-subsuelo-profundo-de-la-faja-piritica-iberica","status":"publish","type":"tribe_events","link":"https:\/\/www.cbm.uam.es\/index.php\/events\/oxidacion-anaerobia-de-hierro-por-microorganismos-aislados-del-subsuelo-profundo-de-la-faja-piritica-iberica\/","title":{"rendered":"Oxidaci\u00f3n anaerobia de hierro por microorganismos aislados del subsuelo profundo de la Faja Pir\u00edtica Ib\u00e9rica"},"content":{"rendered":"","protected":false},"excerpt":{"rendered":"<p>Doctoral Thesis Defense<\/p>\n","protected":false},"author":10,"featured_media":282902,"template":"","meta":{"_et_pb_use_builder":"","_et_pb_old_content":"","_et_gb_content_width":"","_tribe_events_status":"","_tribe_events_status_reason":"","footnotes":""},"tags":[],"tribe_events_cat":[32],"class_list":["post-290757","tribe_events","type-tribe_events","status-publish","has-post-thumbnail","hentry","tribe_events_cat-thesis","cat_thesis"],"yoast_head":"<!-- This site is optimized with the Yoast SEO plugin v27.4 - https:\/\/yoast.com\/product\/yoast-seo-wordpress\/ -->\n<title>Oxidaci\u00f3n anaerobia de hierro por microorganismos aislados del subsuelo profundo de la Faja Pir\u00edtica Ib\u00e9rica - Centro de Biolog\u00eda Molecular Severo Ochoa<\/title>\n<meta name=\"robots\" content=\"index, follow, max-snippet:-1, max-image-preview:large, max-video-preview:-1\" \/>\n<link rel=\"canonical\" href=\"https:\/\/www.cbm.uam.es\/index.php\/events\/oxidacion-anaerobia-de-hierro-por-microorganismos-aislados-del-subsuelo-profundo-de-la-faja-piritica-iberica\/\" \/>\n<meta property=\"og:locale\" content=\"en_US\" \/>\n<meta property=\"og:type\" content=\"article\" \/>\n<meta property=\"og:title\" content=\"Oxidaci\u00f3n anaerobia de hierro por microorganismos aislados del subsuelo profundo de la Faja Pir\u00edtica Ib\u00e9rica - Centro de Biolog\u00eda Molecular Severo Ochoa\" \/>\n<meta property=\"og:description\" content=\"Doctoral Thesis Defense\" \/>\n<meta property=\"og:url\" content=\"https:\/\/www.cbm.uam.es\/index.php\/events\/oxidacion-anaerobia-de-hierro-por-microorganismos-aislados-del-subsuelo-profundo-de-la-faja-piritica-iberica\/\" \/>\n<meta property=\"og:site_name\" content=\"Centro de Biolog\u00eda Molecular Severo Ochoa\" \/>\n<meta property=\"og:image\" content=\"https:\/\/www.cbm.uam.es\/wp-content\/uploads\/2024\/07\/DOCTORAL-THESIS-DEFENSE-CARTEL.png\" \/>\n\t<meta property=\"og:image:width\" content=\"1920\" \/>\n\t<meta property=\"og:image:height\" content=\"1080\" \/>\n\t<meta property=\"og:image:type\" content=\"image\/png\" \/>\n<meta name=\"twitter:card\" content=\"summary_large_image\" \/>\n<meta name=\"twitter:label1\" content=\"Est. reading time\" \/>\n\t<meta name=\"twitter:data1\" content=\"1 minute\" \/>\n<script type=\"application\/ld+json\" class=\"yoast-schema-graph\">{\"@context\":\"https:\\\/\\\/schema.org\",\"@graph\":[{\"@type\":\"WebPage\",\"@id\":\"https:\\\/\\\/www.cbm.uam.es\\\/index.php\\\/events\\\/oxidacion-anaerobia-de-hierro-por-microorganismos-aislados-del-subsuelo-profundo-de-la-faja-piritica-iberica\\\/\",\"url\":\"https:\\\/\\\/www.cbm.uam.es\\\/index.php\\\/events\\\/oxidacion-anaerobia-de-hierro-por-microorganismos-aislados-del-subsuelo-profundo-de-la-faja-piritica-iberica\\\/\",\"name\":\"Oxidaci\u00f3n anaerobia de hierro por microorganismos aislados del subsuelo profundo de la Faja Pir\u00edtica Ib\u00e9rica - Centro de Biolog\u00eda Molecular Severo Ochoa\",\"isPartOf\":{\"@id\":\"https:\\\/\\\/www.cbm.uam.es\\\/?lang=es\\\/#website\"},\"primaryImageOfPage\":{\"@id\":\"https:\\\/\\\/www.cbm.uam.es\\\/index.php\\\/events\\\/oxidacion-anaerobia-de-hierro-por-microorganismos-aislados-del-subsuelo-profundo-de-la-faja-piritica-iberica\\\/#primaryimage\"},\"image\":{\"@id\":\"https:\\\/\\\/www.cbm.uam.es\\\/index.php\\\/events\\\/oxidacion-anaerobia-de-hierro-por-microorganismos-aislados-del-subsuelo-profundo-de-la-faja-piritica-iberica\\\/#primaryimage\"},\"thumbnailUrl\":\"https:\\\/\\\/www.cbm.uam.es\\\/wp-content\\\/uploads\\\/2024\\\/07\\\/DOCTORAL-THESIS-DEFENSE-CARTEL.png\",\"datePublished\":\"2025-06-11T09:48:01+00:00\",\"breadcrumb\":{\"@id\":\"https:\\\/\\\/www.cbm.uam.es\\\/index.php\\\/events\\\/oxidacion-anaerobia-de-hierro-por-microorganismos-aislados-del-subsuelo-profundo-de-la-faja-piritica-iberica\\\/#breadcrumb\"},\"inLanguage\":\"en-US\",\"potentialAction\":[{\"@type\":\"ReadAction\",\"target\":[\"https:\\\/\\\/www.cbm.uam.es\\\/index.php\\\/events\\\/oxidacion-anaerobia-de-hierro-por-microorganismos-aislados-del-subsuelo-profundo-de-la-faja-piritica-iberica\\\/\"]}]},{\"@type\":\"ImageObject\",\"inLanguage\":\"en-US\",\"@id\":\"https:\\\/\\\/www.cbm.uam.es\\\/index.php\\\/events\\\/oxidacion-anaerobia-de-hierro-por-microorganismos-aislados-del-subsuelo-profundo-de-la-faja-piritica-iberica\\\/#primaryimage\",\"url\":\"https:\\\/\\\/www.cbm.uam.es\\\/wp-content\\\/uploads\\\/2024\\\/07\\\/DOCTORAL-THESIS-DEFENSE-CARTEL.png\",\"contentUrl\":\"https:\\\/\\\/www.cbm.uam.es\\\/wp-content\\\/uploads\\\/2024\\\/07\\\/DOCTORAL-THESIS-DEFENSE-CARTEL.png\",\"width\":1920,\"height\":1080},{\"@type\":\"BreadcrumbList\",\"@id\":\"https:\\\/\\\/www.cbm.uam.es\\\/index.php\\\/events\\\/oxidacion-anaerobia-de-hierro-por-microorganismos-aislados-del-subsuelo-profundo-de-la-faja-piritica-iberica\\\/#breadcrumb\",\"itemListElement\":[{\"@type\":\"ListItem\",\"position\":1,\"name\":\"Portada\",\"item\":\"https:\\\/\\\/www.cbm.uam.es\\\/\"},{\"@type\":\"ListItem\",\"position\":2,\"name\":\"Events\",\"item\":\"https:\\\/\\\/www.cbm.uam.es\\\/index.php\\\/events\\\/\"},{\"@type\":\"ListItem\",\"position\":3,\"name\":\"Oxidaci\u00f3n anaerobia de hierro por microorganismos aislados del subsuelo profundo de la Faja Pir\u00edtica Ib\u00e9rica\"}]},{\"@type\":\"WebSite\",\"@id\":\"https:\\\/\\\/www.cbm.uam.es\\\/?lang=es\\\/#website\",\"url\":\"https:\\\/\\\/www.cbm.uam.es\\\/?lang=es\\\/\",\"name\":\"Centro de Biolog\u00eda Molecular Severo Ochoa\",\"description\":\"Official website of the CBM, CSIC - UAM. Biomedical research centre.\",\"publisher\":{\"@id\":\"https:\\\/\\\/www.cbm.uam.es\\\/?lang=es\\\/#organization\"},\"potentialAction\":[{\"@type\":\"SearchAction\",\"target\":{\"@type\":\"EntryPoint\",\"urlTemplate\":\"https:\\\/\\\/www.cbm.uam.es\\\/?lang=es\\\/?s={search_term_string}\"},\"query-input\":{\"@type\":\"PropertyValueSpecification\",\"valueRequired\":true,\"valueName\":\"search_term_string\"}}],\"inLanguage\":\"en-US\"},{\"@type\":\"Organization\",\"@id\":\"https:\\\/\\\/www.cbm.uam.es\\\/?lang=es\\\/#organization\",\"name\":\"Centro de Biolog\u00eda Molecular Severo Ochoa\",\"url\":\"https:\\\/\\\/www.cbm.uam.es\\\/?lang=es\\\/\",\"logo\":{\"@type\":\"ImageObject\",\"inLanguage\":\"en-US\",\"@id\":\"https:\\\/\\\/www.cbm.uam.es\\\/?lang=es\\\/#\\\/schema\\\/logo\\\/image\\\/\",\"url\":\"https:\\\/\\\/www.cbm.uam.es\\\/wp-content\\\/uploads\\\/2024\\\/11\\\/Logo-CBM-color-fondo-transparente.png\",\"contentUrl\":\"https:\\\/\\\/www.cbm.uam.es\\\/wp-content\\\/uploads\\\/2024\\\/11\\\/Logo-CBM-color-fondo-transparente.png\",\"width\":800,\"height\":342,\"caption\":\"Centro de Biolog\u00eda Molecular Severo Ochoa\"},\"image\":{\"@id\":\"https:\\\/\\\/www.cbm.uam.es\\\/?lang=es\\\/#\\\/schema\\\/logo\\\/image\\\/\"}}]}<\/script>\n<!-- \/ Yoast SEO plugin. -->","yoast_head_json":{"title":"Oxidaci\u00f3n anaerobia de hierro por microorganismos aislados del subsuelo profundo de la Faja Pir\u00edtica Ib\u00e9rica - Centro de Biolog\u00eda Molecular Severo Ochoa","robots":{"index":"index","follow":"follow","max-snippet":"max-snippet:-1","max-image-preview":"max-image-preview:large","max-video-preview":"max-video-preview:-1"},"canonical":"https:\/\/www.cbm.uam.es\/index.php\/events\/oxidacion-anaerobia-de-hierro-por-microorganismos-aislados-del-subsuelo-profundo-de-la-faja-piritica-iberica\/","og_locale":"en_US","og_type":"article","og_title":"Oxidaci\u00f3n anaerobia de hierro por microorganismos aislados del subsuelo profundo de la Faja Pir\u00edtica Ib\u00e9rica - Centro de Biolog\u00eda Molecular Severo Ochoa","og_description":"Doctoral Thesis Defense","og_url":"https:\/\/www.cbm.uam.es\/index.php\/events\/oxidacion-anaerobia-de-hierro-por-microorganismos-aislados-del-subsuelo-profundo-de-la-faja-piritica-iberica\/","og_site_name":"Centro de Biolog\u00eda Molecular Severo Ochoa","og_image":[{"width":1920,"height":1080,"url":"https:\/\/www.cbm.uam.es\/wp-content\/uploads\/2024\/07\/DOCTORAL-THESIS-DEFENSE-CARTEL.png","type":"image\/png"}],"twitter_card":"summary_large_image","twitter_misc":{"Est. reading time":"1 minute"},"schema":{"@context":"https:\/\/schema.org","@graph":[{"@type":"WebPage","@id":"https:\/\/www.cbm.uam.es\/index.php\/events\/oxidacion-anaerobia-de-hierro-por-microorganismos-aislados-del-subsuelo-profundo-de-la-faja-piritica-iberica\/","url":"https:\/\/www.cbm.uam.es\/index.php\/events\/oxidacion-anaerobia-de-hierro-por-microorganismos-aislados-del-subsuelo-profundo-de-la-faja-piritica-iberica\/","name":"Oxidaci\u00f3n anaerobia de hierro por microorganismos aislados del subsuelo profundo de la Faja Pir\u00edtica Ib\u00e9rica - Centro de Biolog\u00eda Molecular Severo Ochoa","isPartOf":{"@id":"https:\/\/www.cbm.uam.es\/?lang=es\/#website"},"primaryImageOfPage":{"@id":"https:\/\/www.cbm.uam.es\/index.php\/events\/oxidacion-anaerobia-de-hierro-por-microorganismos-aislados-del-subsuelo-profundo-de-la-faja-piritica-iberica\/#primaryimage"},"image":{"@id":"https:\/\/www.cbm.uam.es\/index.php\/events\/oxidacion-anaerobia-de-hierro-por-microorganismos-aislados-del-subsuelo-profundo-de-la-faja-piritica-iberica\/#primaryimage"},"thumbnailUrl":"https:\/\/www.cbm.uam.es\/wp-content\/uploads\/2024\/07\/DOCTORAL-THESIS-DEFENSE-CARTEL.png","datePublished":"2025-06-11T09:48:01+00:00","breadcrumb":{"@id":"https:\/\/www.cbm.uam.es\/index.php\/events\/oxidacion-anaerobia-de-hierro-por-microorganismos-aislados-del-subsuelo-profundo-de-la-faja-piritica-iberica\/#breadcrumb"},"inLanguage":"en-US","potentialAction":[{"@type":"ReadAction","target":["https:\/\/www.cbm.uam.es\/index.php\/events\/oxidacion-anaerobia-de-hierro-por-microorganismos-aislados-del-subsuelo-profundo-de-la-faja-piritica-iberica\/"]}]},{"@type":"ImageObject","inLanguage":"en-US","@id":"https:\/\/www.cbm.uam.es\/index.php\/events\/oxidacion-anaerobia-de-hierro-por-microorganismos-aislados-del-subsuelo-profundo-de-la-faja-piritica-iberica\/#primaryimage","url":"https:\/\/www.cbm.uam.es\/wp-content\/uploads\/2024\/07\/DOCTORAL-THESIS-DEFENSE-CARTEL.png","contentUrl":"https:\/\/www.cbm.uam.es\/wp-content\/uploads\/2024\/07\/DOCTORAL-THESIS-DEFENSE-CARTEL.png","width":1920,"height":1080},{"@type":"BreadcrumbList","@id":"https:\/\/www.cbm.uam.es\/index.php\/events\/oxidacion-anaerobia-de-hierro-por-microorganismos-aislados-del-subsuelo-profundo-de-la-faja-piritica-iberica\/#breadcrumb","itemListElement":[{"@type":"ListItem","position":1,"name":"Portada","item":"https:\/\/www.cbm.uam.es\/"},{"@type":"ListItem","position":2,"name":"Events","item":"https:\/\/www.cbm.uam.es\/index.php\/events\/"},{"@type":"ListItem","position":3,"name":"Oxidaci\u00f3n anaerobia de hierro por microorganismos aislados del subsuelo profundo de la Faja Pir\u00edtica Ib\u00e9rica"}]},{"@type":"WebSite","@id":"https:\/\/www.cbm.uam.es\/?lang=es\/#website","url":"https:\/\/www.cbm.uam.es\/?lang=es\/","name":"Centro de Biolog\u00eda Molecular Severo Ochoa","description":"Official website of the CBM, CSIC - UAM. Biomedical research centre.","publisher":{"@id":"https:\/\/www.cbm.uam.es\/?lang=es\/#organization"},"potentialAction":[{"@type":"SearchAction","target":{"@type":"EntryPoint","urlTemplate":"https:\/\/www.cbm.uam.es\/?lang=es\/?s={search_term_string}"},"query-input":{"@type":"PropertyValueSpecification","valueRequired":true,"valueName":"search_term_string"}}],"inLanguage":"en-US"},{"@type":"Organization","@id":"https:\/\/www.cbm.uam.es\/?lang=es\/#organization","name":"Centro de Biolog\u00eda Molecular Severo Ochoa","url":"https:\/\/www.cbm.uam.es\/?lang=es\/","logo":{"@type":"ImageObject","inLanguage":"en-US","@id":"https:\/\/www.cbm.uam.es\/?lang=es\/#\/schema\/logo\/image\/","url":"https:\/\/www.cbm.uam.es\/wp-content\/uploads\/2024\/11\/Logo-CBM-color-fondo-transparente.png","contentUrl":"https:\/\/www.cbm.uam.es\/wp-content\/uploads\/2024\/11\/Logo-CBM-color-fondo-transparente.png","width":800,"height":342,"caption":"Centro de Biolog\u00eda Molecular Severo Ochoa"},"image":{"@id":"https:\/\/www.cbm.uam.es\/?lang=es\/#\/schema\/logo\/image\/"}}]}},"_links":{"self":[{"href":"https:\/\/www.cbm.uam.es\/index.php\/wp-json\/wp\/v2\/tribe_events\/290757","targetHints":{"allow":["GET"]}}],"collection":[{"href":"https:\/\/www.cbm.uam.es\/index.php\/wp-json\/wp\/v2\/tribe_events"}],"about":[{"href":"https:\/\/www.cbm.uam.es\/index.php\/wp-json\/wp\/v2\/types\/tribe_events"}],"author":[{"embeddable":true,"href":"https:\/\/www.cbm.uam.es\/index.php\/wp-json\/wp\/v2\/users\/10"}],"version-history":[{"count":0,"href":"https:\/\/www.cbm.uam.es\/index.php\/wp-json\/wp\/v2\/tribe_events\/290757\/revisions"}],"wp:featuredmedia":[{"embeddable":true,"href":"https:\/\/www.cbm.uam.es\/index.php\/wp-json\/wp\/v2\/media\/282902"}],"wp:attachment":[{"href":"https:\/\/www.cbm.uam.es\/index.php\/wp-json\/wp\/v2\/media?parent=290757"}],"wp:term":[{"taxonomy":"post_tag","embeddable":true,"href":"https:\/\/www.cbm.uam.es\/index.php\/wp-json\/wp\/v2\/tags?post=290757"},{"taxonomy":"tribe_events_cat","embeddable":true,"href":"https:\/\/www.cbm.uam.es\/index.php\/wp-json\/wp\/v2\/tribe_events_cat?post=290757"}],"curies":[{"name":"wp","href":"https:\/\/api.w.org\/{rel}","templated":true}]}}